{"id":1210,"date":"2022-04-18T13:11:49","date_gmt":"2022-04-18T13:11:49","guid":{"rendered":"https:\/\/integrativa.pt\/?page_id=1210"},"modified":"2026-02-06T10:56:38","modified_gmt":"2026-02-06T10:56:38","slug":"physiotherapy-specialising-in-the-temporo-mandibular-joint-atm","status":"publish","type":"page","link":"https:\/\/integrativa.pt\/en\/especialidades\/fisioterapia\/fisioterapia-especializada-na-articulacao-temporo-mandibular-atm\/","title":{"rendered":"Temporo-Mandibular Joint (TMJ) Specialized Physiotherapy"},"content":{"rendered":"<div class=\"wpb-content-wrapper\"><div data-vc-full-width=\"true\" data-vc-full-width-temp=\"true\" data-vc-full-width-init=\"false\" class=\"vc_row wpb_row vc_row-fluid vc_column-gap-25 vc_row-o-equal-height vc_row-o-content-top vc_row-flex\"><div class=\"wpb_column vc_column_container vc_col-sm-6 vc_hidden-xs\"><div class=\"vc_column-inner\"><div class=\"wpb_wrapper\"><div id=\"ultimate-heading-405269f522dd7bf56\" class=\"uvc-heading ult-adjust-bottom-margin ultimate-heading-405269f522dd7bf56 uvc-8434  uvc-heading-default-font-sizes\" data-hspacer=\"no_spacer\"  data-halign=\"left\" style=\"text-align:left\"><div class=\"uvc-heading-spacer no_spacer\" style=\"top\"><\/div><div class=\"uvc-main-heading ult-responsive\"  data-ultimate-target='.uvc-heading.ultimate-heading-405269f522dd7bf56 h1'  data-responsive-json-new='{\"font-size\":\"\",\"line-height\":\"\"}' ><h1 style=\"--font-weight:theme;color:#1b9193;\">Physiotherapy<\/h1><\/div><div class=\"uvc-sub-heading ult-responsive\"  data-ultimate-target='.uvc-heading.ultimate-heading-405269f522dd7bf56 .uvc-sub-heading '  data-responsive-json-new='{\"font-size\":\"\",\"line-height\":\"\"}'  style=\"font-weight:normal;\"><\/p>\n<h2>Specialized in temporo-mandibular joint (TMJ) and orofacial pain<\/h2>\n<p><\/div><\/div><div id=\"ultimate-heading-979669f522dd7bfe6\" class=\"uvc-heading ult-adjust-bottom-margin ultimate-heading-979669f522dd7bfe6 uvc-6222  uvc-heading-default-font-sizes\" data-hspacer=\"no_spacer\"  data-halign=\"center\" style=\"text-align:center\"><div class=\"uvc-heading-spacer no_spacer\" style=\"top\"><\/div><div class=\"uvc-sub-heading ult-responsive\"  data-ultimate-target='.uvc-heading.ultimate-heading-979669f522dd7bfe6 .uvc-sub-heading '  data-responsive-json-new='{\"font-size\":\"\",\"line-height\":\"\"}'  style=\"font-weight:normal;\"><\/p>\n<p style=\"text-align: left;\" data-start=\"124\" data-end=\"488\">The temporomandibular joint (TMJ) plays an important role in everyday functions such as chewing, speaking and expressing emotions. When there is temporomandibular dysfunction (TMD), symptoms such as jaw pain, muscle fatigue, clicking when opening or closing the mouth, limited movement and, in some cases, headaches, migraines or tinnitus may arise.<\/p>\n<p style=\"text-align: left;\" data-start=\"490\" data-end=\"719\">Physiotherapy's approach to TMD aims to support the recovery of mandibular movement and address symptoms such as pain or joint clicking, through specific techniques and therapeutic exercise tailored to each situation.<\/p>\n<p style=\"text-align: left;\">At Integrativa, the management of TMJ dysfunctions integrates Physiotherapy and Osteopathy, including Cranial Osteopathy, allowing for a more comprehensive approach to the relationship between the temporomandibular joint, the cervical spine, the muscular system, and the nervous system. While Osteopathy analyses and treats the structure because function depends on it, Physiotherapy analyses this same function and treats it through movement.<\/p>\n<p data-start=\"1099\" data-end=\"1337\">If you are experiencing discomfort in your temporomandibular joint (TMJ), jaw pain, or facial tension, you can book an appointment for a clinical evaluation. Each treatment is tailored to the individual's circumstances and, when necessary, coordinated with other healthcare services.<\/p>\n<p><\/div><\/div><div class=\"vc_btn3-container vc_btn3-left\" ><a onmouseleave=\"this.style.borderColor='#666666'; this.style.backgroundColor='transparent'; this.style.color='#666666'\" onmouseenter=\"this.style.borderColor='#1b9193'; this.style.backgroundColor='#1b9193'; this.style.color='#ffffff';\" style=\"border-color:#666666; color:#666666;\" class=\"vc_general vc_btn3 vc_btn3-size-xs vc_btn3-shape-round vc_btn3-style-outline-custom\" href=\"https:\/\/integrativa.pt\/en\/atm-blog\/\" title=\"David Brand\u00e3o\">Read more...<\/a><\/div><\/div><\/div><\/div><div class=\"wpb_column vc_column_container vc_col-sm-6 vc_hidden-xs\"><div class=\"vc_column-inner\"><div class=\"wpb_wrapper\">\n\t<div  class=\"wpb_single_image wpb_content_element vc_align_center  vc_custom_1760347673535\">\n\t\t\n\t\t<figure class=\"wpb_wrapper vc_figure\">\n\t\t\t<div class=\"vc_single_image-wrapper vc_box_rounded  vc_box_border_grey layzr-bg\"><img loading=\"lazy\" decoding=\"async\" width=\"1536\" height=\"1024\" src=\"data:image\/svg+xml;charset=utf-8,%3Csvg xmlns%3D'http%3A%2F%2Fwww.w3.org%2F2000%2Fsvg' viewBox%3D'0 0 1536 1024'%2F%3E\" data-src=\"https:\/\/integrativa.pt\/wp-content\/uploads\/2025\/10\/ATM-Fisioterapia-Osteopatia-Bruxismo-Osteopatia-Craniana-2.webp\" class=\"lazy-load vc_single_image-img attachment-full\" alt=\"\" title=\"TMJ Physiotherapy Osteopathy Bruxism Cranial Osteopathy\" data-srcset=\"https:\/\/integrativa.pt\/wp-content\/uploads\/2025\/10\/ATM-Fisioterapia-Osteopatia-Bruxismo-Osteopatia-Craniana-2.webp 1536w, https:\/\/integrativa.pt\/wp-content\/uploads\/2025\/10\/ATM-Fisioterapia-Osteopatia-Bruxismo-Osteopatia-Craniana-2-300x200.webp 300w, https:\/\/integrativa.pt\/wp-content\/uploads\/2025\/10\/ATM-Fisioterapia-Osteopatia-Bruxismo-Osteopatia-Craniana-2-1024x683.webp 1024w, https:\/\/integrativa.pt\/wp-content\/uploads\/2025\/10\/ATM-Fisioterapia-Osteopatia-Bruxismo-Osteopatia-Craniana-2-768x512.webp 768w\" sizes=\"auto, (max-width: 1536px) 100vw, 1536px\"  data-dt-location=\"https:\/\/integrativa.pt\/en\/especialidades\/osteopatia\/osteopatia-craniana\/atm-fisioterapia-osteopatia-bruxismo-osteopatia-craniana-4\/\" \/><\/div>\n\t\t<\/figure>\n\t<\/div>\n<div  class=\"vc_do_toggle vc_toggle vc_toggle_default vc_toggle_color_default  vc_toggle_size_md\"><div class=\"vc_toggle_title\"><h4>When does it make sense to assess the TMJ<\/h4><i class=\"vc_toggle_icon\"><\/i><\/div><div class=\"vc_toggle_content\"><p data-start=\"165\" data-end=\"258\">It may be useful to seek an assessment when persistent or recurring symptoms arise, such as:<\/p>\n<ul data-start=\"260\" data-end=\"882\">\n<li data-start=\"260\" data-end=\"323\">\n<p data-start=\"262\" data-end=\"323\">Long-lasting pain in the jaw, chin, face, ear, or head<\/p>\n<\/li>\n<li data-start=\"324\" data-end=\"372\">\n<p data-start=\"326\" data-end=\"372\">Feeling of fatigue in the jaw muscles<\/p>\n<\/li>\n<li data-start=\"373\" data-end=\"417\">\n<p data-start=\"375\" data-end=\"417\">Tenderness in the chewing muscles<\/p>\n<\/li>\n<li data-start=\"418\" data-end=\"467\">\n<p data-start=\"420\" data-end=\"467\">Clicking or popping sounds when opening or closing your mouth<\/p>\n<\/li>\n<li data-start=\"468\" data-end=\"507\">\n<p data-start=\"470\" data-end=\"507\">Restricted jaw movement<\/p>\n<\/li>\n<li data-start=\"508\" data-end=\"551\">\n<p data-start=\"510\" data-end=\"551\">Frequent headaches<\/p>\n<\/li>\n<li data-start=\"552\" data-end=\"601\">\n<p data-start=\"554\" data-end=\"601\">Otalgia (ear pain without associated infection)<\/p>\n<\/li>\n<li data-start=\"602\" data-end=\"627\">\n<p data-start=\"604\" data-end=\"627\">Dizziness or vertigo<\/p>\n<\/li>\n<li data-start=\"628\" data-end=\"695\">\n<p data-start=\"630\" data-end=\"695\">Difficulty opening your mouth or episodes of jaw locking<\/p>\n<\/li>\n<li data-start=\"696\" data-end=\"733\">\n<p data-start=\"698\" data-end=\"733\">Difficulty biting or chewing<\/p>\n<\/li>\n<li data-start=\"734\" data-end=\"760\">\n<p data-start=\"736\" data-end=\"760\">Sore throat when speaking or singing<\/p>\n<\/li>\n<li data-start=\"761\" data-end=\"824\">\n<p data-start=\"763\" data-end=\"824\">Postural changes associated with neck or facial tension<\/p>\n<\/li>\n<li data-start=\"825\" data-end=\"882\">\n<p data-start=\"827\" data-end=\"882\">Sleep disturbances related to jaw tension<\/p>\n<\/li>\n<\/ul>\n<p data-start=\"884\" data-end=\"1075\">These signs may indicate changes in the function of the temporomandibular joint or associated tissues, and individual assessment is important to understand the context of each case.<\/p>\n<\/div><\/div><div  class=\"vc_do_toggle vc_toggle vc_toggle_default vc_toggle_color_default  vc_toggle_size_md\"><div class=\"vc_toggle_title\"><h4>Why choose Integrativa?<\/h4><i class=\"vc_toggle_icon\"><\/i><\/div><div class=\"vc_toggle_content\"><p data-start=\"185\" data-end=\"508\">The management of temporomandibular joint (TMJ) dysfunctions and orofacial pain is carried out by physiotherapists with specific training in this area, integrated with Cranial Osteopathy. This combination allows for a more comprehensive approach to the temporomandibular joint and its relationship with the cervical spine, the muscular system, and the nervous system.<\/p>\n<p data-start=\"510\" data-end=\"729\">Each person is assessed individually, considering their current complaints, clinical history, and overall context. The support is adjusted over time, paying attention to each person's pace and needs.<\/p>\n<p data-start=\"731\" data-end=\"851\">The sessions take place in individual offices, in a peaceful environment, allowing for focused and personalised support.<\/p>\n<\/div><\/div><div class=\"vc_btn3-container vc_btn3-left vc_custom_1760991134135\" ><a onmouseleave=\"this.style.borderColor=&#039;#1B9193&#039;; this.style.backgroundColor=&#039;transparent&#039;; this.style.color=&#039;#1B9193&#039;\" onmouseenter=\"this.style.borderColor=&#039;#FFFFFF&#039;; this.style.backgroundColor=&#039;#FFFFFF&#039;; this.style.color=&#039;#233D7F&#039;;\" style=\"border-color:#1B9193; color:#1B9193;\" class=\"vc_general vc_btn3 vc_btn3-size-md vc_btn3-shape-round vc_btn3-style-outline-custom\" href=\"https:\/\/wa.me\/351965155769\" title=\"Booking\" target=\"_blank\" rel=\"noopener\">Book an Appointment<\/a><\/div><div class=\"hr-thin style-double hr-left\" style=\"width: 25%;border-color: #1b9193;border-top-width: 6px;\"><\/div>\n\t<div  class=\"wpb_single_image wpb_content_element vc_align_left  vc_custom_1717693231304\">\n\t\t\n\t\t<figure class=\"wpb_wrapper vc_figure\">\n\t\t\t<a href=\"https:\/\/integrativa.pt\/en\/osteopata-fisioterapeuta-david-brandao\/\" target=\"_self\" class=\"vc_single_image-wrapper   vc_box_border_grey rollover\"><img loading=\"lazy\" decoding=\"async\" width=\"150\" height=\"150\" src=\"https:\/\/integrativa.pt\/wp-content\/uploads\/2023\/11\/Osteopata-David-150x150.jpg\" class=\"vc_single_image-img attachment-thumbnail\" alt=\"\" title=\"Osteopath David\" srcset=\"https:\/\/integrativa.pt\/wp-content\/uploads\/2023\/11\/Osteopata-David-150x150.jpg 150w, https:\/\/integrativa.pt\/wp-content\/uploads\/2023\/11\/Osteopata-David-300x300.jpg 300w, https:\/\/integrativa.pt\/wp-content\/uploads\/2023\/11\/Osteopata-David.jpg 711w\" sizes=\"auto, (max-width: 150px) 100vw, 150px\"  data-dt-location=\"https:\/\/integrativa.pt\/en\/osteopata-david\/\" \/><\/a>\n\t\t<\/figure>\n\t<\/div>\n<div class=\"vc_separator wpb_content_element vc_separator_align_left vc_sep_width_100 vc_sep_pos_align_center vc_sep_color_grey wpb_content_element vc_separator-has-text\" ><span class=\"vc_sep_holder vc_sep_holder_l\"><span class=\"vc_sep_line\"><\/span><\/span><h4>David Brand\u00e3o \u2013 Osteopath and Physiotherapist<\/h4><span class=\"vc_sep_holder vc_sep_holder_r\"><span class=\"vc_sep_line\"><\/span><\/span>\n<\/div>\n\t<div class=\"wpb_text_column wpb_content_element  vc_custom_1770216276237\" >\n\t\t<div class=\"wpb_wrapper\">\n\t\t\t<h5><span style=\"color: #1b9193;\">Specialising in Cranial Osteopathy, TMJ and Orofacial Pain<\/span><\/h5>\n\n\t\t<\/div>\n\t<\/div>\n\n\t<div class=\"wpb_text_column wpb_content_element  vc_custom_1720349980849\" >\n\t\t<div class=\"wpb_wrapper\">\n\t\t\t<h6>Member of SPDOF - Portuguese Society of Temporomandibular Dysfunction and Orofacial Pain<\/h6>\n\n\t\t<\/div>\n\t<\/div>\n<div class=\"vc_btn3-container vc_btn3-left\" ><a onmouseleave=\"this.style.borderColor=&#039;#666666&#039;; this.style.backgroundColor=&#039;transparent&#039;; this.style.color=&#039;#666666&#039;\" onmouseenter=\"this.style.borderColor=&#039;#1b9193&#039;; this.style.backgroundColor=&#039;#1b9193&#039;; this.style.color=&#039;#ffffff&#039;;\" style=\"border-color:#666666; color:#666666;\" class=\"vc_general vc_btn3 vc_btn3-size-xs vc_btn3-shape-round vc_btn3-style-outline-custom\" href=\"https:\/\/integrativa.pt\/en\/osteopata-fisioterapeuta-david-brandao\/\" title=\"David Brand\u00e3o\">Learn more\u2026<\/a><\/div><\/div><\/div><\/div><\/div><div class=\"vc_row-full-width vc_clearfix\"><\/div><div data-vc-full-width=\"true\" data-vc-full-width-temp=\"true\" data-vc-full-width-init=\"false\" class=\"vc_row wpb_row vc_row-fluid vc_column-gap-25 vc_row-o-equal-height vc_row-o-content-top vc_row-flex\"><div class=\"wpb_column vc_column_container vc_col-sm-12 vc_hidden-lg vc_hidden-md vc_hidden-sm\"><div class=\"vc_column-inner\"><div class=\"wpb_wrapper\"><div id=\"ultimate-heading-345669f522dd83931\" class=\"uvc-heading ult-adjust-bottom-margin ultimate-heading-345669f522dd83931 uvc-7947\" data-hspacer=\"no_spacer\"  data-halign=\"left\" style=\"text-align:left\"><div class=\"uvc-heading-spacer no_spacer\" style=\"top\"><\/div><div class=\"uvc-main-heading ult-responsive\"  data-ultimate-target='.uvc-heading.ultimate-heading-345669f522dd83931 h1'  data-responsive-json-new='{\"font-size\":\"desktop:38px;\",\"line-height\":\"desktop:40px;\"}' ><h1 style=\"--font-weight:theme;color:#1b9193;\">Physiotherapy<\/h1><\/div><div class=\"uvc-sub-heading ult-responsive\"  data-ultimate-target='.uvc-heading.ultimate-heading-345669f522dd83931 .uvc-sub-heading '  data-responsive-json-new='{\"font-size\":\"desktop:15px;\",\"line-height\":\"\"}'  style=\"font-weight:normal;\"><\/p>\n<h2>Temporo-Mandibular Joint (TMJ) Specialized Physiotherapy<\/h2>\n<p><\/div><\/div>\n\t<div  class=\"wpb_single_image wpb_content_element vc_align_center  vc_custom_1760347645186\">\n\t\t\n\t\t<figure class=\"wpb_wrapper vc_figure\">\n\t\t\t<div class=\"vc_single_image-wrapper vc_box_rounded  vc_box_border_grey layzr-bg\"><img loading=\"lazy\" decoding=\"async\" width=\"1536\" height=\"1024\" src=\"data:image\/svg+xml;charset=utf-8,%3Csvg xmlns%3D'http%3A%2F%2Fwww.w3.org%2F2000%2Fsvg' viewBox%3D'0 0 1536 1024'%2F%3E\" data-src=\"https:\/\/integrativa.pt\/wp-content\/uploads\/2025\/10\/ATM-Fisioterapia-Osteopatia-Bruxismo-Osteopatia.jpg\" class=\"lazy-load vc_single_image-img attachment-full\" alt=\"\" title=\"TMJ Physiotherapy Osteopathy Bruxism Osteopathy\" data-srcset=\"https:\/\/integrativa.pt\/wp-content\/uploads\/2025\/10\/ATM-Fisioterapia-Osteopatia-Bruxismo-Osteopatia.jpg 1536w, https:\/\/integrativa.pt\/wp-content\/uploads\/2025\/10\/ATM-Fisioterapia-Osteopatia-Bruxismo-Osteopatia-300x200.jpg 300w, https:\/\/integrativa.pt\/wp-content\/uploads\/2025\/10\/ATM-Fisioterapia-Osteopatia-Bruxismo-Osteopatia-1024x683.jpg 1024w, https:\/\/integrativa.pt\/wp-content\/uploads\/2025\/10\/ATM-Fisioterapia-Osteopatia-Bruxismo-Osteopatia-768x512.jpg 768w\" sizes=\"auto, (max-width: 1536px) 100vw, 1536px\"  data-dt-location=\"https:\/\/integrativa.pt\/en\/especialidades\/osteopatia\/osteopatia-craniana\/atm-fisioterapia-osteopatia-bruxismo-osteopatia-2\/\" \/><\/div>\n\t\t<\/figure>\n\t<\/div>\n<div id=\"ultimate-heading-215569f522dd843c2\" class=\"uvc-heading ult-adjust-bottom-margin ultimate-heading-215569f522dd843c2 uvc-3279  uvc-heading-default-font-sizes\" data-hspacer=\"no_spacer\"  data-halign=\"center\" style=\"text-align:center\"><div class=\"uvc-heading-spacer no_spacer\" style=\"top\"><\/div><div class=\"uvc-sub-heading ult-responsive\"  data-ultimate-target='.uvc-heading.ultimate-heading-215569f522dd843c2 .uvc-sub-heading '  data-responsive-json-new='{\"font-size\":\"\",\"line-height\":\"\"}'  style=\"font-weight:normal;\"><\/p>\n<p data-start=\"124\" data-end=\"488\">The temporomandibular joint (TMJ) plays an important role in everyday functions such as chewing, speaking and expressing emotions. When there is temporomandibular dysfunction (TMD), symptoms such as jaw pain, muscle fatigue, clicking when opening or closing the mouth, limited movement and, in some cases, headaches, migraines or tinnitus may arise.<\/p>\n<p data-start=\"490\" data-end=\"719\">Physiotherapy's approach to TMD aims to support the recovery of mandibular movement and address symptoms such as pain or joint clicking, through specific techniques and therapeutic exercise tailored to each situation.<\/p>\n<p style=\"text-align: left;\">At Integrativa, the management of TMJ dysfunctions integrates Physiotherapy and Osteopathy, including Cranial Osteopathy, allowing for a more comprehensive approach to the relationship between the temporomandibular joint, the cervical spine, the muscular system, and the nervous system. While Osteopathy analyses and treats the structure because function depends on it, Physiotherapy analyses this same function and treats it through movement.<\/p>\n<p data-start=\"1099\" data-end=\"1337\">If you are experiencing discomfort in your temporomandibular joint (TMJ), jaw pain, or facial tension, you can book an appointment for a clinical evaluation. Each treatment is tailored to the individual's circumstances and, when necessary, coordinated with other healthcare services.<\/p>\n<p><\/div><\/div><div  class=\"vc_do_toggle vc_toggle vc_toggle_default vc_toggle_color_default  vc_toggle_size_md\"><div class=\"vc_toggle_title\"><h4>When does it make sense to assess the TMJ<\/h4><i class=\"vc_toggle_icon\"><\/i><\/div><div class=\"vc_toggle_content\"><p data-start=\"165\" data-end=\"258\">It may be useful to seek an assessment when persistent or recurring symptoms arise, such as:<\/p>\n<ul data-start=\"260\" data-end=\"882\">\n<li data-start=\"260\" data-end=\"323\">\n<p data-start=\"262\" data-end=\"323\">Long-lasting pain in the jaw, chin, face, ear, or head<\/p>\n<\/li>\n<li data-start=\"324\" data-end=\"372\">\n<p data-start=\"326\" data-end=\"372\">Feeling of fatigue in the jaw muscles<\/p>\n<\/li>\n<li data-start=\"373\" data-end=\"417\">\n<p data-start=\"375\" data-end=\"417\">Tenderness in the chewing muscles<\/p>\n<\/li>\n<li data-start=\"418\" data-end=\"467\">\n<p data-start=\"420\" data-end=\"467\">Clicking or popping sounds when opening or closing your mouth<\/p>\n<\/li>\n<li data-start=\"468\" data-end=\"507\">\n<p data-start=\"470\" data-end=\"507\">Restricted jaw movement<\/p>\n<\/li>\n<li data-start=\"508\" data-end=\"551\">\n<p data-start=\"510\" data-end=\"551\">Frequent headaches<\/p>\n<\/li>\n<li data-start=\"552\" data-end=\"601\">\n<p data-start=\"554\" data-end=\"601\">Otalgia (ear pain without associated infection)<\/p>\n<\/li>\n<li data-start=\"602\" data-end=\"627\">\n<p data-start=\"604\" data-end=\"627\">Dizziness or vertigo<\/p>\n<\/li>\n<li data-start=\"628\" data-end=\"695\">\n<p data-start=\"630\" data-end=\"695\">Difficulty opening your mouth or episodes of jaw locking<\/p>\n<\/li>\n<li data-start=\"696\" data-end=\"733\">\n<p data-start=\"698\" data-end=\"733\">Difficulty biting or chewing<\/p>\n<\/li>\n<li data-start=\"734\" data-end=\"760\">\n<p data-start=\"736\" data-end=\"760\">Sore throat when speaking or singing<\/p>\n<\/li>\n<li data-start=\"761\" data-end=\"824\">\n<p data-start=\"763\" data-end=\"824\">Postural changes associated with neck or facial tension<\/p>\n<\/li>\n<li data-start=\"825\" data-end=\"882\">\n<p data-start=\"827\" data-end=\"882\">Sleep disturbances related to jaw tension<\/p>\n<\/li>\n<\/ul>\n<p data-start=\"884\" data-end=\"1075\">These signs may indicate changes in the function of the temporomandibular joint or associated tissues, and individual assessment is important to understand the context of each case.<\/p>\n<\/div><\/div><div  class=\"vc_do_toggle vc_toggle vc_toggle_default vc_toggle_color_default  vc_toggle_size_md\"><div class=\"vc_toggle_title\"><h4>Why choose Integrativa?<\/h4><i class=\"vc_toggle_icon\"><\/i><\/div><div class=\"vc_toggle_content\"><p data-start=\"185\" data-end=\"508\">The management of temporomandibular joint (TMJ) dysfunctions and orofacial pain is carried out by physiotherapists with specific training in this area, integrated with Cranial Osteopathy. This combination allows for a more comprehensive approach to the temporomandibular joint and its relationship with the cervical spine, the muscular system, and the nervous system.<\/p>\n<p data-start=\"510\" data-end=\"729\">Each person is assessed individually, considering their current complaints, clinical history, and overall context. The support is adjusted over time, paying attention to each person's pace and needs.<\/p>\n<p data-start=\"731\" data-end=\"851\">The sessions take place in individual offices, in a peaceful environment, allowing for focused and personalised support.<\/p>\n<\/div><\/div><div class=\"hr-thin style-double hr-left\" style=\"width: 25%;border-color: #1b9193;border-top-width: 6px;\"><\/div>\n\t<div  class=\"wpb_single_image wpb_content_element vc_align_left  vc_custom_1717693231304\">\n\t\t\n\t\t<figure class=\"wpb_wrapper vc_figure\">\n\t\t\t<a href=\"https:\/\/integrativa.pt\/en\/osteopata-fisioterapeuta-david-brandao\/\" target=\"_self\" class=\"vc_single_image-wrapper   vc_box_border_grey rollover\"><img loading=\"lazy\" decoding=\"async\" width=\"150\" height=\"150\" src=\"https:\/\/integrativa.pt\/wp-content\/uploads\/2023\/11\/Osteopata-David-150x150.jpg\" class=\"vc_single_image-img attachment-thumbnail\" alt=\"\" title=\"Osteopath David\" srcset=\"https:\/\/integrativa.pt\/wp-content\/uploads\/2023\/11\/Osteopata-David-150x150.jpg 150w, https:\/\/integrativa.pt\/wp-content\/uploads\/2023\/11\/Osteopata-David-300x300.jpg 300w, https:\/\/integrativa.pt\/wp-content\/uploads\/2023\/11\/Osteopata-David.jpg 711w\" sizes=\"auto, (max-width: 150px) 100vw, 150px\"  data-dt-location=\"https:\/\/integrativa.pt\/en\/osteopata-david\/\" \/><\/a>\n\t\t<\/figure>\n\t<\/div>\n<div class=\"vc_separator wpb_content_element vc_separator_align_left vc_sep_width_100 vc_sep_pos_align_center vc_sep_color_grey wpb_content_element vc_separator-has-text\" ><span class=\"vc_sep_holder vc_sep_holder_l\"><span class=\"vc_sep_line\"><\/span><\/span><h4>David Brand\u00e3o \u2013 Osteopath and Physiotherapist<\/h4><span class=\"vc_sep_holder vc_sep_holder_r\"><span class=\"vc_sep_line\"><\/span><\/span>\n<\/div>\n\t<div class=\"wpb_text_column wpb_content_element  vc_custom_1770216276237\" >\n\t\t<div class=\"wpb_wrapper\">\n\t\t\t<h5><span style=\"color: #1b9193;\">Specialising in Cranial Osteopathy, TMJ and Orofacial Pain<\/span><\/h5>\n\n\t\t<\/div>\n\t<\/div>\n\n\t<div class=\"wpb_text_column wpb_content_element  vc_custom_1720349980849\" >\n\t\t<div class=\"wpb_wrapper\">\n\t\t\t<h6>Member of SPDOF - Portuguese Society of Temporomandibular Dysfunction and Orofacial Pain<\/h6>\n\n\t\t<\/div>\n\t<\/div>\n<div class=\"vc_btn3-container vc_btn3-center vc_custom_1758967912636\" ><a onmouseleave=\"this.style.borderColor=&#039;#1B9193&#039;; this.style.backgroundColor=&#039;transparent&#039;; this.style.color=&#039;#1B9193&#039;\" onmouseenter=\"this.style.borderColor=&#039;#FFFFFF&#039;; this.style.backgroundColor=&#039;#FFFFFF&#039;; this.style.color=&#039;#233D7F&#039;;\" style=\"border-color:#1B9193; color:#1B9193;\" class=\"vc_general vc_btn3 vc_btn3-size-md vc_btn3-shape-round vc_btn3-style-outline-custom\" href=\"https:\/\/wa.me\/351965155769\" title=\"Booking\" target=\"_blank\" rel=\"noopener\">Book an Appointment<\/a><\/div><\/div><\/div><\/div><\/div><div class=\"vc_row-full-width vc_clearfix\"><\/div><div data-vc-full-width=\"true\" data-vc-full-width-temp=\"true\" data-vc-full-width-init=\"false\" class=\"vc_row wpb_row vc_row-fluid vc_column-gap-25 vc_row-o-equal-height vc_row-o-content-middle vc_row-flex\"><div class=\"wpb_column vc_column_container vc_col-sm-12\"><div class=\"vc_column-inner\"><div class=\"wpb_wrapper\"><div class=\"vc_separator wpb_content_element vc_separator_align_center vc_sep_width_100 vc_sep_pos_align_center vc_sep_color_grey wpb_content_element vc_separator-has-text\" ><span class=\"vc_sep_holder vc_sep_holder_l\"><span class=\"vc_sep_line\"><\/span><\/span><h4>Blog articles<\/h4><span class=\"vc_sep_holder vc_sep_holder_r\"><span class=\"vc_sep_line\"><\/span><\/span>\n<\/div><style type=\"text\/css\" data-type=\"the7_shortcodes-inline-css\">.blog-carousel-shortcode.blog-carousel-shortcode-id-8b0e9a7bde5780a992293525ec1f99f7.dividers-on.classic-layout-list article {\n  padding-top: 0;\n}\n.blog-carousel-shortcode.blog-carousel-shortcode-id-8b0e9a7bde5780a992293525ec1f99f7.dividers-on.classic-layout-list article:first-of-type {\n  margin-top: 0;\n  padding-top: 0;\n}\n.blog-carousel-shortcode.blog-carousel-shortcode-id-8b0e9a7bde5780a992293525ec1f99f7.classic-layout-list.mode-list .post-entry-content {\n  width: calc(100% - );\n}\n.blog-carousel-shortcode.blog-carousel-shortcode-id-8b0e9a7bde5780a992293525ec1f99f7.classic-layout-list.mode-list .no-img .post-entry-content {\n  width: 100%;\n}\n.blog-carousel-shortcode.blog-carousel-shortcode-id-8b0e9a7bde5780a992293525ec1f99f7 .filter-bg-decoration .filter-categories a.act {\n  color: #fff;\n}\n.blog-carousel-shortcode.blog-carousel-shortcode-id-8b0e9a7bde5780a992293525ec1f99f7:not(.mode-masonry) article:first-of-type,\n.blog-carousel-shortcode.blog-carousel-shortcode-id-8b0e9a7bde5780a992293525ec1f99f7:not(.mode-masonry) article.visible.first:not(.product) {\n  margin-top: 0;\n}\n.blog-carousel-shortcode.blog-carousel-shortcode-id-8b0e9a7bde5780a992293525ec1f99f7.dividers-on:not(.mode-masonry) article {\n  margin-top: 0;\n}\n.blog-carousel-shortcode.blog-carousel-shortcode-id-8b0e9a7bde5780a992293525ec1f99f7.dividers-on:not(.mode-masonry) article:first-of-type,\n.blog-carousel-shortcode.blog-carousel-shortcode-id-8b0e9a7bde5780a992293525ec1f99f7.dividers-on:not(.mode-masonry) article.visible.first:not(.product) {\n  margin-top: 0;\n  padding-top: 0;\n}\n.blog-carousel-shortcode.blog-carousel-shortcode-id-8b0e9a7bde5780a992293525ec1f99f7 .post-thumbnail-wrap {\n  padding: 0px 0px 0px 0px;\n}\n.blog-carousel-shortcode.blog-carousel-shortcode-id-8b0e9a7bde5780a992293525ec1f99f7.enable-bg-rollover .post-thumbnail-rollover:after {\n  background: -webkit-linear-gradient();\n  background: linear-gradient();\n}\n.blog-carousel-shortcode.blog-carousel-shortcode-id-8b0e9a7bde5780a992293525ec1f99f7 .gallery-zoom-ico {\n  width: 44px;\n  height: 44px;\n  line-height: 44px;\n  border-radius: 100px;\n  margin: -22px 0 0 -22px;\n  border-width: 0px;\n  color: #ffffff;\n  background: none;\n}\n.bottom-overlap-layout-list.blog-carousel-shortcode.blog-carousel-shortcode-id-8b0e9a7bde5780a992293525ec1f99f7 .gallery-zoom-ico {\n  margin-top: -72px;\n}\n.gradient-overlay-layout-list.blog-carousel-shortcode.blog-carousel-shortcode-id-8b0e9a7bde5780a992293525ec1f99f7 .gallery-zoom-ico,\n.content-rollover-layout-list.blog-carousel-shortcode.blog-carousel-shortcode-id-8b0e9a7bde5780a992293525ec1f99f7 .gallery-zoom-ico {\n  margin: 0 0 10px;\n}\n.content-align-center.gradient-overlay-layout-list.blog-carousel-shortcode.blog-carousel-shortcode-id-8b0e9a7bde5780a992293525ec1f99f7 .gallery-zoom-ico,\n.content-align-center.content-rollover-layout-list.blog-carousel-shortcode.blog-carousel-shortcode-id-8b0e9a7bde5780a992293525ec1f99f7 .gallery-zoom-ico {\n  margin: 0 auto 10px;\n}\n.dt-icon-bg-on.blog-carousel-shortcode.blog-carousel-shortcode-id-8b0e9a7bde5780a992293525ec1f99f7 .gallery-zoom-ico {\n  background: rgba(255,255,255,0.3);\n  box-shadow: none;\n}\n.blog-carousel-shortcode.blog-carousel-shortcode-id-8b0e9a7bde5780a992293525ec1f99f7 .gallery-zoom-ico > span,\n.blog-carousel-shortcode.blog-carousel-shortcode-id-8b0e9a7bde5780a992293525ec1f99f7 .gallery-zoom-ico:before {\n  font-size: 32px;\n  line-height: 44px;\n}\n.blog-carousel-shortcode.blog-carousel-shortcode-id-8b0e9a7bde5780a992293525ec1f99f7 .gallery-zoom-ico > span,\n.blog-carousel-shortcode.blog-carousel-shortcode-id-8b0e9a7bde5780a992293525ec1f99f7 .gallery-zoom-ico:before {\n  color: #ffffff;\n  background: none;\n}\n.blog-carousel-shortcode.blog-carousel-shortcode-id-8b0e9a7bde5780a992293525ec1f99f7 .entry-title,\n.blog-carousel-shortcode.blog-carousel-shortcode-id-8b0e9a7bde5780a992293525ec1f99f7.owl-carousel .entry-title {\n  margin-bottom: 5px;\n}\n.blog-carousel-shortcode.blog-carousel-shortcode-id-8b0e9a7bde5780a992293525ec1f99f7 .entry-meta {\n  margin-bottom: 15px;\n}\n.blog-carousel-shortcode.blog-carousel-shortcode-id-8b0e9a7bde5780a992293525ec1f99f7 .portfolio-categories {\n  margin-bottom: 15px;\n}\n.blog-carousel-shortcode.blog-carousel-shortcode-id-8b0e9a7bde5780a992293525ec1f99f7 .entry-excerpt {\n  margin-bottom: 5px;\n}\n.blog-carousel-shortcode.blog-carousel-shortcode-id-8b0e9a7bde5780a992293525ec1f99f7:not(.centered-layout-list) .post-entry-content {\n  padding: 15px 20px 20px 20px;\n}\n.blog-carousel-shortcode.blog-carousel-shortcode-id-8b0e9a7bde5780a992293525ec1f99f7:not(.centered-layout-list):not(.content-bg-on):not(.mode-list) .no-img .post-entry-content {\n  padding: 0;\n}\n@media screen and (max-width: ) {\n  .blog-carousel-shortcode.blog-carousel-shortcode-id-8b0e9a7bde5780a992293525ec1f99f7 article {\n    -ms-flex-flow: column nowrap;\n    flex-flow: column nowrap;\n    margin-top: 20px;\n  }\n  .blog-carousel-shortcode.blog-carousel-shortcode-id-8b0e9a7bde5780a992293525ec1f99f7.dividers-on article {\n    border: none;\n  }\n  .blog-carousel-shortcode.blog-carousel-shortcode-id-8b0e9a7bde5780a992293525ec1f99f7.content-bg-on.centered-layout-list article {\n    padding: 0;\n  }\n  .blog-carousel-shortcode.blog-carousel-shortcode-id-8b0e9a7bde5780a992293525ec1f99f7.blog-shortcode.dividers-on article,\n  .blog-carousel-shortcode.blog-carousel-shortcode-id-8b0e9a7bde5780a992293525ec1f99f7.dividers-on.classic-layout-list article {\n    margin-top: 20px;\n    padding: 0;\n  }\n  .blog-carousel-shortcode.blog-carousel-shortcode-id-8b0e9a7bde5780a992293525ec1f99f7.blog-shortcode.dividers-on article:first-of-type,\n  .blog-carousel-shortcode.blog-carousel-shortcode-id-8b0e9a7bde5780a992293525ec1f99f7.dividers-on.classic-layout-list article:first-of-type {\n    padding: 0;\n  }\n  #page .blog-carousel-shortcode.blog-carousel-shortcode-id-8b0e9a7bde5780a992293525ec1f99f7 .post-thumbnail-wrap,\n  #page .blog-carousel-shortcode.blog-carousel-shortcode-id-8b0e9a7bde5780a992293525ec1f99f7 .post-entry-content {\n    width: 100%;\n    margin: 0;\n    top: 0;\n  }\n  #page .blog-carousel-shortcode.blog-carousel-shortcode-id-8b0e9a7bde5780a992293525ec1f99f7 .post-thumbnail-wrap {\n    padding: 0;\n  }\n  #page .blog-carousel-shortcode.blog-carousel-shortcode-id-8b0e9a7bde5780a992293525ec1f99f7 .post-entry-content:after {\n    display: none;\n  }\n  #page .blog-carousel-shortcode.blog-carousel-shortcode-id-8b0e9a7bde5780a992293525ec1f99f7 .project-even .post-thumbnail-wrap,\n  #page .blog-carousel-shortcode.blog-carousel-shortcode-id-8b0e9a7bde5780a992293525ec1f99f7.centered-layout-list .post-thumbnail-wrap {\n    -ms-flex-order: 0;\n    order: 0;\n  }\n  #page .blog-carousel-shortcode.blog-carousel-shortcode-id-8b0e9a7bde5780a992293525ec1f99f7.centered-layout-list .post-entry-title-content {\n    -ms-flex-order: 1;\n    order: 1;\n    width: 100%;\n    padding: 20px 20px 0;\n  }\n  #page .blog-carousel-shortcode.blog-carousel-shortcode-id-8b0e9a7bde5780a992293525ec1f99f7.centered-layout-list .post-entry-content {\n    -ms-flex-order: 2;\n    order: 2;\n    padding-top: 0;\n  }\n  #page .blog-carousel-shortcode.blog-carousel-shortcode-id-8b0e9a7bde5780a992293525ec1f99f7 .fancy-categories {\n    top: 10px;\n    left: 10px;\n    bottom: auto;\n    right: auto;\n  }\n  #page .blog-carousel-shortcode.blog-carousel-shortcode-id-8b0e9a7bde5780a992293525ec1f99f7 .fancy-date a {\n    top: 10px;\n    right: 10px;\n    left: auto;\n    bottom: auto;\n  }\n  #page .blog-carousel-shortcode.blog-carousel-shortcode-id-8b0e9a7bde5780a992293525ec1f99f7 .post-entry-content {\n    padding: 20px;\n  }\n  #page .blog-carousel-shortcode.blog-carousel-shortcode-id-8b0e9a7bde5780a992293525ec1f99f7 .entry-title {\n    margin: 3px 0 5px;\n    font-size: 20px;\n    line-height: 26px;\n  }\n  #page .blog-carousel-shortcode.blog-carousel-shortcode-id-8b0e9a7bde5780a992293525ec1f99f7 .entry-meta {\n    margin: 5px 0 5px;\n  }\n  #page .blog-carousel-shortcode.blog-carousel-shortcode-id-8b0e9a7bde5780a992293525ec1f99f7 .entry-excerpt {\n    margin: 15px 0 0;\n  }\n  #page .blog-carousel-shortcode.blog-carousel-shortcode-id-8b0e9a7bde5780a992293525ec1f99f7 .post-details {\n    margin: 5px 0 10px;\n  }\n  #page .blog-carousel-shortcode.blog-carousel-shortcode-id-8b0e9a7bde5780a992293525ec1f99f7 .post-details.details-type-link {\n    margin-bottom: 2px;\n  }\n}\n.blog-carousel-shortcode.blog-carousel-shortcode-id-8b0e9a7bde5780a992293525ec1f99f7.owl-carousel .owl-nav div {\n  width: 36px;\n  height: 36px;\n  border-radius: 500px;\n}\n.dt-arrow-border-on.blog-carousel-shortcode.blog-carousel-shortcode-id-8b0e9a7bde5780a992293525ec1f99f7.owl-carousel .owl-nav div:not(:hover):before {\n  border-width: 0px;\n}\n.dt-arrow-hover-border-on.blog-carousel-shortcode.blog-carousel-shortcode-id-8b0e9a7bde5780a992293525ec1f99f7.owl-carousel .owl-nav div:hover:after {\n  border-width: 0px;\n}\n.blog-carousel-shortcode.blog-carousel-shortcode-id-8b0e9a7bde5780a992293525ec1f99f7.owl-carousel .owl-nav div.owl-prev {\n  top: 50%;\n  transform: translateY(calc(-50% + 0px));\n  left: -43px;\n}\n@media all and (-ms-high-contrast: none) {\n  .blog-carousel-shortcode.blog-carousel-shortcode-id-8b0e9a7bde5780a992293525ec1f99f7.owl-carousel .owl-nav div.owl-prev {\n    transform: translateY(-50%);\n    margin-top: 0px;\n  }\n}\n.blog-carousel-shortcode.blog-carousel-shortcode-id-8b0e9a7bde5780a992293525ec1f99f7.owl-carousel .owl-nav div.owl-prev i {\n  padding: 0px 0px 0px 0px;\n}\n.blog-carousel-shortcode.blog-carousel-shortcode-id-8b0e9a7bde5780a992293525ec1f99f7.owl-carousel .owl-nav div.owl-next {\n  top: 50%;\n  transform: translateY(calc(-50% + 0px));\n  right: -43px;\n}\n@media all and (-ms-high-contrast: none) {\n  .blog-carousel-shortcode.blog-carousel-shortcode-id-8b0e9a7bde5780a992293525ec1f99f7.owl-carousel .owl-nav div.owl-next {\n    transform: translateY(-50%);\n    margin-top: 0px;\n  }\n}\n.blog-carousel-shortcode.blog-carousel-shortcode-id-8b0e9a7bde5780a992293525ec1f99f7.owl-carousel .owl-nav div.owl-next i {\n  padding: 0px 0px 0px 0px;\n}\n.blog-carousel-shortcode.blog-carousel-shortcode-id-8b0e9a7bde5780a992293525ec1f99f7.owl-carousel .owl-nav i {\n  font-size: 18px;\n}\n.blog-carousel-shortcode.blog-carousel-shortcode-id-8b0e9a7bde5780a992293525ec1f99f7.owl-carousel .owl-nav div:not(:hover) i,\n.blog-carousel-shortcode.blog-carousel-shortcode-id-8b0e9a7bde5780a992293525ec1f99f7.owl-carousel .owl-nav div:not(:hover) i:before {\n  color: #ffffff;\n  background: none;\n}\n.blog-carousel-shortcode.blog-carousel-shortcode-id-8b0e9a7bde5780a992293525ec1f99f7.owl-carousel .owl-nav div:hover i,\n.blog-carousel-shortcode.blog-carousel-shortcode-id-8b0e9a7bde5780a992293525ec1f99f7.owl-carousel .owl-nav div:hover i:before {\n  color: rgba(255,255,255,0.75);\n  background: none;\n}\n.blog-carousel-shortcode.blog-carousel-shortcode-id-8b0e9a7bde5780a992293525ec1f99f7 .owl-dots {\n  top: calc(100% + 20px);\n  left: 50%;\n  transform: translateX(calc(-50% + 0px));\n}\n@media all and (-ms-high-contrast: none) {\n  .blog-carousel-shortcode.blog-carousel-shortcode-id-8b0e9a7bde5780a992293525ec1f99f7 .owl-dots {\n    transform: translateX(-50%);\n    margin-left: 0px;\n  }\n}\n.blog-carousel-shortcode.blog-carousel-shortcode-id-8b0e9a7bde5780a992293525ec1f99f7 .owl-dot {\n  width: 10px;\n  height: 10px;\n  margin: 0 8px;\n}\n@media screen and (max-width: 778px) {\n  .blog-carousel-shortcode.blog-carousel-shortcode-id-8b0e9a7bde5780a992293525ec1f99f7.hide-arrows .owl-nav a {\n    display: none;\n  }\n}\n@media screen and (max-width: 778px) {\n  .blog-carousel-shortcode.blog-carousel-shortcode-id-8b0e9a7bde5780a992293525ec1f99f7.reposition-arrows .owl-nav div.owl-prev {\n    top: 50%;\n    transform: translateY(calc(-50% + 0px));\n    left: 10px;\n  }\n  .blog-carousel-shortcode.blog-carousel-shortcode-id-8b0e9a7bde5780a992293525ec1f99f7.reposition-arrows .owl-nav div.owl-next {\n    top: 50%;\n    transform: translateY(calc(-50% + 0px));\n    right: 10px;\n  }\n}\n@media screen and (max-width: 778px) and all and (-ms-high-contrast: none) {\n  .blog-carousel-shortcode.blog-carousel-shortcode-id-8b0e9a7bde5780a992293525ec1f99f7.reposition-arrows .owl-nav div.owl-prev {\n    transform: translateY(-50%);\n    margin-top: 0px;\n  }\n}\n@media screen and (max-width: 778px) and all and (-ms-high-contrast: none) {\n  .blog-carousel-shortcode.blog-carousel-shortcode-id-8b0e9a7bde5780a992293525ec1f99f7.reposition-arrows .owl-nav div.owl-next {\n    transform: translateY(-50%);\n    margin-top: 0px;\n  }\n}<\/style><div class=\"owl-carousel blog-carousel-shortcode dt-owl-carousel-call blog-carousel-shortcode-id-8b0e9a7bde5780a992293525ec1f99f7 classic-layout-list scale-img dt-icon-bg-off dt-arrow-border-on dt-arrow-hover-border-on meta-info-off bullets-small-dot-stroke reposition-arrows arrows-bg-on disable-arrows-hover-bg arrows-hover-bg-on\" data-scroll-mode=\"1\" data-col-num=\"3\" data-wide-col-num=\"4\" data-laptop-col=\"3\" data-h-tablet-columns-num=\"3\" data-v-tablet-columns-num=\"2\" data-phone-columns-num=\"1\" data-auto-height=\"true\" data-col-gap=\"30\" data-stage-padding=\"0\" data-speed=\"600\" data-autoplay=\"false\" data-autoplay_speed=\"6000\" data-arrows=\"true\" data-bullet=\"false\" data-next-icon=\"icon-ar-017-r\" data-prev-icon=\"icon-ar-017-l\"><article class=\"post post-1728 type-post status-publish format-standard has-post-thumbnail hentry category-osteopatia category-atm category-dores-de-cabeca category-osteopata-david-brandao category-osteopatia-craniana category-osteopatia-integrativa tag-fisioterapia tag-osteopatia tag-pilates-clinico category-17 category-41 category-52 category-33 category-42 category-32 description-off\" data-name=\"Dores de cabe\u00e7a e enxaqueca: abordagem integrativa com Osteopatia Craniana\" data-date=\"2023-01-21T15:07:19+00:00\">\n\n<div class=\"post-thumbnail-wrap\">\n\t<div class=\"post-thumbnail\">\n\t\t\n\t\t\n\t\t<a href=\"https:\/\/integrativa.pt\/en\/dores-de-cabeca-e-enxaqueca-abordagem-integrativa-com-osteopatia-craniana\/\" class=\"post-thumbnail-rollover layzr-bg\"><img fetchpriority=\"high\" decoding=\"async\" class=\"preload-me owl-lazy-load aspect\" src=\"data:image\/svg+xml,%3Csvg%20xmlns%3D&#39;http%3A%2F%2Fwww.w3.org%2F2000%2Fsvg&#39;%20viewBox%3D&#39;0%200%20768%20512&#39;%2F%3E\" data-src=\"https:\/\/integrativa.pt\/wp-content\/uploads\/2025\/10\/Dor-de-cabeca-Enxaqueca-Integrativa-Fisioterapia-768x512.webp\" data-srcset=\"https:\/\/integrativa.pt\/wp-content\/uploads\/2025\/10\/Dor-de-cabeca-Enxaqueca-Integrativa-Fisioterapia-768x512.webp 768w, https:\/\/integrativa.pt\/wp-content\/uploads\/2025\/10\/Dor-de-cabeca-Enxaqueca-Integrativa-Fisioterapia-1152x768.webp 1152w\" loading=\"eager\" style=\"--ratio: 768 \/ 512\" sizes=\"(max-width: 768px) 100vw, 768px\" alt=\"\" title=\"Headache Migraine Integrative Physiotherapy\" width=\"768\" height=\"512\"  \/><\/a>\t<\/div>\n<\/div>\n\n\n<div class=\"post-entry-content\">\n\n\t<h3 class=\"entry-title\">\n\t\t<a href=\"https:\/\/integrativa.pt\/en\/dores-de-cabeca-e-enxaqueca-abordagem-integrativa-com-osteopatia-craniana\/\" title=\"Headaches and migraines: an integrative approach with Cranial Osteopathy\" rel=\"bookmark\">Headaches and migraines: an integrative approach with Cranial Osteopathy<\/a>\n\t<\/h3>\n\n\t\n\t\n\t\n<a href=\"https:\/\/integrativa.pt\/en\/dores-de-cabeca-e-enxaqueca-abordagem-integrativa-com-osteopatia-craniana\/\" class=\"post-details details-type-link\" aria-label=\"Read more about Dores de cabe\u00e7a e enxaqueca: abordagem integrativa com Osteopatia Craniana\">Read more<i class=\"dt-icon-the7-arrow-03\" aria-hidden=\"true\"><\/i><\/a>\n\n<\/div><\/article><article class=\"post post-2908 type-post status-publish format-standard has-post-thumbnail hentry category-osteopatia category-atm category-dores-de-cabeca category-osteopatia-craniana tag-fisioterapia tag-osteopatia tag-pilates-clinico category-17 category-41 category-52 category-42 description-off\" data-name=\"Cefaleia tipo tensional: uma abordagem integrativa na gest\u00e3o da dor\" data-date=\"2023-12-20T12:16:33+00:00\">\n\n<div class=\"post-thumbnail-wrap\">\n\t<div class=\"post-thumbnail\">\n\t\t\n\t\t\n\t\t<a href=\"https:\/\/integrativa.pt\/en\/cefaleia-tipo-tensional-uma-abordagem-integrativa-na-gestao-da-dor\/\" class=\"post-thumbnail-rollover layzr-bg\"><img decoding=\"async\" class=\"preload-me owl-lazy-load aspect\" src=\"data:image\/svg+xml,%3Csvg%20xmlns%3D&#39;http%3A%2F%2Fwww.w3.org%2F2000%2Fsvg&#39;%20viewBox%3D&#39;0%200%20768%20512&#39;%2F%3E\" data-src=\"https:\/\/integrativa.pt\/wp-content\/uploads\/2025\/10\/Dor-de-cabeca-Enxaqueca-Integrativa-Fisioterapia-ATM-768x512.webp\" data-srcset=\"https:\/\/integrativa.pt\/wp-content\/uploads\/2025\/10\/Dor-de-cabeca-Enxaqueca-Integrativa-Fisioterapia-ATM-768x512.webp 768w, https:\/\/integrativa.pt\/wp-content\/uploads\/2025\/10\/Dor-de-cabeca-Enxaqueca-Integrativa-Fisioterapia-ATM-1152x768.webp 1152w\" loading=\"eager\" style=\"--ratio: 768 \/ 512\" sizes=\"(max-width: 768px) 100vw, 768px\" alt=\"\" title=\"Headache Migraine Integrative Physiotherapy TMJ\" width=\"768\" height=\"512\"  \/><\/a>\t<\/div>\n<\/div>\n\n\n<div class=\"post-entry-content\">\n\n\t<h3 class=\"entry-title\">\n\t\t<a href=\"https:\/\/integrativa.pt\/en\/cefaleia-tipo-tensional-uma-abordagem-integrativa-na-gestao-da-dor\/\" title=\"Tension headache: an integrative approach to pain management\" rel=\"bookmark\">Tension headache: an integrative approach to pain management<\/a>\n\t<\/h3>\n\n\t\n\t\n\t\n<a href=\"https:\/\/integrativa.pt\/en\/cefaleia-tipo-tensional-uma-abordagem-integrativa-na-gestao-da-dor\/\" class=\"post-details details-type-link\" aria-label=\"Read more about Tension-type headache: an integrative approach to pain management\">Read more<i class=\"dt-icon-the7-arrow-03\" aria-hidden=\"true\"><\/i><\/a>\n\n<\/div><\/article><article class=\"post post-3512 type-post status-publish format-standard has-post-thumbnail hentry category-osteopatia category-atm category-dores-de-cabeca category-osteopata-david-brandao category-osteopatia-craniana tag-fisioterapia tag-osteopatia tag-pilates-clinico category-17 category-41 category-52 category-33 category-42 description-off\" data-name=\"Osteopatia na Articula\u00e7\u00e3o Temporomandibular (ATM) e Dor Orofacial\" data-date=\"2024-06-22T13:00:37+00:00\">\n\n<div class=\"post-thumbnail-wrap\">\n\t<div class=\"post-thumbnail\">\n\t\t\n\t\t\n\t\t<a href=\"https:\/\/integrativa.pt\/en\/osteopatia-na-articulacao-temporomandibular-atm-e-dor-orofacial\/\" class=\"post-thumbnail-rollover layzr-bg\"><img decoding=\"async\" class=\"preload-me owl-lazy-load aspect\" src=\"data:image\/svg+xml,%3Csvg%20xmlns%3D&#39;http%3A%2F%2Fwww.w3.org%2F2000%2Fsvg&#39;%20viewBox%3D&#39;0%200%20768%20512&#39;%2F%3E\" data-src=\"https:\/\/integrativa.pt\/wp-content\/uploads\/2024\/06\/ATM-Fisioterapia-Osteopatia-Bruxismo-Osteopatia-768x512.webp\" data-srcset=\"https:\/\/integrativa.pt\/wp-content\/uploads\/2024\/06\/ATM-Fisioterapia-Osteopatia-Bruxismo-Osteopatia-768x512.webp 768w, https:\/\/integrativa.pt\/wp-content\/uploads\/2024\/06\/ATM-Fisioterapia-Osteopatia-Bruxismo-Osteopatia-1152x768.webp 1152w\" loading=\"eager\" style=\"--ratio: 768 \/ 512\" sizes=\"(max-width: 768px) 100vw, 768px\" alt=\"\" title=\"TMJ Physiotherapy Osteopathy Bruxism Osteopathy\" width=\"768\" height=\"512\"  \/><\/a>\t<\/div>\n<\/div>\n\n\n<div class=\"post-entry-content\">\n\n\t<h3 class=\"entry-title\">\n\t\t<a href=\"https:\/\/integrativa.pt\/en\/osteopatia-na-articulacao-temporomandibular-atm-e-dor-orofacial\/\" title=\"Osteopathy in the Temporomandibular Joint (TMJ) and Orofacial Pain\" rel=\"bookmark\">Osteopathy in the Temporomandibular Joint (TMJ) and Orofacial Pain<\/a>\n\t<\/h3>\n\n\t\n\t\n\t\n<a href=\"https:\/\/integrativa.pt\/en\/osteopatia-na-articulacao-temporomandibular-atm-e-dor-orofacial\/\" class=\"post-details details-type-link\" aria-label=\"Read more about Osteopatia na Articula\u00e7\u00e3o Temporomandibular (ATM) e Dor Orofacial\">Read more<i class=\"dt-icon-the7-arrow-03\" aria-hidden=\"true\"><\/i><\/a>\n\n<\/div><\/article><article class=\"post post-3681 type-post status-publish format-standard has-post-thumbnail hentry category-osteopatia category-atm category-bruxismo category-dores-de-cabeca category-osteopata-david-brandao category-osteopatia-craniana category-osteopatia-integrativa category-osteopatia-integrativa-osteopatia tag-fisioterapia tag-osteopatia tag-pilates-clinico category-17 category-41 category-135 category-52 category-33 category-42 category-32 category-34 description-off\" data-name=\"Complexo trig\u00e9mino-cervical e dor cervical: a rela\u00e7\u00e3o com a articula\u00e7\u00e3o temporomandibular (ATM) numa perspetiva osteop\u00e1tica\" data-date=\"2025-01-17T09:57:04+00:00\">\n\n<div class=\"post-thumbnail-wrap\">\n\t<div class=\"post-thumbnail\">\n\t\t\n\t\t\n\t\t<a href=\"https:\/\/integrativa.pt\/en\/complexo-trigemino-cervical-e-dor-cervical-a-relacao-com-a-articulacao-temporomandibular-atm-numa-perspetiva-osteopatica\/\" class=\"post-thumbnail-rollover layzr-bg\"><img decoding=\"async\" class=\"preload-me owl-lazy-load aspect\" src=\"data:image\/svg+xml,%3Csvg%20xmlns%3D&#39;http%3A%2F%2Fwww.w3.org%2F2000%2Fsvg&#39;%20viewBox%3D&#39;0%200%20768%20512&#39;%2F%3E\" data-src=\"https:\/\/integrativa.pt\/wp-content\/uploads\/2025\/01\/Dor-cervical-Integrativa-768x512.webp\" data-srcset=\"https:\/\/integrativa.pt\/wp-content\/uploads\/2025\/01\/Dor-cervical-Integrativa-768x512.webp 768w, https:\/\/integrativa.pt\/wp-content\/uploads\/2025\/01\/Dor-cervical-Integrativa-1152x768.webp 1152w\" loading=\"eager\" style=\"--ratio: 768 \/ 512\" sizes=\"(max-width: 768px) 100vw, 768px\" alt=\"\" title=\"Integrative neck pain\" width=\"768\" height=\"512\"  \/><\/a>\t<\/div>\n<\/div>\n\n\n<div class=\"post-entry-content\">\n\n\t<h3 class=\"entry-title\">\n\t\t<a href=\"https:\/\/integrativa.pt\/en\/complexo-trigemino-cervical-e-dor-cervical-a-relacao-com-a-articulacao-temporomandibular-atm-numa-perspetiva-osteopatica\/\" title=\"Trigeminal-cervical complex and neck pain: the relationship with the temporomandibular joint (TMJ) from an osteopathic perspective\" rel=\"bookmark\">Trigeminal-cervical complex and neck pain: the relationship with the temporomandibular joint (TMJ) from an osteopathic perspective<\/a>\n\t<\/h3>\n\n\t\n\t\n\t\n<a href=\"https:\/\/integrativa.pt\/en\/complexo-trigemino-cervical-e-dor-cervical-a-relacao-com-a-articulacao-temporomandibular-atm-numa-perspetiva-osteopatica\/\" class=\"post-details details-type-link\" aria-label=\"Read more about Complexo trig\u00e9mino-cervical e dor cervical: a rela\u00e7\u00e3o com a articula\u00e7\u00e3o temporomandibular (ATM) numa perspetiva osteop\u00e1tica\">Read more<i class=\"dt-icon-the7-arrow-03\" aria-hidden=\"true\"><\/i><\/a>\n\n<\/div><\/article><article class=\"post post-3460 type-post status-publish format-standard has-post-thumbnail hentry category-osteopatia category-atm category-bruxismo category-fisioterapia category-osteopata-david-brandao category-osteopatia-craniana tag-fisioterapia tag-osteopatia tag-pilates-clinico category-17 category-41 category-135 category-6 category-33 category-42 description-off\" data-name=\"Quando o stress morde: o bruxismo como resposta ao stress\" data-date=\"2024-06-14T09:10:58+00:00\">\n\n<div class=\"post-thumbnail-wrap\">\n\t<div class=\"post-thumbnail\">\n\t\t\n\t\t\n\t\t<a href=\"https:\/\/integrativa.pt\/en\/quando-o-stress-morde-o-bruxismo-como-resposta-ao-stress\/\" class=\"post-thumbnail-rollover layzr-bg\"><img decoding=\"async\" class=\"preload-me owl-lazy-load aspect\" src=\"data:image\/svg+xml,%3Csvg%20xmlns%3D&#39;http%3A%2F%2Fwww.w3.org%2F2000%2Fsvg&#39;%20viewBox%3D&#39;0%200%20768%20512&#39;%2F%3E\" data-src=\"https:\/\/integrativa.pt\/wp-content\/uploads\/2025\/10\/ATM-Fisioterapia-Osteopatia-Bruxismo-768x512.webp\" data-srcset=\"https:\/\/integrativa.pt\/wp-content\/uploads\/2025\/10\/ATM-Fisioterapia-Osteopatia-Bruxismo-768x512.webp 768w, https:\/\/integrativa.pt\/wp-content\/uploads\/2025\/10\/ATM-Fisioterapia-Osteopatia-Bruxismo-1152x768.webp 1152w\" loading=\"eager\" style=\"--ratio: 768 \/ 512\" sizes=\"(max-width: 768px) 100vw, 768px\" alt=\"\" title=\"TMJ Physiotherapy Osteopathy Bruxism\" width=\"768\" height=\"512\"  \/><\/a>\t<\/div>\n<\/div>\n\n\n<div class=\"post-entry-content\">\n\n\t<h3 class=\"entry-title\">\n\t\t<a href=\"https:\/\/integrativa.pt\/en\/quando-o-stress-morde-o-bruxismo-como-resposta-ao-stress\/\" title=\"When stress bites: bruxism as a response to stress\" rel=\"bookmark\">When stress bites: bruxism as a response to stress<\/a>\n\t<\/h3>\n\n\t\n\t\n\t\n<a href=\"https:\/\/integrativa.pt\/en\/quando-o-stress-morde-o-bruxismo-como-resposta-ao-stress\/\" class=\"post-details details-type-link\" aria-label=\"Read more about When stress bites: bruxism as a response to stress\">Read more<i class=\"dt-icon-the7-arrow-03\" aria-hidden=\"true\"><\/i><\/a>\n\n<\/div><\/article><article class=\"post post-1808 type-post status-publish format-standard has-post-thumbnail hentry category-osteopatia category-atm category-bruxismo category-dores-de-cabeca category-osteopatia-craniana tag-fisioterapia tag-osteopatia tag-pilates-clinico category-17 category-41 category-135 category-52 category-42 description-off\" data-name=\"Sugest\u00f5es de h\u00e1bitos de vida na abordagem da enxaqueca e cefaleias\" data-date=\"2023-01-29T19:29:54+00:00\">\n\n<div class=\"post-thumbnail-wrap\">\n\t<div class=\"post-thumbnail\">\n\t\t\n\t\t\n\t\t<a href=\"https:\/\/integrativa.pt\/en\/sugestoes-de-habitos-de-vida-na-abordagem-da-enxaqueca-e-cefaleias\/\" class=\"post-thumbnail-rollover layzr-bg\"><img decoding=\"async\" class=\"preload-me owl-lazy-load aspect\" src=\"data:image\/svg+xml,%3Csvg%20xmlns%3D&#39;http%3A%2F%2Fwww.w3.org%2F2000%2Fsvg&#39;%20viewBox%3D&#39;0%200%20768%20512&#39;%2F%3E\" data-src=\"https:\/\/integrativa.pt\/wp-content\/uploads\/2025\/10\/Enxaqueca-Integrativa-Fisioterapia-ATM-Osteopatia-Dor-de-cabeca-768x512.webp\" data-srcset=\"https:\/\/integrativa.pt\/wp-content\/uploads\/2025\/10\/Enxaqueca-Integrativa-Fisioterapia-ATM-Osteopatia-Dor-de-cabeca-768x512.webp 768w, https:\/\/integrativa.pt\/wp-content\/uploads\/2025\/10\/Enxaqueca-Integrativa-Fisioterapia-ATM-Osteopatia-Dor-de-cabeca-1152x768.webp 1152w\" loading=\"eager\" style=\"--ratio: 768 \/ 512\" sizes=\"(max-width: 768px) 100vw, 768px\" alt=\"\" title=\"Migraine Integrative Physiotherapy TMJ Osteopathy Headache\" width=\"768\" height=\"512\"  \/><\/a>\t<\/div>\n<\/div>\n\n\n<div class=\"post-entry-content\">\n\n\t<h3 class=\"entry-title\">\n\t\t<a href=\"https:\/\/integrativa.pt\/en\/sugestoes-de-habitos-de-vida-na-abordagem-da-enxaqueca-e-cefaleias\/\" title=\"Suggestions for lifestyle habits when dealing with migraine and headaches\" rel=\"bookmark\">Suggestions for lifestyle habits when dealing with migraine and headaches<\/a>\n\t<\/h3>\n\n\t\n\t\n\t\n<a href=\"https:\/\/integrativa.pt\/en\/sugestoes-de-habitos-de-vida-na-abordagem-da-enxaqueca-e-cefaleias\/\" class=\"post-details details-type-link\" aria-label=\"Read more about Sugest\u00f5es de h\u00e1bitos de vida na abordagem da enxaqueca e cefaleias\">Read more<i class=\"dt-icon-the7-arrow-03\" aria-hidden=\"true\"><\/i><\/a>\n\n<\/div><\/article><\/div><\/div><\/div><\/div><\/div><div class=\"vc_row-full-width vc_clearfix\"><\/div>\n<\/div>","protected":false},"excerpt":{"rendered":"<p>Fisioterapia Especializada na ATM e Dor orofacial A articula\u00e7\u00e3o temporomandibular (ATM) desempenha um papel importante em fun\u00e7\u00f5es do dia a dia como mastigar, falar e expressar emo\u00e7\u00f5es. Quando existe uma disfun\u00e7\u00e3o temporomandibular (DTM), podem surgir sintomas como dor na mand\u00edbula, fadiga muscular, estalidos ao abrir ou fechar a boca, limita\u00e7\u00e3o do movimento e, em alguns&hellip;<\/p>","protected":false},"author":1,"featured_media":0,"parent":575,"menu_order":2,"comment_status":"closed","ping_status":"closed","template":"","meta":{"inline_featured_image":false,"footnotes":""},"class_list":["post-1210","page","type-page","status-publish","hentry","description-off"],"_links":{"self":[{"href":"https:\/\/integrativa.pt\/en\/wp-json\/wp\/v2\/pages\/1210","targetHints":{"allow":["GET"]}}],"collection":[{"href":"https:\/\/integrativa.pt\/en\/wp-json\/wp\/v2\/pages"}],"about":[{"href":"https:\/\/integrativa.pt\/en\/wp-json\/wp\/v2\/types\/page"}],"author":[{"embeddable":true,"href":"https:\/\/integrativa.pt\/en\/wp-json\/wp\/v2\/users\/1"}],"replies":[{"embeddable":true,"href":"https:\/\/integrativa.pt\/en\/wp-json\/wp\/v2\/comments?post=1210"}],"version-history":[{"count":0,"href":"https:\/\/integrativa.pt\/en\/wp-json\/wp\/v2\/pages\/1210\/revisions"}],"up":[{"embeddable":true,"href":"https:\/\/integrativa.pt\/en\/wp-json\/wp\/v2\/pages\/575"}],"wp:attachment":[{"href":"https:\/\/integrativa.pt\/en\/wp-json\/wp\/v2\/media?parent=1210"}],"curies":[{"name":"wp","href":"https:\/\/api.w.org\/{rel}","templated":true}]}}