{"id":1244,"date":"2022-10-29T16:37:54","date_gmt":"2022-10-29T16:37:54","guid":{"rendered":"https:\/\/integrativa.pt\/?page_id=1244"},"modified":"2026-02-12T22:34:22","modified_gmt":"2026-02-12T22:34:22","slug":"physiotherapy-specialising-in-facial-paralysis","status":"publish","type":"page","link":"https:\/\/integrativa.pt\/en\/especialidades\/fisioterapia\/fisioterapia-especializada-em-paralisia-facial\/","title":{"rendered":"Facial Paralysis Specialized Physiotherapy"},"content":{"rendered":"<div class=\"wpb-content-wrapper\"><div data-vc-full-width=\"true\" data-vc-full-width-temp=\"true\" data-vc-full-width-init=\"false\" class=\"vc_row wpb_row vc_row-fluid vc_column-gap-25 vc_rtl-columns-reverse vc_row-o-equal-height vc_row-o-content-top vc_row-flex\"><div class=\"wpb_column vc_column_container vc_col-sm-6 vc_hidden-xs\"><div class=\"vc_column-inner\"><div class=\"wpb_wrapper\"><div id=\"ultimate-heading-774569f28dda6c41e\" class=\"uvc-heading ult-adjust-bottom-margin ultimate-heading-774569f28dda6c41e uvc-3824  uvc-heading-default-font-sizes\" data-hspacer=\"no_spacer\"  data-halign=\"left\" style=\"text-align:left\"><div class=\"uvc-heading-spacer no_spacer\" style=\"top\"><\/div><div class=\"uvc-main-heading ult-responsive\"  data-ultimate-target='.uvc-heading.ultimate-heading-774569f28dda6c41e h1'  data-responsive-json-new='{\"font-size\":\"\",\"line-height\":\"\"}' ><h1 style=\"--font-weight:theme;color:#1b9193;\">Physiotherapy<\/h1><\/div><div class=\"uvc-sub-heading ult-responsive\"  data-ultimate-target='.uvc-heading.ultimate-heading-774569f28dda6c41e .uvc-sub-heading '  data-responsive-json-new='{\"font-size\":\"\",\"line-height\":\"\"}'  style=\"font-weight:normal;\"><\/p>\n<h2>Specializes in Facial Paralysis<\/h2>\n<p><\/div><\/div><div id=\"ultimate-heading-391569f28dda6c4ae\" class=\"uvc-heading ult-adjust-bottom-margin ultimate-heading-391569f28dda6c4ae uvc-3801  uvc-heading-default-font-sizes\" data-hspacer=\"no_spacer\"  data-halign=\"left\" style=\"text-align:left\"><div class=\"uvc-heading-spacer no_spacer\" style=\"top\"><\/div><div class=\"uvc-sub-heading ult-responsive\"  data-ultimate-target='.uvc-heading.ultimate-heading-391569f28dda6c4ae .uvc-sub-heading '  data-responsive-json-new='{\"font-size\":\"\",\"line-height\":\"\"}'  style=\"font-weight:normal;\">Facial paralysis is a condition that affects the muscles of the face and can cause weakness, asymmetry in movements, difficulty closing the eye and changes in facial expression. At some point of the recovery you may experience compensations and synkinesis.<\/p>\n<p>If you have any of these symptoms, it's essential to make an appointment with a specialised physiotherapist. The right treatment, started early, makes all the difference to recovery.<\/p>\n<p>At Integrativa, we understand the complexity of facial paralysis and the need for specialised treatment. Unfortunately, there are few professionals in Portugal who have specialised in this area. However, our physiotherapist is internationally recognised as an expert in the treatment of facial paralysis, based on the latest scientific evidence.<\/div><\/div><div class=\"vc_row wpb_row vc_inner vc_row-fluid\"><div class=\"wpb_column vc_column_container vc_col-sm-12\"><div class=\"vc_column-inner\"><div class=\"wpb_wrapper\"><div id=\"ultimate-heading-619669f28dda6d18d\" class=\"uvc-heading ult-adjust-bottom-margin ultimate-heading-619669f28dda6d18d uvc-7916  uvc-heading-default-font-sizes\" data-hspacer=\"no_spacer\"  data-halign=\"center\" style=\"text-align:center\"><div class=\"uvc-heading-spacer no_spacer\" style=\"top\"><\/div><div class=\"uvc-main-heading ult-responsive\"  data-ultimate-target='.uvc-heading.ultimate-heading-619669f28dda6d18d h4'  data-responsive-json-new='{\"font-size\":\"\",\"line-height\":\"\"}' ><h4 style=\"--font-weight:theme;color:#1B9193;margin-top:25px;\">Our methodology for treating facial paralysis<\/h4><\/div><div class=\"uvc-sub-heading ult-responsive\"  data-ultimate-target='.uvc-heading.ultimate-heading-619669f28dda6d18d .uvc-sub-heading '  data-responsive-json-new='{\"font-size\":\"\",\"line-height\":\"\"}'  style=\"font-weight:normal;\"><\/p>\n<h5 style=\"text-align: left;\">Stage 1: Evaluation<\/h5>\n<p style=\"text-align: left;\">Our journey begins with a full and detailed assessment of your face. In this first session, our specialised physiotherapist will make the diagnosis during the session where they will assess the extent of the paralysis, your needs and the strategies and techniques for improvement.<\/p>\n<h5 style=\"text-align: left;\">Stage 2: Intensive Treatment<\/h5>\n<p style=\"text-align: left;\">In this phase, treatment sessions take place with the aim of improving facial asymmetry at rest, increasing the mobility of facial tissues and beginning to reduce involuntary contractions (synkinesis).<\/p>\n<h5 style=\"text-align: left;\">Stage 3: Maintaining Gains and Preparing for Discharge<\/h5>\n<p style=\"text-align: left;\">In this phase, we will focus treatment on maintaining the gains made and preparing for discharge.<\/p>\n<p><\/div><\/div><\/div><\/div><\/div><\/div>\n\t<div class=\"wpb_text_column wpb_content_element  vc_custom_1761157455522\" >\n\t\t<div class=\"wpb_wrapper\">\n\t\t\t<p>If you're dealing with facial paralysis, you're not alone.<br data-start=\"2787\" data-end=\"2790\" \/>Book your specialised physiotherapy session at Integrativa and discover how we can help you regain mobility, expression and confidence. Our sessions can be at Integrativa or online.<\/p>\n\n\t\t<\/div>\n\t<\/div>\n<div class=\"vc_btn3-container vc_btn3-left\" ><a onmouseleave=\"this.style.borderColor='#666666'; this.style.backgroundColor='transparent'; this.style.color='#666666'\" onmouseenter=\"this.style.borderColor='#1b9193'; this.style.backgroundColor='#1b9193'; this.style.color='#ffffff';\" style=\"border-color:#666666; color:#666666;\" class=\"vc_general vc_btn3 vc_btn3-size-xs vc_btn3-shape-round vc_btn3-style-outline-custom\" href=\"https:\/\/integrativa.pt\/en\/facial-paralysis-blog\/\" title=\"David Brand\u00e3o\">Read more...<\/a><\/div><\/div><\/div><\/div><div class=\"wpb_column vc_column_container vc_col-sm-6 vc_hidden-xs\"><div class=\"vc_column-inner\"><div class=\"wpb_wrapper\">\n\t<div  class=\"wpb_single_image wpb_content_element vc_align_center\">\n\t\t\n\t\t<figure class=\"wpb_wrapper vc_figure\">\n\t\t\t<div class=\"vc_single_image-wrapper vc_box_rounded  vc_box_border_grey\"><img loading=\"lazy\" decoding=\"async\" width=\"2163\" height=\"1622\" src=\"https:\/\/integrativa.pt\/wp-content\/uploads\/2026\/02\/Fisioterapia-Paralisia-Facial-Lisboa-1.avif\" class=\"vc_single_image-img attachment-full\" alt=\"\" title=\"Facial Paralysis Physiotherapy Lisbon-1\"  data-dt-location=\"https:\/\/integrativa.pt\/en\/especialidades\/fisioterapia\/fisioterapia-especializada-em-paralisia-facial\/fisioterapia-paralisia-facial-lisboa-1\/\" \/><\/div>\n\t\t<\/figure>\n\t<\/div>\n<div  class=\"vc_do_toggle vc_toggle vc_toggle_default vc_toggle_color_default  vc_toggle_size_md vc_custom_1717251317177\"><div class=\"vc_toggle_title\"><h4>Why choose Integrativa?<\/h4><i class=\"vc_toggle_icon\"><\/i><\/div><div class=\"vc_toggle_content\"><ul>\n<li><strong>Reference in the Treatment of Facial Paralysis in Portugal<\/strong>Our team is a benchmark in the treatment of facial paralysis in Portugal, with international training based on the latest scientific evidence.<\/li>\n<li><strong>International Recognition<\/strong>: Our physiotherapists are internationally recognised for their <em>FTSI - Facial Therapist Specialists International<\/em> as specialists in the treatment of facial paralysis.<\/li>\n<li><strong>We are pioneers in the specialised treatment of facial paralysis in Portugal<\/strong>Our exclusive method helps you reach the maximum potential of your face, promoting harmony and symmetry in your movements.<\/li>\n<li><strong>Individualised Approach: <\/strong>All sessions are held in a private and individual environment, guaranteeing the exclusive attention of a therapist throughout the treatment.<\/li>\n<li><strong>Flexibility in treatment:<\/strong> Our method allows for the option of online sessions, adapting to the needs of our patients and providing access to treatment for those who cannot travel to the clinic.<\/li>\n<\/ul>\n<\/div><\/div><div class=\"hr-thin style-double hr-left\" style=\"width: 25%;border-color: #1b9193;border-top-width: 6px;\"><\/div>\n\t<div  class=\"wpb_single_image wpb_content_element vc_align_left  vc_custom_1679212714660\">\n\t\t\n\t\t<figure class=\"wpb_wrapper vc_figure\">\n\t\t\t<div class=\"vc_single_image-wrapper   vc_box_border_grey\"><img loading=\"lazy\" decoding=\"async\" width=\"150\" height=\"150\" src=\"https:\/\/integrativa.pt\/wp-content\/uploads\/2023\/03\/Fisioterapeuta-Alexandra-Gomes-1-150x150.jpg\" class=\"vc_single_image-img attachment-thumbnail\" alt=\"Physiotherapist Alexandra Gomes de Brand\u00e3o\" title=\"Physiotherapist Alexandra Gomes\" srcset=\"https:\/\/integrativa.pt\/wp-content\/uploads\/2023\/03\/Fisioterapeuta-Alexandra-Gomes-1-150x150.jpg 150w, https:\/\/integrativa.pt\/wp-content\/uploads\/2023\/03\/Fisioterapeuta-Alexandra-Gomes-1-300x300.jpg 300w, https:\/\/integrativa.pt\/wp-content\/uploads\/2023\/03\/Fisioterapeuta-Alexandra-Gomes-1.jpg 711w\" sizes=\"auto, (max-width: 150px) 100vw, 150px\"  data-dt-location=\"https:\/\/integrativa.pt\/en\/equipa-integrativa\/fisioterapeuta-alexandra-gomes-2\/\" \/><\/div>\n\t\t<\/figure>\n\t<\/div>\n<div class=\"vc_separator wpb_content_element vc_separator_align_left vc_sep_width_100 vc_sep_pos_align_center vc_sep_color_grey wpb_content_element vc_separator-has-text\" ><span class=\"vc_sep_holder vc_sep_holder_l\"><span class=\"vc_sep_line\"><\/span><\/span><h4>Physiotherapist Alexandra Gomes<\/h4><span class=\"vc_sep_holder vc_sep_holder_r\"><span class=\"vc_sep_line\"><\/span><\/span>\n<\/div>\n\t<div class=\"wpb_text_column wpb_content_element  vc_custom_1758979124940\" >\n\t\t<div class=\"wpb_wrapper\">\n\t\t\t<h5><span style=\"color: #1b9193;\">Specialising in Facial Paralysis<\/span><\/h5>\n\n\t\t<\/div>\n\t<\/div>\n\n\t<div class=\"wpb_text_column wpb_content_element  vc_custom_1761194210556\" >\n\t\t<div class=\"wpb_wrapper\">\n\t\t\t<h6>Member of Facial Therapy Specialists International<\/h6>\n\n\t\t<\/div>\n\t<\/div>\n<div class=\"vc_btn3-container vc_btn3-left\" ><a onmouseleave=\"this.style.borderColor='#666666'; this.style.backgroundColor='transparent'; this.style.color='#666666'\" onmouseenter=\"this.style.borderColor='#1b9193'; this.style.backgroundColor='#1b9193'; this.style.color='#ffffff';\" style=\"border-color:#666666; color:#666666;\" class=\"vc_general vc_btn3 vc_btn3-size-xs vc_btn3-shape-round vc_btn3-style-outline-custom\" href=\"https:\/\/integrativa.pt\/en\/physiotherapist-alexandra-gomes\/\" title=\"Visceral Osteopathy\">Learn more\u2026<\/a><\/div><\/div><\/div><\/div><\/div><div class=\"vc_row-full-width vc_clearfix\"><\/div><div data-vc-full-width=\"true\" data-vc-full-width-temp=\"true\" data-vc-full-width-init=\"false\" class=\"vc_row wpb_row vc_row-fluid vc_column-gap-25 vc_row-o-equal-height vc_row-o-content-top vc_row-flex\"><div class=\"wpb_column vc_column_container vc_col-sm-12 vc_hidden-lg vc_hidden-md vc_hidden-sm\"><div class=\"vc_column-inner\"><div class=\"wpb_wrapper\"><div id=\"ultimate-heading-966469f28dda703d3\" class=\"uvc-heading ult-adjust-bottom-margin ultimate-heading-966469f28dda703d3 uvc-7321\" data-hspacer=\"no_spacer\"  data-halign=\"left\" style=\"text-align:left\"><div class=\"uvc-heading-spacer no_spacer\" style=\"top\"><\/div><div class=\"uvc-main-heading ult-responsive\"  data-ultimate-target='.uvc-heading.ultimate-heading-966469f28dda703d3 h1'  data-responsive-json-new='{\"font-size\":\"desktop:38px;\",\"line-height\":\"desktop:40px;\"}' ><h1 style=\"--font-weight:theme;color:#1b9193;\">Physiotherapy<\/h1><\/div><div class=\"uvc-sub-heading ult-responsive\"  data-ultimate-target='.uvc-heading.ultimate-heading-966469f28dda703d3 .uvc-sub-heading '  data-responsive-json-new='{\"font-size\":\"desktop:15px;\",\"line-height\":\"\"}'  style=\"font-weight:normal;\"><\/p>\n<h2>Specializes in Facial Paralysis<\/h2>\n<p><\/div><\/div>\n\t<div  class=\"wpb_single_image wpb_content_element vc_align_center\">\n\t\t\n\t\t<figure class=\"wpb_wrapper vc_figure\">\n\t\t\t<div class=\"vc_single_image-wrapper vc_box_rounded  vc_box_border_grey\"><img loading=\"lazy\" decoding=\"async\" width=\"1517\" height=\"1137\" src=\"https:\/\/integrativa.pt\/wp-content\/uploads\/2022\/10\/Paralisia-Facial.png\" class=\"vc_single_image-img attachment-full\" alt=\"Facial Palsy Physiotherapy\" title=\"Facial paralysis\" srcset=\"https:\/\/integrativa.pt\/wp-content\/uploads\/2022\/10\/Paralisia-Facial.png 1517w, https:\/\/integrativa.pt\/wp-content\/uploads\/2022\/10\/Paralisia-Facial-300x225.png 300w, https:\/\/integrativa.pt\/wp-content\/uploads\/2022\/10\/Paralisia-Facial-1024x767.png 1024w, https:\/\/integrativa.pt\/wp-content\/uploads\/2022\/10\/Paralisia-Facial-768x576.png 768w\" sizes=\"auto, (max-width: 1517px) 100vw, 1517px\"  data-dt-location=\"https:\/\/integrativa.pt\/en\/especialidades\/fisioterapia\/fisioterapia-especializada-em-paralisia-facial\/paralisia-facial\/\" \/><\/div>\n\t\t<\/figure>\n\t<\/div>\n<div id=\"ultimate-heading-593269f28dda70a89\" class=\"uvc-heading ult-adjust-bottom-margin ultimate-heading-593269f28dda70a89 uvc-296  uvc-heading-default-font-sizes\" data-hspacer=\"no_spacer\"  data-halign=\"left\" style=\"text-align:left\"><div class=\"uvc-heading-spacer no_spacer\" style=\"top\"><\/div><div class=\"uvc-sub-heading ult-responsive\"  data-ultimate-target='.uvc-heading.ultimate-heading-593269f28dda70a89 .uvc-sub-heading '  data-responsive-json-new='{\"font-size\":\"\",\"line-height\":\"\"}'  style=\"font-weight:normal;\">Facial paralysis is a condition that affects the muscles of the face and can cause weakness, asymmetry in movements, difficulty closing the eye and changes in facial expression. At some point of the recovery you may experience compensations and synkinesis.<\/p>\n<p>If you have any of these symptoms, it's essential to make an appointment with a specialised physiotherapist. The right treatment, started early, makes all the difference to recovery.<\/p>\n<p>At Integrativa, we understand the complexity of facial paralysis and the need for specialised treatment. Unfortunately, there are few professionals in Portugal who have specialised in this area. However, our physiotherapist is internationally recognised as an expert in the treatment of facial paralysis, based on the latest scientific evidence.<\/div><\/div><div class=\"vc_row wpb_row vc_inner vc_row-fluid\"><div class=\"wpb_column vc_column_container vc_col-sm-12\"><div class=\"vc_column-inner\"><div class=\"wpb_wrapper\"><div id=\"ultimate-heading-280469f28dda70ca6\" class=\"uvc-heading ult-adjust-bottom-margin ultimate-heading-280469f28dda70ca6 uvc-5757  uvc-heading-default-font-sizes\" data-hspacer=\"no_spacer\"  data-halign=\"center\" style=\"text-align:center\"><div class=\"uvc-heading-spacer no_spacer\" style=\"top\"><\/div><div class=\"uvc-main-heading ult-responsive\"  data-ultimate-target='.uvc-heading.ultimate-heading-280469f28dda70ca6 h4'  data-responsive-json-new='{\"font-size\":\"\",\"line-height\":\"\"}' ><h4 style=\"--font-weight:theme;color:#1B9193;margin-top:25px;\">Our methodology for treating facial paralysis<\/h4><\/div><div class=\"uvc-sub-heading ult-responsive\"  data-ultimate-target='.uvc-heading.ultimate-heading-280469f28dda70ca6 .uvc-sub-heading '  data-responsive-json-new='{\"font-size\":\"\",\"line-height\":\"\"}'  style=\"font-weight:normal;\"><\/p>\n<h5 style=\"text-align: left;\">Stage 1: Evaluation<\/h5>\n<p style=\"text-align: left;\">Our journey begins with a full and detailed assessment of your face. In this first session, our specialised physiotherapist will make the diagnosis during the session where they will assess the extent of the paralysis, your needs and the strategies and techniques for improvement.<\/p>\n<h5 style=\"text-align: left;\">Stage 2: Intensive Treatment<\/h5>\n<p style=\"text-align: left;\">In this phase, treatment sessions take place with the aim of improving facial asymmetry at rest, increasing the mobility of facial tissues and beginning to reduce involuntary contractions (synkinesis).<\/p>\n<h5 style=\"text-align: left;\">Stage 3: Maintaining Gains and Preparing for Discharge<\/h5>\n<p style=\"text-align: left;\">In this phase, we will focus treatment on maintaining the gains made and preparing for discharge.<\/p>\n<p><\/div><\/div><\/div><\/div><\/div><\/div>\n\t<div class=\"wpb_text_column wpb_content_element  vc_custom_1761157455522\" >\n\t\t<div class=\"wpb_wrapper\">\n\t\t\t<p>If you're dealing with facial paralysis, you're not alone.<br data-start=\"2787\" data-end=\"2790\" \/>Book your specialised physiotherapy session at Integrativa and discover how we can help you regain mobility, expression and confidence. Our sessions can be at Integrativa or online.<\/p>\n\n\t\t<\/div>\n\t<\/div>\n<div  class=\"vc_do_toggle vc_toggle vc_toggle_default vc_toggle_color_default  vc_toggle_size_md vc_custom_1717251317177\"><div class=\"vc_toggle_title\"><h4>Why choose Integrativa?<\/h4><i class=\"vc_toggle_icon\"><\/i><\/div><div class=\"vc_toggle_content\"><ul>\n<li><strong>Reference in the Treatment of Facial Paralysis in Portugal<\/strong>Our team is a benchmark in the treatment of facial paralysis in Portugal, with international training based on the latest scientific evidence.<\/li>\n<li><strong>International Recognition<\/strong>: Our physiotherapists are internationally recognised for their <em>FTSI - Facial Therapist Specialists International<\/em> as specialists in the treatment of facial paralysis.<\/li>\n<li><strong>We are pioneers in the specialised treatment of facial paralysis in Portugal<\/strong>Our exclusive method helps you reach the maximum potential of your face, promoting harmony and symmetry in your movements.<\/li>\n<li><strong>Individualised Approach: <\/strong>All sessions are held in a private and individual environment, guaranteeing the exclusive attention of a therapist throughout the treatment.<\/li>\n<li><strong>Flexibility in treatment:<\/strong> Our method allows for the option of online sessions, adapting to the needs of our patients and providing access to treatment for those who cannot travel to the clinic.<\/li>\n<\/ul>\n<\/div><\/div><div class=\"hr-thin style-double hr-left\" style=\"width: 25%;border-color: #1b9193;border-top-width: 6px;\"><\/div>\n\t<div  class=\"wpb_single_image wpb_content_element vc_align_left  vc_custom_1679212714660\">\n\t\t\n\t\t<figure class=\"wpb_wrapper vc_figure\">\n\t\t\t<div class=\"vc_single_image-wrapper   vc_box_border_grey\"><img loading=\"lazy\" decoding=\"async\" width=\"150\" height=\"150\" src=\"https:\/\/integrativa.pt\/wp-content\/uploads\/2023\/03\/Fisioterapeuta-Alexandra-Gomes-1-150x150.jpg\" class=\"vc_single_image-img attachment-thumbnail\" alt=\"Physiotherapist Alexandra Gomes de Brand\u00e3o\" title=\"Physiotherapist Alexandra Gomes\" srcset=\"https:\/\/integrativa.pt\/wp-content\/uploads\/2023\/03\/Fisioterapeuta-Alexandra-Gomes-1-150x150.jpg 150w, https:\/\/integrativa.pt\/wp-content\/uploads\/2023\/03\/Fisioterapeuta-Alexandra-Gomes-1-300x300.jpg 300w, https:\/\/integrativa.pt\/wp-content\/uploads\/2023\/03\/Fisioterapeuta-Alexandra-Gomes-1.jpg 711w\" sizes=\"auto, (max-width: 150px) 100vw, 150px\"  data-dt-location=\"https:\/\/integrativa.pt\/en\/equipa-integrativa\/fisioterapeuta-alexandra-gomes-2\/\" \/><\/div>\n\t\t<\/figure>\n\t<\/div>\n<div class=\"vc_separator wpb_content_element vc_separator_align_left vc_sep_width_100 vc_sep_pos_align_center vc_sep_color_grey wpb_content_element vc_separator-has-text\" ><span class=\"vc_sep_holder vc_sep_holder_l\"><span class=\"vc_sep_line\"><\/span><\/span><h4>Physiotherapist Alexandra Gomes<\/h4><span class=\"vc_sep_holder vc_sep_holder_r\"><span class=\"vc_sep_line\"><\/span><\/span>\n<\/div>\n\t<div class=\"wpb_text_column wpb_content_element  vc_custom_1758979124940\" >\n\t\t<div class=\"wpb_wrapper\">\n\t\t\t<h5><span style=\"color: #1b9193;\">Specialising in Facial Paralysis<\/span><\/h5>\n\n\t\t<\/div>\n\t<\/div>\n\n\t<div class=\"wpb_text_column wpb_content_element  vc_custom_1719838195584\" >\n\t\t<div class=\"wpb_wrapper\">\n\t\t\t<h6>Member of Facial Therapy Specialists International<\/h6>\n\n\t\t<\/div>\n\t<\/div>\n<div class=\"vc_btn3-container vc_btn3-center vc_custom_1758967912636\" ><a onmouseleave=\"this.style.borderColor=&#039;#1B9193&#039;; this.style.backgroundColor=&#039;transparent&#039;; this.style.color=&#039;#1B9193&#039;\" onmouseenter=\"this.style.borderColor=&#039;#FFFFFF&#039;; this.style.backgroundColor=&#039;#FFFFFF&#039;; this.style.color=&#039;#233D7F&#039;;\" style=\"border-color:#1B9193; color:#1B9193;\" class=\"vc_general vc_btn3 vc_btn3-size-md vc_btn3-shape-round vc_btn3-style-outline-custom\" href=\"https:\/\/wa.me\/351965155769\" title=\"Booking\" target=\"_blank\" rel=\"noopener\">Book an Appointment<\/a><\/div><\/div><\/div><\/div><\/div><div class=\"vc_row-full-width vc_clearfix\"><\/div><div class=\"vc_row wpb_row vc_row-fluid\"><div class=\"wpb_column vc_column_container vc_col-sm-12\"><div class=\"vc_column-inner vc_custom_1676836891191\"><div class=\"wpb_wrapper\"><div class=\"vc_separator wpb_content_element vc_separator_align_center vc_sep_width_100 vc_sep_pos_align_center wpb_content_element vc_separator-has-text\" ><span class=\"vc_sep_holder vc_sep_holder_l\"><span style=\"border-color:#1b9193;\" class=\"vc_sep_line\"><\/span><\/span><h4>Blog Articles<\/h4><span class=\"vc_sep_holder vc_sep_holder_r\"><span style=\"border-color:#1b9193;\" class=\"vc_sep_line\"><\/span><\/span>\n<\/div><style type=\"text\/css\" data-type=\"the7_shortcodes-inline-css\">.blog-carousel-shortcode.blog-carousel-shortcode-id-65383cb20d853dfbb6940e55731965f0.dividers-on.classic-layout-list article {\n  padding-top: 0;\n}\n.blog-carousel-shortcode.blog-carousel-shortcode-id-65383cb20d853dfbb6940e55731965f0.dividers-on.classic-layout-list article:first-of-type {\n  margin-top: 0;\n  padding-top: 0;\n}\n.blog-carousel-shortcode.blog-carousel-shortcode-id-65383cb20d853dfbb6940e55731965f0.classic-layout-list.mode-list .post-entry-content {\n  width: calc(100% - );\n}\n.blog-carousel-shortcode.blog-carousel-shortcode-id-65383cb20d853dfbb6940e55731965f0.classic-layout-list.mode-list .no-img .post-entry-content {\n  width: 100%;\n}\n.blog-carousel-shortcode.blog-carousel-shortcode-id-65383cb20d853dfbb6940e55731965f0 .filter-bg-decoration .filter-categories a.act {\n  color: #fff;\n}\n.blog-carousel-shortcode.blog-carousel-shortcode-id-65383cb20d853dfbb6940e55731965f0:not(.mode-masonry) article:first-of-type,\n.blog-carousel-shortcode.blog-carousel-shortcode-id-65383cb20d853dfbb6940e55731965f0:not(.mode-masonry) article.visible.first:not(.product) {\n  margin-top: 0;\n}\n.blog-carousel-shortcode.blog-carousel-shortcode-id-65383cb20d853dfbb6940e55731965f0.dividers-on:not(.mode-masonry) article {\n  margin-top: 0;\n}\n.blog-carousel-shortcode.blog-carousel-shortcode-id-65383cb20d853dfbb6940e55731965f0.dividers-on:not(.mode-masonry) article:first-of-type,\n.blog-carousel-shortcode.blog-carousel-shortcode-id-65383cb20d853dfbb6940e55731965f0.dividers-on:not(.mode-masonry) article.visible.first:not(.product) {\n  margin-top: 0;\n  padding-top: 0;\n}\n.blog-carousel-shortcode.blog-carousel-shortcode-id-65383cb20d853dfbb6940e55731965f0 .post-thumbnail-wrap {\n  padding: 0px 0px 0px 0px;\n}\n.blog-carousel-shortcode.blog-carousel-shortcode-id-65383cb20d853dfbb6940e55731965f0.enable-bg-rollover .post-thumbnail-rollover:after {\n  background: -webkit-linear-gradient();\n  background: linear-gradient();\n}\n.blog-carousel-shortcode.blog-carousel-shortcode-id-65383cb20d853dfbb6940e55731965f0 .gallery-zoom-ico {\n  width: 44px;\n  height: 44px;\n  line-height: 44px;\n  border-radius: 100px;\n  margin: -22px 0 0 -22px;\n  border-width: 0px;\n  color: #ffffff;\n  background: none;\n}\n.bottom-overlap-layout-list.blog-carousel-shortcode.blog-carousel-shortcode-id-65383cb20d853dfbb6940e55731965f0 .gallery-zoom-ico {\n  margin-top: -72px;\n}\n.gradient-overlay-layout-list.blog-carousel-shortcode.blog-carousel-shortcode-id-65383cb20d853dfbb6940e55731965f0 .gallery-zoom-ico,\n.content-rollover-layout-list.blog-carousel-shortcode.blog-carousel-shortcode-id-65383cb20d853dfbb6940e55731965f0 .gallery-zoom-ico {\n  margin: 0 0 10px;\n}\n.content-align-center.gradient-overlay-layout-list.blog-carousel-shortcode.blog-carousel-shortcode-id-65383cb20d853dfbb6940e55731965f0 .gallery-zoom-ico,\n.content-align-center.content-rollover-layout-list.blog-carousel-shortcode.blog-carousel-shortcode-id-65383cb20d853dfbb6940e55731965f0 .gallery-zoom-ico {\n  margin: 0 auto 10px;\n}\n.dt-icon-bg-on.blog-carousel-shortcode.blog-carousel-shortcode-id-65383cb20d853dfbb6940e55731965f0 .gallery-zoom-ico {\n  background: rgba(255,255,255,0.3);\n  box-shadow: none;\n}\n.blog-carousel-shortcode.blog-carousel-shortcode-id-65383cb20d853dfbb6940e55731965f0 .gallery-zoom-ico > span,\n.blog-carousel-shortcode.blog-carousel-shortcode-id-65383cb20d853dfbb6940e55731965f0 .gallery-zoom-ico:before {\n  font-size: 32px;\n  line-height: 44px;\n}\n.blog-carousel-shortcode.blog-carousel-shortcode-id-65383cb20d853dfbb6940e55731965f0 .gallery-zoom-ico > span,\n.blog-carousel-shortcode.blog-carousel-shortcode-id-65383cb20d853dfbb6940e55731965f0 .gallery-zoom-ico:before {\n  color: #ffffff;\n  background: none;\n}\n.blog-carousel-shortcode.blog-carousel-shortcode-id-65383cb20d853dfbb6940e55731965f0 .entry-title,\n.blog-carousel-shortcode.blog-carousel-shortcode-id-65383cb20d853dfbb6940e55731965f0.owl-carousel .entry-title {\n  margin-bottom: 5px;\n}\n.blog-carousel-shortcode.blog-carousel-shortcode-id-65383cb20d853dfbb6940e55731965f0 .entry-meta {\n  margin-bottom: 15px;\n}\n.blog-carousel-shortcode.blog-carousel-shortcode-id-65383cb20d853dfbb6940e55731965f0 .portfolio-categories {\n  margin-bottom: 15px;\n}\n.blog-carousel-shortcode.blog-carousel-shortcode-id-65383cb20d853dfbb6940e55731965f0 .entry-excerpt {\n  margin-bottom: 5px;\n}\n.blog-carousel-shortcode.blog-carousel-shortcode-id-65383cb20d853dfbb6940e55731965f0:not(.centered-layout-list) .post-entry-content {\n  padding: 15px 20px 20px 20px;\n}\n.blog-carousel-shortcode.blog-carousel-shortcode-id-65383cb20d853dfbb6940e55731965f0:not(.centered-layout-list):not(.content-bg-on):not(.mode-list) .no-img .post-entry-content {\n  padding: 0;\n}\n@media screen and (max-width: ) {\n  .blog-carousel-shortcode.blog-carousel-shortcode-id-65383cb20d853dfbb6940e55731965f0 article {\n    -ms-flex-flow: column nowrap;\n    flex-flow: column nowrap;\n    margin-top: 20px;\n  }\n  .blog-carousel-shortcode.blog-carousel-shortcode-id-65383cb20d853dfbb6940e55731965f0.dividers-on article {\n    border: none;\n  }\n  .blog-carousel-shortcode.blog-carousel-shortcode-id-65383cb20d853dfbb6940e55731965f0.content-bg-on.centered-layout-list article {\n    padding: 0;\n  }\n  .blog-carousel-shortcode.blog-carousel-shortcode-id-65383cb20d853dfbb6940e55731965f0.blog-shortcode.dividers-on article,\n  .blog-carousel-shortcode.blog-carousel-shortcode-id-65383cb20d853dfbb6940e55731965f0.dividers-on.classic-layout-list article {\n    margin-top: 20px;\n    padding: 0;\n  }\n  .blog-carousel-shortcode.blog-carousel-shortcode-id-65383cb20d853dfbb6940e55731965f0.blog-shortcode.dividers-on article:first-of-type,\n  .blog-carousel-shortcode.blog-carousel-shortcode-id-65383cb20d853dfbb6940e55731965f0.dividers-on.classic-layout-list article:first-of-type {\n    padding: 0;\n  }\n  #page .blog-carousel-shortcode.blog-carousel-shortcode-id-65383cb20d853dfbb6940e55731965f0 .post-thumbnail-wrap,\n  #page .blog-carousel-shortcode.blog-carousel-shortcode-id-65383cb20d853dfbb6940e55731965f0 .post-entry-content {\n    width: 100%;\n    margin: 0;\n    top: 0;\n  }\n  #page .blog-carousel-shortcode.blog-carousel-shortcode-id-65383cb20d853dfbb6940e55731965f0 .post-thumbnail-wrap {\n    padding: 0;\n  }\n  #page .blog-carousel-shortcode.blog-carousel-shortcode-id-65383cb20d853dfbb6940e55731965f0 .post-entry-content:after {\n    display: none;\n  }\n  #page .blog-carousel-shortcode.blog-carousel-shortcode-id-65383cb20d853dfbb6940e55731965f0 .project-even .post-thumbnail-wrap,\n  #page .blog-carousel-shortcode.blog-carousel-shortcode-id-65383cb20d853dfbb6940e55731965f0.centered-layout-list .post-thumbnail-wrap {\n    -ms-flex-order: 0;\n    order: 0;\n  }\n  #page .blog-carousel-shortcode.blog-carousel-shortcode-id-65383cb20d853dfbb6940e55731965f0.centered-layout-list .post-entry-title-content {\n    -ms-flex-order: 1;\n    order: 1;\n    width: 100%;\n    padding: 20px 20px 0;\n  }\n  #page .blog-carousel-shortcode.blog-carousel-shortcode-id-65383cb20d853dfbb6940e55731965f0.centered-layout-list .post-entry-content {\n    -ms-flex-order: 2;\n    order: 2;\n    padding-top: 0;\n  }\n  #page .blog-carousel-shortcode.blog-carousel-shortcode-id-65383cb20d853dfbb6940e55731965f0 .fancy-categories {\n    top: 10px;\n    left: 10px;\n    bottom: auto;\n    right: auto;\n  }\n  #page .blog-carousel-shortcode.blog-carousel-shortcode-id-65383cb20d853dfbb6940e55731965f0 .fancy-date a {\n    top: 10px;\n    right: 10px;\n    left: auto;\n    bottom: auto;\n  }\n  #page .blog-carousel-shortcode.blog-carousel-shortcode-id-65383cb20d853dfbb6940e55731965f0 .post-entry-content {\n    padding: 20px;\n  }\n  #page .blog-carousel-shortcode.blog-carousel-shortcode-id-65383cb20d853dfbb6940e55731965f0 .entry-title {\n    margin: 3px 0 5px;\n    font-size: 20px;\n    line-height: 26px;\n  }\n  #page .blog-carousel-shortcode.blog-carousel-shortcode-id-65383cb20d853dfbb6940e55731965f0 .entry-meta {\n    margin: 5px 0 5px;\n  }\n  #page .blog-carousel-shortcode.blog-carousel-shortcode-id-65383cb20d853dfbb6940e55731965f0 .entry-excerpt {\n    margin: 15px 0 0;\n  }\n  #page .blog-carousel-shortcode.blog-carousel-shortcode-id-65383cb20d853dfbb6940e55731965f0 .post-details {\n    margin: 5px 0 10px;\n  }\n  #page .blog-carousel-shortcode.blog-carousel-shortcode-id-65383cb20d853dfbb6940e55731965f0 .post-details.details-type-link {\n    margin-bottom: 2px;\n  }\n}\n.blog-carousel-shortcode.blog-carousel-shortcode-id-65383cb20d853dfbb6940e55731965f0.owl-carousel .owl-nav div {\n  width: 36px;\n  height: 36px;\n  border-radius: 500px;\n}\n.dt-arrow-border-on.blog-carousel-shortcode.blog-carousel-shortcode-id-65383cb20d853dfbb6940e55731965f0.owl-carousel .owl-nav div:not(:hover):before {\n  border-width: 0px;\n}\n.dt-arrow-hover-border-on.blog-carousel-shortcode.blog-carousel-shortcode-id-65383cb20d853dfbb6940e55731965f0.owl-carousel .owl-nav div:hover:after {\n  border-width: 0px;\n}\n.blog-carousel-shortcode.blog-carousel-shortcode-id-65383cb20d853dfbb6940e55731965f0.owl-carousel .owl-nav div.owl-prev {\n  top: 50%;\n  transform: translateY(calc(-50% + 0px));\n  left: -43px;\n}\n@media all and (-ms-high-contrast: none) {\n  .blog-carousel-shortcode.blog-carousel-shortcode-id-65383cb20d853dfbb6940e55731965f0.owl-carousel .owl-nav div.owl-prev {\n    transform: translateY(-50%);\n    margin-top: 0px;\n  }\n}\n.blog-carousel-shortcode.blog-carousel-shortcode-id-65383cb20d853dfbb6940e55731965f0.owl-carousel .owl-nav div.owl-prev i {\n  padding: 0px 0px 0px 0px;\n}\n.blog-carousel-shortcode.blog-carousel-shortcode-id-65383cb20d853dfbb6940e55731965f0.owl-carousel .owl-nav div.owl-next {\n  top: 50%;\n  transform: translateY(calc(-50% + 0px));\n  right: -43px;\n}\n@media all and (-ms-high-contrast: none) {\n  .blog-carousel-shortcode.blog-carousel-shortcode-id-65383cb20d853dfbb6940e55731965f0.owl-carousel .owl-nav div.owl-next {\n    transform: translateY(-50%);\n    margin-top: 0px;\n  }\n}\n.blog-carousel-shortcode.blog-carousel-shortcode-id-65383cb20d853dfbb6940e55731965f0.owl-carousel .owl-nav div.owl-next i {\n  padding: 0px 0px 0px 0px;\n}\n.blog-carousel-shortcode.blog-carousel-shortcode-id-65383cb20d853dfbb6940e55731965f0.owl-carousel .owl-nav i {\n  font-size: 18px;\n}\n.blog-carousel-shortcode.blog-carousel-shortcode-id-65383cb20d853dfbb6940e55731965f0.owl-carousel .owl-nav div:not(:hover) i,\n.blog-carousel-shortcode.blog-carousel-shortcode-id-65383cb20d853dfbb6940e55731965f0.owl-carousel .owl-nav div:not(:hover) i:before {\n  color: #ffffff;\n  background: none;\n}\n.blog-carousel-shortcode.blog-carousel-shortcode-id-65383cb20d853dfbb6940e55731965f0.owl-carousel .owl-nav div:hover i,\n.blog-carousel-shortcode.blog-carousel-shortcode-id-65383cb20d853dfbb6940e55731965f0.owl-carousel .owl-nav div:hover i:before {\n  color: rgba(255,255,255,0.75);\n  background: none;\n}\n.blog-carousel-shortcode.blog-carousel-shortcode-id-65383cb20d853dfbb6940e55731965f0 .owl-dots {\n  top: calc(100% + 20px);\n  left: 50%;\n  transform: translateX(calc(-50% + 0px));\n}\n@media all and (-ms-high-contrast: none) {\n  .blog-carousel-shortcode.blog-carousel-shortcode-id-65383cb20d853dfbb6940e55731965f0 .owl-dots {\n    transform: translateX(-50%);\n    margin-left: 0px;\n  }\n}\n.blog-carousel-shortcode.blog-carousel-shortcode-id-65383cb20d853dfbb6940e55731965f0 .owl-dot {\n  width: 10px;\n  height: 10px;\n  margin: 0 8px;\n}\n@media screen and (max-width: 778px) {\n  .blog-carousel-shortcode.blog-carousel-shortcode-id-65383cb20d853dfbb6940e55731965f0.hide-arrows .owl-nav a {\n    display: none;\n  }\n}\n@media screen and (max-width: 778px) {\n  .blog-carousel-shortcode.blog-carousel-shortcode-id-65383cb20d853dfbb6940e55731965f0.reposition-arrows .owl-nav div.owl-prev {\n    top: 50%;\n    transform: translateY(calc(-50% + 0px));\n    left: 10px;\n  }\n  .blog-carousel-shortcode.blog-carousel-shortcode-id-65383cb20d853dfbb6940e55731965f0.reposition-arrows .owl-nav div.owl-next {\n    top: 50%;\n    transform: translateY(calc(-50% + 0px));\n    right: 10px;\n  }\n}\n@media screen and (max-width: 778px) and all and (-ms-high-contrast: none) {\n  .blog-carousel-shortcode.blog-carousel-shortcode-id-65383cb20d853dfbb6940e55731965f0.reposition-arrows .owl-nav div.owl-prev {\n    transform: translateY(-50%);\n    margin-top: 0px;\n  }\n}\n@media screen and (max-width: 778px) and all and (-ms-high-contrast: none) {\n  .blog-carousel-shortcode.blog-carousel-shortcode-id-65383cb20d853dfbb6940e55731965f0.reposition-arrows .owl-nav div.owl-next {\n    transform: translateY(-50%);\n    margin-top: 0px;\n  }\n}<\/style><div class=\"owl-carousel blog-carousel-shortcode dt-owl-carousel-call blog-carousel-shortcode-id-65383cb20d853dfbb6940e55731965f0 classic-layout-list scale-img dt-icon-bg-off dt-arrow-border-on dt-arrow-hover-border-on meta-info-off bullets-small-dot-stroke reposition-arrows arrows-bg-on disable-arrows-hover-bg arrows-hover-bg-on\" data-scroll-mode=\"1\" data-col-num=\"3\" data-wide-col-num=\"4\" data-laptop-col=\"3\" data-h-tablet-columns-num=\"3\" data-v-tablet-columns-num=\"2\" data-phone-columns-num=\"1\" data-auto-height=\"true\" data-col-gap=\"30\" data-stage-padding=\"0\" data-speed=\"600\" data-autoplay=\"false\" data-autoplay_speed=\"6000\" data-arrows=\"true\" data-bullet=\"false\" data-next-icon=\"icon-ar-017-r\" data-prev-icon=\"icon-ar-017-l\"><article class=\"post post-2509 type-post status-publish format-standard has-post-thumbnail hentry category-fisioterapia category-fisioterapia-em-paralisia-facial tag-fisioterapia tag-osteopatia tag-pilates-clinico category-6 category-39 description-off\" data-name=\"Paralisia facial: 6 orienta\u00e7\u00f5es cl\u00ednicas pr\u00e1ticas para complementar a fisioterapia especializada\" data-date=\"2023-10-11T10:27:45+00:00\">\n\n<div class=\"post-thumbnail-wrap\">\n\t<div class=\"post-thumbnail\">\n\t\t\n\t\t\n\t\t<a href=\"https:\/\/integrativa.pt\/en\/paralisia-facial-6-orientacoes-clinicas-praticas-para-complementar-a-fisioterapia-especializada\/\" class=\"post-thumbnail-rollover layzr-bg\"><img fetchpriority=\"high\" decoding=\"async\" class=\"preload-me owl-lazy-load aspect\" src=\"data:image\/svg+xml,%3Csvg%20xmlns%3D&#39;http%3A%2F%2Fwww.w3.org%2F2000%2Fsvg&#39;%20viewBox%3D&#39;0%200%20768%20512&#39;%2F%3E\" data-src=\"https:\/\/integrativa.pt\/wp-content\/uploads\/2024\/12\/Fisioterapia-Paralisia-Facial-Integrativa-8-768x512.webp\" data-srcset=\"https:\/\/integrativa.pt\/wp-content\/uploads\/2024\/12\/Fisioterapia-Paralisia-Facial-Integrativa-8-768x512.webp 768w, https:\/\/integrativa.pt\/wp-content\/uploads\/2024\/12\/Fisioterapia-Paralisia-Facial-Integrativa-8-1152x768.webp 1152w\" loading=\"eager\" style=\"--ratio: 768 \/ 512\" sizes=\"(max-width: 768px) 100vw, 768px\" alt=\"\" title=\"Integrative Facial Palsy Physiotherapy (8)\" width=\"768\" height=\"512\"  \/><\/a>\t<\/div>\n<\/div>\n\n\n<div class=\"post-entry-content\">\n\n\t<h3 class=\"entry-title\">\n\t\t<a href=\"https:\/\/integrativa.pt\/en\/paralisia-facial-6-orientacoes-clinicas-praticas-para-complementar-a-fisioterapia-especializada\/\" title=\"Facial paralysis: 6 practical clinical guidelines to complement specialised physiotherapy\" rel=\"bookmark\">Facial paralysis: 6 practical clinical guidelines to complement specialised physiotherapy<\/a>\n\t<\/h3>\n\n\t\n\t\n\t\n<a href=\"https:\/\/integrativa.pt\/en\/paralisia-facial-6-orientacoes-clinicas-praticas-para-complementar-a-fisioterapia-especializada\/\" class=\"post-details details-type-link\" aria-label=\"Read more about Facial paralysis: 6 practical clinical guidelines to complement specialised physiotherapy\">Read more<i class=\"dt-icon-the7-arrow-03\" aria-hidden=\"true\"><\/i><\/a>\n\n<\/div><\/article><article class=\"post post-5296 type-post status-publish format-standard has-post-thumbnail hentry category-fisioterapia-em-paralisia-facial tag-fisioterapia tag-osteopatia tag-pilates-clinico category-39 description-off\" data-name=\"Paralisia Facial: quanto tempo demora a recupera\u00e7\u00e3o e o papel da fisioterapia especializada\" data-date=\"2025-10-27T08:55:30+00:00\">\n\n<div class=\"post-thumbnail-wrap\">\n\t<div class=\"post-thumbnail\">\n\t\t\n\t\t\n\t\t<a href=\"https:\/\/integrativa.pt\/en\/paralisia-facial-quanto-tempo-demora-a-recuperacao-e-o-papel-da-fisioterapia-especializada\/\" class=\"post-thumbnail-rollover layzr-bg\"><img decoding=\"async\" class=\"preload-me owl-lazy-load aspect\" src=\"data:image\/svg+xml,%3Csvg%20xmlns%3D&#39;http%3A%2F%2Fwww.w3.org%2F2000%2Fsvg&#39;%20viewBox%3D&#39;0%200%20768%20512&#39;%2F%3E\" data-src=\"https:\/\/integrativa.pt\/wp-content\/uploads\/2024\/12\/Fisioterapia-Paralisia-Facial-Integrativa-10-768x512.webp\" data-srcset=\"https:\/\/integrativa.pt\/wp-content\/uploads\/2024\/12\/Fisioterapia-Paralisia-Facial-Integrativa-10-768x512.webp 768w, https:\/\/integrativa.pt\/wp-content\/uploads\/2024\/12\/Fisioterapia-Paralisia-Facial-Integrativa-10-1152x768.webp 1152w\" loading=\"eager\" style=\"--ratio: 768 \/ 512\" sizes=\"(max-width: 768px) 100vw, 768px\" alt=\"\" title=\"Integrative Facial Palsy Physiotherapy (10)\" width=\"768\" height=\"512\"  \/><\/a>\t<\/div>\n<\/div>\n\n\n<div class=\"post-entry-content\">\n\n\t<h3 class=\"entry-title\">\n\t\t<a href=\"https:\/\/integrativa.pt\/en\/paralisia-facial-quanto-tempo-demora-a-recuperacao-e-o-papel-da-fisioterapia-especializada\/\" title=\"Facial paralysis: how long recovery takes and the role of specialised physiotherapy\" rel=\"bookmark\">Facial paralysis: how long recovery takes and the role of specialised physiotherapy<\/a>\n\t<\/h3>\n\n\t\n\t\n\t\n<a href=\"https:\/\/integrativa.pt\/en\/paralisia-facial-quanto-tempo-demora-a-recuperacao-e-o-papel-da-fisioterapia-especializada\/\" class=\"post-details details-type-link\" aria-label=\"Read more about Facial paralysis: how long recovery takes and the role of specialised physiotherapy\">Read more<i class=\"dt-icon-the7-arrow-03\" aria-hidden=\"true\"><\/i><\/a>\n\n<\/div><\/article><article class=\"post post-2940 type-post status-publish format-standard has-post-thumbnail hentry category-fisioterapia category-fisioterapia-em-paralisia-facial tag-fisioterapia tag-osteopatia tag-pilates-clinico category-6 category-39 description-off\" data-name=\"Paralisia Facial ap\u00f3s Cirurgia de Neurinoma do Ac\u00fastico: mecanismos, impacto funcional e fisioterapia especializada\" data-date=\"2024-01-24T17:57:01+00:00\">\n\n<div class=\"post-thumbnail-wrap\">\n\t<div class=\"post-thumbnail\">\n\t\t\n\t\t\n\t\t<a href=\"https:\/\/integrativa.pt\/en\/paralisia-facial-apos-cirurgia-de-neurinoma-do-acustico-mecanismos-impacto-funcional-e-fisioterapia-especializada\/\" class=\"post-thumbnail-rollover layzr-bg\"><img decoding=\"async\" class=\"preload-me owl-lazy-load aspect\" src=\"data:image\/svg+xml,%3Csvg%20xmlns%3D&#39;http%3A%2F%2Fwww.w3.org%2F2000%2Fsvg&#39;%20viewBox%3D&#39;0%200%20768%20512&#39;%2F%3E\" data-src=\"https:\/\/integrativa.pt\/wp-content\/uploads\/2024\/12\/Fisioterapia-Paralisia-Facial-Integrativa-11-768x512.webp\" data-srcset=\"https:\/\/integrativa.pt\/wp-content\/uploads\/2024\/12\/Fisioterapia-Paralisia-Facial-Integrativa-11-768x512.webp 768w, https:\/\/integrativa.pt\/wp-content\/uploads\/2024\/12\/Fisioterapia-Paralisia-Facial-Integrativa-11-1152x768.webp 1152w\" loading=\"eager\" style=\"--ratio: 768 \/ 512\" sizes=\"(max-width: 768px) 100vw, 768px\" alt=\"\" title=\"Integrative Facial Palsy Physiotherapy (11)\" width=\"768\" height=\"512\"  \/><\/a>\t<\/div>\n<\/div>\n\n\n<div class=\"post-entry-content\">\n\n\t<h3 class=\"entry-title\">\n\t\t<a href=\"https:\/\/integrativa.pt\/en\/paralisia-facial-apos-cirurgia-de-neurinoma-do-acustico-mecanismos-impacto-funcional-e-fisioterapia-especializada\/\" title=\"Facial paralysis after acoustic neuroma surgery: mechanisms, functional impact and specialised physiotherapy\" rel=\"bookmark\">Facial paralysis after acoustic neuroma surgery: mechanisms, functional impact and specialised physiotherapy<\/a>\n\t<\/h3>\n\n\t\n\t\n\t\n<a href=\"https:\/\/integrativa.pt\/en\/paralisia-facial-apos-cirurgia-de-neurinoma-do-acustico-mecanismos-impacto-funcional-e-fisioterapia-especializada\/\" class=\"post-details details-type-link\" aria-label=\"Read more about Facial paralysis after acoustic neuroma surgery: mechanisms, functional impact and specialised physiotherapy\">Read more<i class=\"dt-icon-the7-arrow-03\" aria-hidden=\"true\"><\/i><\/a>\n\n<\/div><\/article><article class=\"post post-3737 type-post status-publish format-standard has-post-thumbnail hentry category-fisioterapia-em-paralisia-facial tag-fisioterapia tag-osteopatia tag-pilates-clinico category-39 description-off\" data-name=\"Sincinesias ap\u00f3s a paralisia facial: sinais de alerta, mecanismos e preven\u00e7\u00e3o\" data-date=\"2025-03-06T13:57:18+00:00\">\n\n<div class=\"post-thumbnail-wrap\">\n\t<div class=\"post-thumbnail\">\n\t\t\n\t\t\n\t\t<a href=\"https:\/\/integrativa.pt\/en\/sincinesias-apos-a-paralisia-facial-sinais-de-alerta-mecanismos-e-prevencao\/\" class=\"post-thumbnail-rollover layzr-bg\"><img decoding=\"async\" class=\"preload-me owl-lazy-load aspect\" src=\"data:image\/svg+xml,%3Csvg%20xmlns%3D&#39;http%3A%2F%2Fwww.w3.org%2F2000%2Fsvg&#39;%20viewBox%3D&#39;0%200%20768%20512&#39;%2F%3E\" data-src=\"https:\/\/integrativa.pt\/wp-content\/uploads\/2024\/12\/Fisioterapia-Paralisia-Facial-Integrativa-4-768x512.webp\" data-srcset=\"https:\/\/integrativa.pt\/wp-content\/uploads\/2024\/12\/Fisioterapia-Paralisia-Facial-Integrativa-4-768x512.webp 768w, https:\/\/integrativa.pt\/wp-content\/uploads\/2024\/12\/Fisioterapia-Paralisia-Facial-Integrativa-4-1152x768.webp 1152w\" loading=\"eager\" style=\"--ratio: 768 \/ 512\" sizes=\"(max-width: 768px) 100vw, 768px\" alt=\"\" title=\"Integrative Facial Palsy Physiotherapy (4)\" width=\"768\" height=\"512\"  \/><\/a>\t<\/div>\n<\/div>\n\n\n<div class=\"post-entry-content\">\n\n\t<h3 class=\"entry-title\">\n\t\t<a href=\"https:\/\/integrativa.pt\/en\/sincinesias-apos-a-paralisia-facial-sinais-de-alerta-mecanismos-e-prevencao\/\" title=\"Synkinesias after facial paralysis: warning signs, mechanisms and prevention\" rel=\"bookmark\">Synkinesias after facial paralysis: warning signs, mechanisms and prevention<\/a>\n\t<\/h3>\n\n\t\n\t\n\t\n<a href=\"https:\/\/integrativa.pt\/en\/sincinesias-apos-a-paralisia-facial-sinais-de-alerta-mecanismos-e-prevencao\/\" class=\"post-details details-type-link\" aria-label=\"Read more about Synkinesias after facial paralysis: warning signs, mechanisms and prevention\">Read more<i class=\"dt-icon-the7-arrow-03\" aria-hidden=\"true\"><\/i><\/a>\n\n<\/div><\/article><article class=\"post post-3267 type-post status-publish format-standard has-post-thumbnail hentry category-fisioterapia category-fisioterapia-em-paralisia-facial tag-fisioterapia tag-osteopatia tag-pilates-clinico category-6 category-39 description-off\" data-name=\"Sincinesias ap\u00f3s paralisia facial: o papel da fisioterapia especializada\" data-date=\"2024-06-07T14:01:28+00:00\">\n\n<div class=\"post-thumbnail-wrap\">\n\t<div class=\"post-thumbnail\">\n\t\t\n\t\t\n\t\t<a href=\"https:\/\/integrativa.pt\/en\/sincinesias-apos-paralisia-facial-o-papel-da-fisioterapia-especializada\/\" class=\"post-thumbnail-rollover layzr-bg\"><img decoding=\"async\" class=\"preload-me owl-lazy-load aspect\" src=\"data:image\/svg+xml,%3Csvg%20xmlns%3D&#39;http%3A%2F%2Fwww.w3.org%2F2000%2Fsvg&#39;%20viewBox%3D&#39;0%200%20768%20512&#39;%2F%3E\" data-src=\"https:\/\/integrativa.pt\/wp-content\/uploads\/2025\/10\/Lisboa-Alexandra-Integrativa-Fisioterapia-Paralisia-Facial-768x512.webp\" data-srcset=\"https:\/\/integrativa.pt\/wp-content\/uploads\/2025\/10\/Lisboa-Alexandra-Integrativa-Fisioterapia-Paralisia-Facial-768x512.webp 768w, https:\/\/integrativa.pt\/wp-content\/uploads\/2025\/10\/Lisboa-Alexandra-Integrativa-Fisioterapia-Paralisia-Facial-1152x768.webp 1152w\" loading=\"eager\" style=\"--ratio: 768 \/ 512\" sizes=\"(max-width: 768px) 100vw, 768px\" alt=\"\" title=\"Lisbon Alexandra Integrative Physiotherapy Facial Palsy\" width=\"768\" height=\"512\"  \/><\/a>\t<\/div>\n<\/div>\n\n\n<div class=\"post-entry-content\">\n\n\t<h3 class=\"entry-title\">\n\t\t<a href=\"https:\/\/integrativa.pt\/en\/sincinesias-apos-paralisia-facial-o-papel-da-fisioterapia-especializada\/\" title=\"Synkinesias after facial paralysis: the role of specialised physiotherapy\" rel=\"bookmark\">Synkinesias after facial paralysis: the role of specialised physiotherapy<\/a>\n\t<\/h3>\n\n\t\n\t\n\t\n<a href=\"https:\/\/integrativa.pt\/en\/sincinesias-apos-paralisia-facial-o-papel-da-fisioterapia-especializada\/\" class=\"post-details details-type-link\" aria-label=\"Read more about Synkinesis after facial paralysis: the role of specialized physiotherapy\">Read more<i class=\"dt-icon-the7-arrow-03\" aria-hidden=\"true\"><\/i><\/a>\n\n<\/div><\/article><article class=\"post post-5640 type-post status-publish format-standard has-post-thumbnail hentry category-fisioterapia-em-paralisia-facial tag-fisioterapia tag-osteopatia tag-pilates-clinico category-39 description-off\" data-name=\"Sincinesias ap\u00f3s Paralisia Facial: como melhorar mesmo anos depois\" data-date=\"2026-01-13T08:59:29+00:00\">\n\n<div class=\"post-thumbnail-wrap\">\n\t<div class=\"post-thumbnail\">\n\t\t\n\t\t\n\t\t<a href=\"https:\/\/integrativa.pt\/en\/sincinesias-apos-paralisia-facial-como-melhorar-mesmo-anos-depois\/\" class=\"post-thumbnail-rollover layzr-bg\"><img decoding=\"async\" class=\"preload-me owl-lazy-load aspect\" src=\"data:image\/svg+xml,%3Csvg%20xmlns%3D&#39;http%3A%2F%2Fwww.w3.org%2F2000%2Fsvg&#39;%20viewBox%3D&#39;0%200%20768%20512&#39;%2F%3E\" data-src=\"https:\/\/integrativa.pt\/wp-content\/uploads\/2024\/12\/Fisioterapia-Paralisia-Facial-Integrativa-9-768x512.webp\" data-srcset=\"https:\/\/integrativa.pt\/wp-content\/uploads\/2024\/12\/Fisioterapia-Paralisia-Facial-Integrativa-9-768x512.webp 768w, https:\/\/integrativa.pt\/wp-content\/uploads\/2024\/12\/Fisioterapia-Paralisia-Facial-Integrativa-9-1152x768.webp 1152w\" loading=\"eager\" style=\"--ratio: 768 \/ 512\" sizes=\"(max-width: 768px) 100vw, 768px\" alt=\"\" title=\"Integrative Facial Palsy Physiotherapy (9)\" width=\"768\" height=\"512\"  \/><\/a>\t<\/div>\n<\/div>\n\n\n<div class=\"post-entry-content\">\n\n\t<h3 class=\"entry-title\">\n\t\t<a href=\"https:\/\/integrativa.pt\/en\/sincinesias-apos-paralisia-facial-como-melhorar-mesmo-anos-depois\/\" title=\"Synkinesias after Facial Paralysis: how to improve even years later\" rel=\"bookmark\">Synkinesias after Facial Paralysis: how to improve even years later<\/a>\n\t<\/h3>\n\n\t\n\t\n\t\n<a href=\"https:\/\/integrativa.pt\/en\/sincinesias-apos-paralisia-facial-como-melhorar-mesmo-anos-depois\/\" class=\"post-details details-type-link\" aria-label=\"Read more about Sincinesias ap\u00f3s Paralisia Facial: como melhorar mesmo anos depois\">Read more<i class=\"dt-icon-the7-arrow-03\" aria-hidden=\"true\"><\/i><\/a>\n\n<\/div><\/article><\/div><\/div><\/div><\/div><\/div>\n<\/div>","protected":false},"excerpt":{"rendered":"<p>Fisioterapia Especializada em Paralisia Facial A paralisia facial \u00e9 uma condi\u00e7\u00e3o que afeta os m\u00fasculos da face, podendo causar fraqueza, assimetria nos movimentos, dificuldade em fechar o olho e altera\u00e7\u00f5es na express\u00e3o facial. Se apresenta algum destes sintomas, \u00e9 essencial procurar um fisioterapeuta especializado. O tratamento adequado, iniciado precocemente, faz toda a diferen\u00e7a na recupera\u00e7\u00e3o.&hellip;<\/p>","protected":false},"author":1,"featured_media":0,"parent":575,"menu_order":1,"comment_status":"closed","ping_status":"closed","template":"","meta":{"inline_featured_image":false,"footnotes":""},"class_list":["post-1244","page","type-page","status-publish","hentry","description-off"],"_links":{"self":[{"href":"https:\/\/integrativa.pt\/en\/wp-json\/wp\/v2\/pages\/1244","targetHints":{"allow":["GET"]}}],"collection":[{"href":"https:\/\/integrativa.pt\/en\/wp-json\/wp\/v2\/pages"}],"about":[{"href":"https:\/\/integrativa.pt\/en\/wp-json\/wp\/v2\/types\/page"}],"author":[{"embeddable":true,"href":"https:\/\/integrativa.pt\/en\/wp-json\/wp\/v2\/users\/1"}],"replies":[{"embeddable":true,"href":"https:\/\/integrativa.pt\/en\/wp-json\/wp\/v2\/comments?post=1244"}],"version-history":[{"count":0,"href":"https:\/\/integrativa.pt\/en\/wp-json\/wp\/v2\/pages\/1244\/revisions"}],"up":[{"embeddable":true,"href":"https:\/\/integrativa.pt\/en\/wp-json\/wp\/v2\/pages\/575"}],"wp:attachment":[{"href":"https:\/\/integrativa.pt\/en\/wp-json\/wp\/v2\/media?parent=1244"}],"curies":[{"name":"wp","href":"https:\/\/api.w.org\/{rel}","templated":true}]}}