{"id":1533,"date":"2023-01-06T17:11:29","date_gmt":"2023-01-06T17:11:29","guid":{"rendered":"https:\/\/integrativa.pt\/?page_id=1533"},"modified":"2025-10-17T09:53:25","modified_gmt":"2025-10-17T09:53:25","slug":"psychology-for-children-and-adolescents","status":"publish","type":"page","link":"https:\/\/integrativa.pt\/en\/especialidades\/psicologia\/psicologia-para-criancas-e-adolescentes\/","title":{"rendered":"Psychology for children and adolescents"},"content":{"rendered":"<div class=\"wpb-content-wrapper\"><div data-vc-full-width=\"true\" data-vc-full-width-temp=\"true\" data-vc-full-width-init=\"false\" class=\"vc_row wpb_row vc_row-fluid vc_column-gap-25 vc_row-o-equal-height vc_row-o-content-top vc_row-flex\"><div class=\"wpb_column vc_column_container vc_col-sm-6\"><div class=\"vc_column-inner\"><div class=\"wpb_wrapper\"><div id=\"ultimate-heading-962969f569ace9085\" class=\"uvc-heading ult-adjust-bottom-margin ultimate-heading-962969f569ace9085 uvc-82  uvc-heading-default-font-sizes\" data-hspacer=\"no_spacer\"  data-halign=\"left\" style=\"text-align:left\"><div class=\"uvc-heading-spacer no_spacer\" style=\"top\"><\/div><div class=\"uvc-main-heading ult-responsive\"  data-ultimate-target='.uvc-heading.ultimate-heading-962969f569ace9085 h1'  data-responsive-json-new='{\"font-size\":\"\",\"line-height\":\"\"}' ><h1 style=\"--font-weight:theme;color:#1b9193;\">Psychology<\/h1><\/div><div class=\"uvc-sub-heading ult-responsive\"  data-ultimate-target='.uvc-heading.ultimate-heading-962969f569ace9085 .uvc-sub-heading '  data-responsive-json-new='{\"font-size\":\"\",\"line-height\":\"\"}'  style=\"font-weight:normal;\"><\/p>\n<h2>for Children and Adolescents<\/h2>\n<p><\/div><\/div><div id=\"ultimate-heading-940669f569ace910a\" class=\"uvc-heading ult-adjust-bottom-margin ultimate-heading-940669f569ace910a uvc-6818  uvc-heading-default-font-sizes\" data-hspacer=\"no_spacer\"  data-halign=\"left\" style=\"text-align:left\"><div class=\"uvc-heading-spacer no_spacer\" style=\"top\"><\/div><div class=\"uvc-sub-heading ult-responsive\"  data-ultimate-target='.uvc-heading.ultimate-heading-940669f569ace910a .uvc-sub-heading '  data-responsive-json-new='{\"font-size\":\"\",\"line-height\":\"\"}'  style=\"font-weight:normal;\"><\/p>\n<div class=\"flex flex-grow flex-col max-w-full\">\n<div class=\"min-h-&#091;20px&#093; text-message flex flex-col items-start whitespace-pre-wrap break-words &#091;.text-message+&amp;&#093;:mt-5 juice:w-full juice:items-end overflow-x-auto gap-2\" dir=\"auto\" data-message-author-role=\"assistant\" data-message-id=\"f1218fbb-730e-4e7b-8cdd-dde9584e578c\">\n<div class=\"flex w-full flex-col gap-1 juice:empty:hidden juice:first:pt-&#091;3px&#093;\">\n<div class=\"markdown prose w-full break-words dark:prose-invert light\">\n<p>Child psychology helps children develop from infancy to adolescence, analysing the acquisition of motor, cognitive and social skills and the impact of experiences and interactions on this process.<\/p>\n<p>The psychologist will help deal with behaviour, emotions, cognition and issues related to child development, such as behavioural changes, emotional problems and learning difficulties.<\/p>\n<p>A <a title=\"Integrativa Team\" href=\"https:\/\/integrativa.pt\/en\/integrative-team\/\">our team of psychologists<\/a> offers support to deal with behaviour and mental health, but also guides parents and educators on good practices to promote healthy and balanced development.<\/p>\n<\/div>\n<\/div>\n<\/div>\n<\/div>\n<div class=\"mt-1 flex gap-3 empty:hidden juice:-ml-3\">\n<div class=\"items-center justify-start rounded-xl p-1 flex\">\n<div class=\"flex items-center\"><\/div>\n<\/div>\n<\/div>\n<p><\/div><\/div><\/div><\/div><\/div><div class=\"wpb_column vc_column_container vc_col-sm-6\"><div class=\"vc_column-inner\"><div class=\"wpb_wrapper\">\n\t<div  class=\"wpb_single_image wpb_content_element vc_align_center  vc_custom_1760116857153\">\n\t\t\n\t\t<figure class=\"wpb_wrapper vc_figure\">\n\t\t\t<div class=\"vc_single_image-wrapper vc_box_rounded  vc_box_border_grey layzr-bg\"><img loading=\"lazy\" decoding=\"async\" width=\"1536\" height=\"1024\" src=\"data:image\/svg+xml;charset=utf-8,%3Csvg xmlns%3D'http%3A%2F%2Fwww.w3.org%2F2000%2Fsvg' viewBox%3D'0 0 1536 1024'%2F%3E\" data-src=\"https:\/\/integrativa.pt\/wp-content\/uploads\/2025\/10\/Psicologia-integrativa-3.webp\" class=\"lazy-load vc_single_image-img attachment-full\" alt=\"\" title=\"Integrative psychology\" data-srcset=\"https:\/\/integrativa.pt\/wp-content\/uploads\/2025\/10\/Psicologia-integrativa-3.webp 1536w, https:\/\/integrativa.pt\/wp-content\/uploads\/2025\/10\/Psicologia-integrativa-3-300x200.webp 300w, https:\/\/integrativa.pt\/wp-content\/uploads\/2025\/10\/Psicologia-integrativa-3-1024x683.webp 1024w, https:\/\/integrativa.pt\/wp-content\/uploads\/2025\/10\/Psicologia-integrativa-3-768x512.webp 768w\" sizes=\"auto, (max-width: 1536px) 100vw, 1536px\"  data-dt-location=\"https:\/\/integrativa.pt\/en\/especialidades\/psicologia\/psicologia-para-criancas-e-adolescentes\/psicologia-integrativa-6\/\" \/><\/div>\n\t\t<\/figure>\n\t<\/div>\n<div class=\"hr-thin style-double hr-left\" style=\"width: 70px;border-color: #1b9193;border-top-width: 6px;\"><\/div><div  class=\"vc_do_toggle vc_toggle vc_toggle_default vc_toggle_color_default  vc_toggle_size_md\"><div class=\"vc_toggle_title\"><h4>Benefits of Child Psychology<\/h4><i class=\"vc_toggle_icon\"><\/i><\/div><div class=\"vc_toggle_content\"><p>Some of the benefits include:<\/p>\n<p><strong>-Identifying and treating mental health problems<\/strong>: Child psychology can help identify mental health problems in children, such as anxiety, depression and attention deficit hyperactivity disorder (ADHD).<\/p>\n<p><strong>-Helps develop social and emotional skills<\/strong>: Child psychology can help children develop social and emotional skills, such as the ability to deal with emotions, self-esteem and conflict resolution.<\/p>\n<p><strong>-Improved school performance<\/strong>: Child psychology can help children concentrate better, improving their performance at school.<\/p>\n<p><strong>-Support for parents and teachers<\/strong>: Child psychology can provide guidance and support for parents and teachers, helping them to understand and deal with children's needs and behaviours.<\/p>\n<p><strong>-Prevention of future mental health problems<\/strong>: Child psychology can help prevent future mental health problems by helping children develop emotional intelligence and resilience from an early age.<\/p>\n<\/div><\/div><\/div><\/div><\/div><\/div><div class=\"vc_row-full-width vc_clearfix\"><\/div><div data-vc-full-width=\"true\" data-vc-full-width-temp=\"true\" data-vc-full-width-init=\"false\" class=\"vc_row wpb_row vc_row-fluid vc_custom_1674138272902 vc_column-gap-25 vc_row-o-equal-height vc_row-o-content-top vc_row-flex\"><div class=\"wpb_column vc_column_container vc_col-sm-3\"><div class=\"vc_column-inner\"><div class=\"wpb_wrapper\">\n\t<div  class=\"wpb_single_image wpb_content_element vc_align_center\">\n\t\t\n\t\t<figure class=\"wpb_wrapper vc_figure\">\n\t\t\t<div class=\"vc_single_image-wrapper vc_box_outline_circle  vc_box_border_grey layzr-bg\"><img decoding=\"async\" class=\"lazy-load vc_single_image-img\" src=\"data:image\/svg+xml;charset=utf-8,%3Csvg xmlns%3D'http%3A%2F%2Fwww.w3.org%2F2000%2Fsvg' viewBox%3D'0 0 300 300'%2F%3E\" data-src=\"https:\/\/integrativa.pt\/wp-content\/uploads\/2025\/10\/Psicologia-integrativa-2-300x300.webp\" width=\"300\" height=\"300\" alt=\"Integrative psychology\" title=\"Integrative psychology\" loading=\"lazy\"  data-dt-location=\"https:\/\/integrativa.pt\/en\/especialidades\/psicologia\/psicologia-para-criancas-e-adolescentes\/psicologia-integrativa-5\/\" \/><\/div>\n\t\t<\/figure>\n\t<\/div>\n<\/div><\/div><\/div><div class=\"wpb_column vc_column_container vc_col-sm-9\"><div class=\"vc_column-inner\"><div class=\"wpb_wrapper\"><div id=\"ultimate-heading-190169f569aceb4ce\" class=\"uvc-heading ult-adjust-bottom-margin ultimate-heading-190169f569aceb4ce uvc-2595  uvc-heading-default-font-sizes\" data-hspacer=\"no_spacer\"  data-halign=\"left\" style=\"text-align:left\"><div class=\"uvc-heading-spacer no_spacer\" style=\"top\"><\/div><div class=\"uvc-main-heading ult-responsive\"  data-ultimate-target='.uvc-heading.ultimate-heading-190169f569aceb4ce h2'  data-responsive-json-new='{\"font-size\":\"\",\"line-height\":\"\"}' ><h2 style=\"--font-weight:theme;color:#1b9193;\">Psychotherapy for Children and Adolescents<\/h2><\/div><div class=\"uvc-sub-heading ult-responsive\"  data-ultimate-target='.uvc-heading.ultimate-heading-190169f569aceb4ce .uvc-sub-heading '  data-responsive-json-new='{\"font-size\":\"\",\"line-height\":\"\"}'  style=\"font-weight:normal;\">Psychotherapy for children and adolescents addresses issues related to school life, vocation, family, social life, crisis situations or more serious emotional states such as depression and anxiety, or in adolescence such as anorexia, bulimia or substance use\/abuse.<\/p>\n<p>The whole process is defined together with family members or carers.<\/div><\/div><\/div><\/div><\/div><\/div><div class=\"vc_row-full-width vc_clearfix\"><\/div><div data-vc-full-width=\"true\" data-vc-full-width-temp=\"true\" data-vc-full-width-init=\"false\" class=\"vc_row wpb_row vc_row-fluid vc_column-gap-25 vc_row-o-equal-height vc_row-o-content-top vc_row-flex\"><div class=\"wpb_column vc_column_container vc_col-sm-3\"><div class=\"vc_column-inner\"><div class=\"wpb_wrapper\">\n\t<div  class=\"wpb_single_image wpb_content_element vc_align_center  vc_custom_1760112739947\">\n\t\t\n\t\t<figure class=\"wpb_wrapper vc_figure\">\n\t\t\t<div class=\"vc_single_image-wrapper vc_box_outline_circle  vc_box_border_grey layzr-bg\"><img decoding=\"async\" class=\"lazy-load vc_single_image-img\" src=\"data:image\/svg+xml;charset=utf-8,%3Csvg xmlns%3D'http%3A%2F%2Fwww.w3.org%2F2000%2Fsvg' viewBox%3D'0 0 300 300'%2F%3E\" data-src=\"https:\/\/integrativa.pt\/wp-content\/uploads\/2025\/10\/Psicologia-integrativa-300x300.webp\" width=\"300\" height=\"300\" alt=\"Integrative psychology\" title=\"Integrative psychology\" loading=\"lazy\"  data-dt-location=\"https:\/\/integrativa.pt\/en\/especialidades\/psicologia\/psicologia-para-criancas-e-adolescentes\/psicologia-integrativa-3\/\" \/><\/div>\n\t\t<\/figure>\n\t<\/div>\n<\/div><\/div><\/div><div class=\"wpb_column vc_column_container vc_col-sm-9\"><div class=\"vc_column-inner\"><div class=\"wpb_wrapper\"><div id=\"ultimate-heading-416569f569acebf61\" class=\"uvc-heading ult-adjust-bottom-margin ultimate-heading-416569f569acebf61 uvc-6597  uvc-heading-default-font-sizes\" data-hspacer=\"no_spacer\"  data-halign=\"left\" style=\"text-align:left\"><div class=\"uvc-heading-spacer no_spacer\" style=\"top\"><\/div><div class=\"uvc-main-heading ult-responsive\"  data-ultimate-target='.uvc-heading.ultimate-heading-416569f569acebf61 h2'  data-responsive-json-new='{\"font-size\":\"\",\"line-height\":\"\"}' ><h2 style=\"--font-weight:theme;color:#1b9193;margin-bottom:15px;\">Play therapy<\/h2><\/div><div class=\"uvc-sub-heading ult-responsive\"  data-ultimate-target='.uvc-heading.ultimate-heading-416569f569acebf61 .uvc-sub-heading '  data-responsive-json-new='{\"font-size\":\"\",\"line-height\":\"\"}'  style=\"font-weight:normal;\"><\/p>\n<p data-start=\"1818\" data-end=\"2033\">Play therapy is a form of psychotherapy that uses games, stories, drawings and playful activities to help children express emotions and resolve internal conflicts in a natural and safe way.<\/p>\n<p data-start=\"2035\" data-end=\"2238\">Through play, children communicate feelings and experiences that they often can't verbalise, developing emotional self-regulation, self-confidence and social skills.<\/p>\n<p data-start=\"2240\" data-end=\"2377\">It is an essential approach for children with behavioural difficulties, anxiety, bereavement, trauma or problems adapting to school.<\/p>\n<p><\/div><\/div><div class=\"hr-thin style-double hr-left\" style=\"width: 8%;border-color: #1b9193;border-top-width: 6px;\"><\/div><div  class=\"vc_do_toggle vc_toggle vc_toggle_default vc_toggle_color_default  vc_toggle_size_md\"><div class=\"vc_toggle_title\"><h4>Indications<\/h4><i class=\"vc_toggle_icon\"><\/i><\/div><div class=\"vc_toggle_content\"><ul>\n<li><strong>Emotional problems<\/strong>Anxiety, fear, sadness, anger, etc.<\/li>\n<li><strong>Trauma<\/strong>Abuse, parental divorce, bereavement, violence, etc.<\/li>\n<li><strong>Behavioural problems<\/strong>Aggression, social isolation, frequent lies, difficulty following rules, etc.<\/li>\n<li><strong>Socialisation difficulties<\/strong>Difficulty making friends, interacting with others, understanding social relationships, etc.<\/li>\n<li><strong>Learning difficulties<\/strong>Low self-esteem, concentration problems, poor academic performance, etc.<\/li>\n<li><strong>Family transitions<\/strong>Divorce, moving house, the arrival of a new sibling, etc.<\/li>\n<\/ul>\n<\/div><\/div><\/div><\/div><\/div><\/div><div class=\"vc_row-full-width vc_clearfix\"><\/div><div data-vc-full-width=\"true\" data-vc-full-width-temp=\"true\" data-vc-full-width-init=\"false\" class=\"vc_row wpb_row vc_row-fluid vc_custom_1717872942156 vc_column-gap-25 vc_row-o-equal-height vc_row-o-content-top vc_row-flex\"><div class=\"wpb_column vc_column_container vc_col-sm-3\"><div class=\"vc_column-inner\"><div class=\"wpb_wrapper\">\n\t<div  class=\"wpb_single_image wpb_content_element vc_align_center  vc_custom_1760113431927\">\n\t\t\n\t\t<figure class=\"wpb_wrapper vc_figure\">\n\t\t\t<div class=\"vc_single_image-wrapper vc_box_outline_circle  vc_box_border_grey layzr-bg\"><img decoding=\"async\" class=\"lazy-load vc_single_image-img\" src=\"data:image\/svg+xml;charset=utf-8,%3Csvg xmlns%3D'http%3A%2F%2Fwww.w3.org%2F2000%2Fsvg' viewBox%3D'0 0 300 300'%2F%3E\" data-src=\"https:\/\/integrativa.pt\/wp-content\/uploads\/2025\/10\/Psicologia-integrativa-1-300x300.webp\" width=\"300\" height=\"300\" alt=\"Integrative psychology\" title=\"Integrative psychology\" loading=\"lazy\"  data-dt-location=\"https:\/\/integrativa.pt\/en\/especialidades\/psicologia\/psicologia-para-criancas-e-adolescentes\/psicologia-integrativa-4\/\" \/><\/div>\n\t\t<\/figure>\n\t<\/div>\n<\/div><\/div><\/div><div class=\"wpb_column vc_column_container vc_col-sm-9\"><div class=\"vc_column-inner\"><div class=\"wpb_wrapper\"><div id=\"ultimate-heading-569369f569aceccbe\" class=\"uvc-heading ult-adjust-bottom-margin ultimate-heading-569369f569aceccbe uvc-8942  uvc-heading-default-font-sizes\" data-hspacer=\"no_spacer\"  data-halign=\"left\" style=\"text-align:left\"><div class=\"uvc-heading-spacer no_spacer\" style=\"top\"><\/div><div class=\"uvc-main-heading ult-responsive\"  data-ultimate-target='.uvc-heading.ultimate-heading-569369f569aceccbe h2'  data-responsive-json-new='{\"font-size\":\"\",\"line-height\":\"\"}' ><h2 style=\"--font-weight:theme;color:#1b9193;margin-bottom:15px;\">Psychopedagogical assessment<\/h2><\/div><div class=\"uvc-sub-heading ult-responsive\"  data-ultimate-target='.uvc-heading.ultimate-heading-569369f569aceccbe .uvc-sub-heading '  data-responsive-json-new='{\"font-size\":\"\",\"line-height\":\"\"}'  style=\"font-weight:normal;\"><\/p>\n<div class=\"flex-1 overflow-hidden\">\n<div class=\"react-scroll-to-bottom--css-bcrmx-79elbk h-full dark:bg-gray-800\">\n<div class=\"react-scroll-to-bottom--css-bcrmx-1n7m0yu\">\n<div class=\"flex flex-col items-center text-sm h-full dark:bg-gray-800\">\n<div class=\"w-full border-b border-black\/10 dark:border-gray-900\/50 text-gray-800 dark:text-gray-100 group bg-gray-50 dark:bg-&#091;#444654&#093;\">\n<div class=\"text-base gap-4 md:gap-6 m-auto md:max-w-2xl lg:max-w-2xl xl:max-w-3xl p-4 md:py-6 flex lg:px-0\">\n<div class=\"relative flex w-&#091;calc(100%-50px)&#093; md:flex-col lg:w-&#091;calc(100%-115px)&#093;\">\n<div class=\"flex flex-grow flex-col gap-3\">\n<div class=\"min-h-&#091;20px&#093; flex flex-col items-start gap-4 whitespace-pre-wrap\">\n<div class=\"markdown prose w-full break-words dark:prose-invert light\">\n<p data-start=\"2421\" data-end=\"2626\">Psychopedagogical assessment is a fundamental tool for identifying specific learning difficulties such as dyslexia, dysgraphia, dyscalculia or attention and concentration deficits.<\/p>\n<p data-start=\"2628\" data-end=\"2876\">The process is carried out by a multidisciplinary team and includes tests that assess the child or adolescent globally, from their general intellectual level to their perceptual abilities, attention, reading, writing and study methods.<\/p>\n<p data-start=\"2878\" data-end=\"3173\">After the assessment, a detailed report is drawn up with the diagnosis, intervention strategies and recommendations for application at home and at school.<br data-start=\"3038\" data-end=\"3041\" \/>This report can be shared with teachers, parents and carers, ensuring consistent and effective monitoring.<\/p>\n<\/div>\n<\/div>\n<\/div>\n<\/div>\n<\/div>\n<\/div>\n<\/div>\n<\/div>\n<\/div>\n<\/div>\n<p><\/div><\/div><div class=\"hr-thin style-double hr-left\" style=\"width: 70px;border-color: #1b9193;border-top-width: 6px;\"><\/div><div  class=\"vc_do_toggle vc_toggle vc_toggle_default vc_toggle_color_default  vc_toggle_size_md\"><div class=\"vc_toggle_title\"><h4>Indications<\/h4><i class=\"vc_toggle_icon\"><\/i><\/div><div class=\"vc_toggle_content\"><p>-Difficulty pronouncing words<\/p>\n<p>-Slow to acquire vocabulary<\/p>\n<p>-Disinterest<\/p>\n<p>-Difficulty following a routine and understanding instructions<\/p>\n<p>-Signs of hyperactivity<\/p>\n<p>-Inversion of letters, syllables or words;<\/p>\n<p>-Unreadable handwriting<\/p>\n<p>-Memory lapses<\/p>\n<p>-Difficulty handing in assignments on time<\/p>\n<p>-Lack of motivation to study or go to school<\/p>\n<p>-Confusion with the sound of words or syllables<\/p>\n<p>-Isolation<\/p>\n<p>-Reading and writing too slowly for their age<\/p>\n<p>-Lack of organisation and concentration in the classroom<\/p>\n<p>-Aggressive behaviour towards other children<\/p>\n<p>-Distraction<\/p>\n<\/div><\/div><\/div><\/div><\/div><\/div><div class=\"vc_row-full-width vc_clearfix\"><\/div><div data-vc-full-width=\"true\" data-vc-full-width-temp=\"true\" data-vc-full-width-init=\"false\" class=\"vc_row wpb_row vc_row-fluid vc_custom_1673684019203 vc_column-gap-25 vc_row-o-equal-height vc_row-o-content-top vc_row-flex\"><div class=\"wpb_column vc_column_container vc_col-sm-12\"><div class=\"vc_column-inner\"><div class=\"wpb_wrapper\"><div class=\"vc_separator wpb_content_element vc_separator_align_center vc_sep_width_100 vc_sep_pos_align_center vc_custom_1676836486174 wpb_content_element vc_separator-has-text\" ><span class=\"vc_sep_holder vc_sep_holder_l\"><span style=\"border-color:#1b9193;\" class=\"vc_sep_line\"><\/span><\/span><h4>Blog Articles<\/h4><span class=\"vc_sep_holder vc_sep_holder_r\"><span style=\"border-color:#1b9193;\" class=\"vc_sep_line\"><\/span><\/span>\n<\/div><style type=\"text\/css\" data-type=\"the7_shortcodes-inline-css\">.blog-carousel-shortcode.blog-carousel-shortcode-id-1bc960c3471c98060b31d0e079c53a7b.dividers-on.classic-layout-list article {\n  padding-top: 0;\n}\n.blog-carousel-shortcode.blog-carousel-shortcode-id-1bc960c3471c98060b31d0e079c53a7b.dividers-on.classic-layout-list article:first-of-type {\n  margin-top: 0;\n  padding-top: 0;\n}\n.blog-carousel-shortcode.blog-carousel-shortcode-id-1bc960c3471c98060b31d0e079c53a7b.classic-layout-list.mode-list .post-entry-content {\n  width: calc(100% - );\n}\n.blog-carousel-shortcode.blog-carousel-shortcode-id-1bc960c3471c98060b31d0e079c53a7b.classic-layout-list.mode-list .no-img .post-entry-content {\n  width: 100%;\n}\n.blog-carousel-shortcode.blog-carousel-shortcode-id-1bc960c3471c98060b31d0e079c53a7b .filter-bg-decoration .filter-categories a.act {\n  color: #fff;\n}\n.blog-carousel-shortcode.blog-carousel-shortcode-id-1bc960c3471c98060b31d0e079c53a7b:not(.mode-masonry) article:first-of-type,\n.blog-carousel-shortcode.blog-carousel-shortcode-id-1bc960c3471c98060b31d0e079c53a7b:not(.mode-masonry) article.visible.first:not(.product) {\n  margin-top: 0;\n}\n.blog-carousel-shortcode.blog-carousel-shortcode-id-1bc960c3471c98060b31d0e079c53a7b.dividers-on:not(.mode-masonry) article {\n  margin-top: 0;\n}\n.blog-carousel-shortcode.blog-carousel-shortcode-id-1bc960c3471c98060b31d0e079c53a7b.dividers-on:not(.mode-masonry) article:first-of-type,\n.blog-carousel-shortcode.blog-carousel-shortcode-id-1bc960c3471c98060b31d0e079c53a7b.dividers-on:not(.mode-masonry) article.visible.first:not(.product) {\n  margin-top: 0;\n  padding-top: 0;\n}\n.blog-carousel-shortcode.blog-carousel-shortcode-id-1bc960c3471c98060b31d0e079c53a7b .post-thumbnail-wrap {\n  padding: 0px 0px 0px 0px;\n}\n.blog-carousel-shortcode.blog-carousel-shortcode-id-1bc960c3471c98060b31d0e079c53a7b.enable-bg-rollover .post-thumbnail-rollover:after {\n  background: -webkit-linear-gradient();\n  background: linear-gradient();\n}\n.blog-carousel-shortcode.blog-carousel-shortcode-id-1bc960c3471c98060b31d0e079c53a7b .gallery-zoom-ico {\n  width: 44px;\n  height: 44px;\n  line-height: 44px;\n  border-radius: 100px;\n  margin: -22px 0 0 -22px;\n  border-width: 0px;\n  color: #ffffff;\n  background: none;\n}\n.bottom-overlap-layout-list.blog-carousel-shortcode.blog-carousel-shortcode-id-1bc960c3471c98060b31d0e079c53a7b .gallery-zoom-ico {\n  margin-top: -72px;\n}\n.gradient-overlay-layout-list.blog-carousel-shortcode.blog-carousel-shortcode-id-1bc960c3471c98060b31d0e079c53a7b .gallery-zoom-ico,\n.content-rollover-layout-list.blog-carousel-shortcode.blog-carousel-shortcode-id-1bc960c3471c98060b31d0e079c53a7b .gallery-zoom-ico {\n  margin: 0 0 10px;\n}\n.content-align-center.gradient-overlay-layout-list.blog-carousel-shortcode.blog-carousel-shortcode-id-1bc960c3471c98060b31d0e079c53a7b .gallery-zoom-ico,\n.content-align-center.content-rollover-layout-list.blog-carousel-shortcode.blog-carousel-shortcode-id-1bc960c3471c98060b31d0e079c53a7b .gallery-zoom-ico {\n  margin: 0 auto 10px;\n}\n.dt-icon-bg-on.blog-carousel-shortcode.blog-carousel-shortcode-id-1bc960c3471c98060b31d0e079c53a7b .gallery-zoom-ico {\n  background: rgba(255,255,255,0.3);\n  box-shadow: none;\n}\n.blog-carousel-shortcode.blog-carousel-shortcode-id-1bc960c3471c98060b31d0e079c53a7b .gallery-zoom-ico > span,\n.blog-carousel-shortcode.blog-carousel-shortcode-id-1bc960c3471c98060b31d0e079c53a7b .gallery-zoom-ico:before {\n  font-size: 32px;\n  line-height: 44px;\n}\n.blog-carousel-shortcode.blog-carousel-shortcode-id-1bc960c3471c98060b31d0e079c53a7b .gallery-zoom-ico > span,\n.blog-carousel-shortcode.blog-carousel-shortcode-id-1bc960c3471c98060b31d0e079c53a7b .gallery-zoom-ico:before {\n  color: #ffffff;\n  background: none;\n}\n.blog-carousel-shortcode.blog-carousel-shortcode-id-1bc960c3471c98060b31d0e079c53a7b .entry-title,\n.blog-carousel-shortcode.blog-carousel-shortcode-id-1bc960c3471c98060b31d0e079c53a7b.owl-carousel .entry-title {\n  margin-bottom: 5px;\n}\n.blog-carousel-shortcode.blog-carousel-shortcode-id-1bc960c3471c98060b31d0e079c53a7b .entry-meta {\n  margin-bottom: 15px;\n}\n.blog-carousel-shortcode.blog-carousel-shortcode-id-1bc960c3471c98060b31d0e079c53a7b .portfolio-categories {\n  margin-bottom: 15px;\n}\n.blog-carousel-shortcode.blog-carousel-shortcode-id-1bc960c3471c98060b31d0e079c53a7b .entry-excerpt {\n  margin-bottom: 5px;\n}\n.blog-carousel-shortcode.blog-carousel-shortcode-id-1bc960c3471c98060b31d0e079c53a7b:not(.centered-layout-list) .post-entry-content {\n  padding: 15px 20px 20px 20px;\n}\n.blog-carousel-shortcode.blog-carousel-shortcode-id-1bc960c3471c98060b31d0e079c53a7b:not(.centered-layout-list):not(.content-bg-on):not(.mode-list) .no-img .post-entry-content {\n  padding: 0;\n}\n@media screen and (max-width: ) {\n  .blog-carousel-shortcode.blog-carousel-shortcode-id-1bc960c3471c98060b31d0e079c53a7b article {\n    -ms-flex-flow: column nowrap;\n    flex-flow: column nowrap;\n    margin-top: 20px;\n  }\n  .blog-carousel-shortcode.blog-carousel-shortcode-id-1bc960c3471c98060b31d0e079c53a7b.dividers-on article {\n    border: none;\n  }\n  .blog-carousel-shortcode.blog-carousel-shortcode-id-1bc960c3471c98060b31d0e079c53a7b.content-bg-on.centered-layout-list article {\n    padding: 0;\n  }\n  .blog-carousel-shortcode.blog-carousel-shortcode-id-1bc960c3471c98060b31d0e079c53a7b.blog-shortcode.dividers-on article,\n  .blog-carousel-shortcode.blog-carousel-shortcode-id-1bc960c3471c98060b31d0e079c53a7b.dividers-on.classic-layout-list article {\n    margin-top: 20px;\n    padding: 0;\n  }\n  .blog-carousel-shortcode.blog-carousel-shortcode-id-1bc960c3471c98060b31d0e079c53a7b.blog-shortcode.dividers-on article:first-of-type,\n  .blog-carousel-shortcode.blog-carousel-shortcode-id-1bc960c3471c98060b31d0e079c53a7b.dividers-on.classic-layout-list article:first-of-type {\n    padding: 0;\n  }\n  #page .blog-carousel-shortcode.blog-carousel-shortcode-id-1bc960c3471c98060b31d0e079c53a7b .post-thumbnail-wrap,\n  #page .blog-carousel-shortcode.blog-carousel-shortcode-id-1bc960c3471c98060b31d0e079c53a7b .post-entry-content {\n    width: 100%;\n    margin: 0;\n    top: 0;\n  }\n  #page .blog-carousel-shortcode.blog-carousel-shortcode-id-1bc960c3471c98060b31d0e079c53a7b .post-thumbnail-wrap {\n    padding: 0;\n  }\n  #page .blog-carousel-shortcode.blog-carousel-shortcode-id-1bc960c3471c98060b31d0e079c53a7b .post-entry-content:after {\n    display: none;\n  }\n  #page .blog-carousel-shortcode.blog-carousel-shortcode-id-1bc960c3471c98060b31d0e079c53a7b .project-even .post-thumbnail-wrap,\n  #page .blog-carousel-shortcode.blog-carousel-shortcode-id-1bc960c3471c98060b31d0e079c53a7b.centered-layout-list .post-thumbnail-wrap {\n    -ms-flex-order: 0;\n    order: 0;\n  }\n  #page .blog-carousel-shortcode.blog-carousel-shortcode-id-1bc960c3471c98060b31d0e079c53a7b.centered-layout-list .post-entry-title-content {\n    -ms-flex-order: 1;\n    order: 1;\n    width: 100%;\n    padding: 20px 20px 0;\n  }\n  #page .blog-carousel-shortcode.blog-carousel-shortcode-id-1bc960c3471c98060b31d0e079c53a7b.centered-layout-list .post-entry-content {\n    -ms-flex-order: 2;\n    order: 2;\n    padding-top: 0;\n  }\n  #page .blog-carousel-shortcode.blog-carousel-shortcode-id-1bc960c3471c98060b31d0e079c53a7b .fancy-categories {\n    top: 10px;\n    left: 10px;\n    bottom: auto;\n    right: auto;\n  }\n  #page .blog-carousel-shortcode.blog-carousel-shortcode-id-1bc960c3471c98060b31d0e079c53a7b .fancy-date a {\n    top: 10px;\n    right: 10px;\n    left: auto;\n    bottom: auto;\n  }\n  #page .blog-carousel-shortcode.blog-carousel-shortcode-id-1bc960c3471c98060b31d0e079c53a7b .post-entry-content {\n    padding: 20px;\n  }\n  #page .blog-carousel-shortcode.blog-carousel-shortcode-id-1bc960c3471c98060b31d0e079c53a7b .entry-title {\n    margin: 3px 0 5px;\n    font-size: 20px;\n    line-height: 26px;\n  }\n  #page .blog-carousel-shortcode.blog-carousel-shortcode-id-1bc960c3471c98060b31d0e079c53a7b .entry-meta {\n    margin: 5px 0 5px;\n  }\n  #page .blog-carousel-shortcode.blog-carousel-shortcode-id-1bc960c3471c98060b31d0e079c53a7b .entry-excerpt {\n    margin: 15px 0 0;\n  }\n  #page .blog-carousel-shortcode.blog-carousel-shortcode-id-1bc960c3471c98060b31d0e079c53a7b .post-details {\n    margin: 5px 0 10px;\n  }\n  #page .blog-carousel-shortcode.blog-carousel-shortcode-id-1bc960c3471c98060b31d0e079c53a7b .post-details.details-type-link {\n    margin-bottom: 2px;\n  }\n}\n.blog-carousel-shortcode.blog-carousel-shortcode-id-1bc960c3471c98060b31d0e079c53a7b.owl-carousel .owl-nav div {\n  width: 36px;\n  height: 36px;\n  border-radius: 500px;\n}\n.dt-arrow-border-on.blog-carousel-shortcode.blog-carousel-shortcode-id-1bc960c3471c98060b31d0e079c53a7b.owl-carousel .owl-nav div:not(:hover):before {\n  border-width: 0px;\n}\n.dt-arrow-hover-border-on.blog-carousel-shortcode.blog-carousel-shortcode-id-1bc960c3471c98060b31d0e079c53a7b.owl-carousel .owl-nav div:hover:after {\n  border-width: 0px;\n}\n.blog-carousel-shortcode.blog-carousel-shortcode-id-1bc960c3471c98060b31d0e079c53a7b.owl-carousel .owl-nav div.owl-prev {\n  top: 50%;\n  transform: translateY(calc(-50% + 0px));\n  left: -43px;\n}\n@media all and (-ms-high-contrast: none) {\n  .blog-carousel-shortcode.blog-carousel-shortcode-id-1bc960c3471c98060b31d0e079c53a7b.owl-carousel .owl-nav div.owl-prev {\n    transform: translateY(-50%);\n    margin-top: 0px;\n  }\n}\n.blog-carousel-shortcode.blog-carousel-shortcode-id-1bc960c3471c98060b31d0e079c53a7b.owl-carousel .owl-nav div.owl-prev i {\n  padding: 0px 0px 0px 0px;\n}\n.blog-carousel-shortcode.blog-carousel-shortcode-id-1bc960c3471c98060b31d0e079c53a7b.owl-carousel .owl-nav div.owl-next {\n  top: 50%;\n  transform: translateY(calc(-50% + 0px));\n  right: -43px;\n}\n@media all and (-ms-high-contrast: none) {\n  .blog-carousel-shortcode.blog-carousel-shortcode-id-1bc960c3471c98060b31d0e079c53a7b.owl-carousel .owl-nav div.owl-next {\n    transform: translateY(-50%);\n    margin-top: 0px;\n  }\n}\n.blog-carousel-shortcode.blog-carousel-shortcode-id-1bc960c3471c98060b31d0e079c53a7b.owl-carousel .owl-nav div.owl-next i {\n  padding: 0px 0px 0px 0px;\n}\n.blog-carousel-shortcode.blog-carousel-shortcode-id-1bc960c3471c98060b31d0e079c53a7b.owl-carousel .owl-nav i {\n  font-size: 18px;\n}\n.blog-carousel-shortcode.blog-carousel-shortcode-id-1bc960c3471c98060b31d0e079c53a7b.owl-carousel .owl-nav div:not(:hover) i,\n.blog-carousel-shortcode.blog-carousel-shortcode-id-1bc960c3471c98060b31d0e079c53a7b.owl-carousel .owl-nav div:not(:hover) i:before {\n  color: #ffffff;\n  background: none;\n}\n.blog-carousel-shortcode.blog-carousel-shortcode-id-1bc960c3471c98060b31d0e079c53a7b.owl-carousel .owl-nav div:hover i,\n.blog-carousel-shortcode.blog-carousel-shortcode-id-1bc960c3471c98060b31d0e079c53a7b.owl-carousel .owl-nav div:hover i:before {\n  color: rgba(255,255,255,0.75);\n  background: none;\n}\n.blog-carousel-shortcode.blog-carousel-shortcode-id-1bc960c3471c98060b31d0e079c53a7b .owl-dots {\n  top: calc(100% + 20px);\n  left: 50%;\n  transform: translateX(calc(-50% + 0px));\n}\n@media all and (-ms-high-contrast: none) {\n  .blog-carousel-shortcode.blog-carousel-shortcode-id-1bc960c3471c98060b31d0e079c53a7b .owl-dots {\n    transform: translateX(-50%);\n    margin-left: 0px;\n  }\n}\n.blog-carousel-shortcode.blog-carousel-shortcode-id-1bc960c3471c98060b31d0e079c53a7b .owl-dot {\n  width: 10px;\n  height: 10px;\n  margin: 0 8px;\n}\n@media screen and (max-width: 778px) {\n  .blog-carousel-shortcode.blog-carousel-shortcode-id-1bc960c3471c98060b31d0e079c53a7b.hide-arrows .owl-nav a {\n    display: none;\n  }\n}\n@media screen and (max-width: 778px) {\n  .blog-carousel-shortcode.blog-carousel-shortcode-id-1bc960c3471c98060b31d0e079c53a7b.reposition-arrows .owl-nav .owl-prev {\n    top: 50%;\n    transform: translateY(calc(-50% + 0px));\n    left: 10px;\n  }\n  .blog-carousel-shortcode.blog-carousel-shortcode-id-1bc960c3471c98060b31d0e079c53a7b.reposition-arrows .owl-nav .owl-next {\n    top: 50%;\n    transform: translateY(calc(-50% + 0px));\n    right: 10px;\n  }\n}\n@media screen and (max-width: 778px) and all and (-ms-high-contrast: none) {\n  .blog-carousel-shortcode.blog-carousel-shortcode-id-1bc960c3471c98060b31d0e079c53a7b.reposition-arrows .owl-nav .owl-prev {\n    transform: translateY(-50%);\n    margin-top: 0px;\n  }\n}\n@media screen and (max-width: 778px) and all and (-ms-high-contrast: none) {\n  .blog-carousel-shortcode.blog-carousel-shortcode-id-1bc960c3471c98060b31d0e079c53a7b.reposition-arrows .owl-nav .owl-next {\n    transform: translateY(-50%);\n    margin-top: 0px;\n  }\n}<\/style><div class=\"owl-carousel blog-carousel-shortcode dt-owl-carousel-call blog-carousel-shortcode-id-1bc960c3471c98060b31d0e079c53a7b classic-layout-list scale-img dt-icon-bg-off dt-arrow-border-on dt-arrow-hover-border-on meta-info-off bullets-small-dot-stroke reposition-arrows arrows-bg-on disable-arrows-hover-bg arrows-hover-bg-on\" data-scroll-mode=\"1\" data-col-num=\"3\" data-wide-col-num=\"4\" data-laptop-col=\"3\" data-h-tablet-columns-num=\"3\" data-v-tablet-columns-num=\"2\" data-phone-columns-num=\"1\" data-auto-height=\"true\" data-col-gap=\"30\" data-stage-padding=\"0\" data-speed=\"600\" data-autoplay=\"false\" data-autoplay_speed=\"6000\" data-arrows=\"true\" data-bullet=\"false\" data-next-icon=\"icon-ar-017-r\" data-prev-icon=\"icon-ar-017-l\"><article class=\"post post-726 type-post status-publish format-standard has-post-thumbnail hentry category-coaching category-psicologia tag-atividade-fisica category-10 category-18 description-off\" data-name=\"7 passos para definires os objetivos para o novo ano\" data-date=\"2020-12-10T17:31:55+00:00\">\n\n<div class=\"post-thumbnail-wrap\">\n\t<div class=\"post-thumbnail\">\n\t\t\n\t\t\n\t\t<a href=\"https:\/\/integrativa.pt\/en\/7-passos-para-definires-os-objetivos-para-o-novo-ano\/\" class=\"post-thumbnail-rollover layzr-bg\" ><img fetchpriority=\"high\" decoding=\"async\" class=\"preload-me owl-lazy-load aspect\" src=\"data:image\/svg+xml,%3Csvg%20xmlns%3D&#39;http%3A%2F%2Fwww.w3.org%2F2000%2Fsvg&#39;%20viewBox%3D&#39;0%200%20612%20408&#39;%2F%3E\" data-src=\"https:\/\/integrativa.pt\/wp-content\/uploads\/2020\/12\/Coaching.jpg\" data-srcset=\"https:\/\/integrativa.pt\/wp-content\/uploads\/2020\/12\/Coaching.jpg 612w\" loading=\"eager\" style=\"--ratio: 612 \/ 408\" sizes=\"(max-width: 612px) 100vw, 612px\" alt=\"Coaching\" title=\"Coaching\" width=\"612\" height=\"408\"  \/><\/a>\t<\/div>\n<\/div>\n\n\n<div class=\"post-entry-content\">\n\n\t<h3 class=\"entry-title\">\n\t\t<a href=\"https:\/\/integrativa.pt\/en\/7-passos-para-definires-os-objetivos-para-o-novo-ano\/\" title=\"7 steps to define your goals for the new year\" rel=\"bookmark\">7 steps to define your goals for the new year<\/a>\n\t<\/h3>\n\n\t\n\t\n\t\n<a href=\"https:\/\/integrativa.pt\/en\/7-passos-para-definires-os-objetivos-para-o-novo-ano\/\" class=\"post-details details-type-link\" aria-label=\"Read more about 7 steps to define your New Year&#039;s goals\">Read more...<i class=\"dt-icon-the7-arrow-03\" aria-hidden=\"true\"><\/i><\/a>\n\n<\/div><\/article><article class=\"post post-7275 type-post status-publish format-standard has-post-thumbnail hentry category-orientacao-vocacional category-psicologia tag-fisioterapia tag-osteopatia tag-pilates-clinico category-51 category-18 description-off\" data-name=\"O que \u00e9 a Orienta\u00e7\u00e3o Vocacional e como funciona na Integrativa\" data-date=\"2026-04-21T10:58:11+00:00\">\n\n<div class=\"post-thumbnail-wrap\">\n\t<div class=\"post-thumbnail\">\n\t\t\n\t\t\n\t\t<a href=\"https:\/\/integrativa.pt\/en\/o-que-e-a-orientacao-vocacional-e-como-funciona-na-integrativa\/\" class=\"post-thumbnail-rollover layzr-bg\" ><img decoding=\"async\" class=\"preload-me owl-lazy-load aspect\" src=\"data:image\/svg+xml,%3Csvg%20xmlns%3D&#39;http%3A%2F%2Fwww.w3.org%2F2000%2Fsvg&#39;%20viewBox%3D&#39;0%200%20768%20512&#39;%2F%3E\" data-src=\"https:\/\/integrativa.pt\/wp-content\/uploads\/2023\/12\/Integrativa-Lisboa-1-768x512.webp\" data-srcset=\"https:\/\/integrativa.pt\/wp-content\/uploads\/2023\/12\/Integrativa-Lisboa-1-768x512.webp 768w, https:\/\/integrativa.pt\/wp-content\/uploads\/2023\/12\/Integrativa-Lisboa-1-1152x768.webp 1152w\" loading=\"eager\" style=\"--ratio: 768 \/ 512\" sizes=\"(max-width: 768px) 100vw, 768px\" alt=\"\" title=\"Integrative Lisbon\" width=\"768\" height=\"512\"  \/><\/a>\t<\/div>\n<\/div>\n\n\n<div class=\"post-entry-content\">\n\n\t<h3 class=\"entry-title\">\n\t\t<a href=\"https:\/\/integrativa.pt\/en\/o-que-e-a-orientacao-vocacional-e-como-funciona-na-integrativa\/\" title=\"What is vocational guidance and how does it work at Integrativa?\" rel=\"bookmark\">What is vocational guidance and how does it work at Integrativa?<\/a>\n\t<\/h3>\n\n\t\n\t\n\t\n<a href=\"https:\/\/integrativa.pt\/en\/o-que-e-a-orientacao-vocacional-e-como-funciona-na-integrativa\/\" class=\"post-details details-type-link\" aria-label=\"Read more about What is Vocational Guidance and how does it work at Integrativa?\">Read more...<i class=\"dt-icon-the7-arrow-03\" aria-hidden=\"true\"><\/i><\/a>\n\n<\/div><\/article><article class=\"post post-7011 type-post status-publish format-standard has-post-thumbnail hentry category-psicologia tag-fisioterapia tag-osteopatia tag-pilates-clinico category-18 description-off\" data-name=\"Quando a vida est\u00e1 \u201cok\u201d mas tu n\u00e3o est\u00e1s: um olhar da psicologia\" data-date=\"2026-02-14T16:58:39+00:00\">\n\n<div class=\"post-thumbnail-wrap\">\n\t<div class=\"post-thumbnail\">\n\t\t\n\t\t\n\t\t<a href=\"https:\/\/integrativa.pt\/en\/quando-a-vida-esta-ok-mas-tu-nao-estas-um-olhar-da-psicologia\/\" class=\"post-thumbnail-rollover layzr-bg\" ><img decoding=\"async\" class=\"preload-me owl-lazy-load aspect\" src=\"data:image\/svg+xml,%3Csvg%20xmlns%3D&#39;http%3A%2F%2Fwww.w3.org%2F2000%2Fsvg&#39;%20viewBox%3D&#39;0%200%20768%20512&#39;%2F%3E\" data-src=\"https:\/\/integrativa.pt\/wp-content\/uploads\/2024\/05\/Psicologia-integrativa-768x512.webp\" data-srcset=\"https:\/\/integrativa.pt\/wp-content\/uploads\/2024\/05\/Psicologia-integrativa-768x512.webp 768w, https:\/\/integrativa.pt\/wp-content\/uploads\/2024\/05\/Psicologia-integrativa-1152x768.webp 1152w\" loading=\"eager\" style=\"--ratio: 768 \/ 512\" sizes=\"(max-width: 768px) 100vw, 768px\" alt=\"\" title=\"Integrative psychology\" width=\"768\" height=\"512\"  \/><\/a>\t<\/div>\n<\/div>\n\n\n<div class=\"post-entry-content\">\n\n\t<h3 class=\"entry-title\">\n\t\t<a href=\"https:\/\/integrativa.pt\/en\/quando-a-vida-esta-ok-mas-tu-nao-estas-um-olhar-da-psicologia\/\" title=\"When life is \u201cok\u201d but you are not: a psychological perspective\" rel=\"bookmark\">When life is \u201cok\u201d but you are not: a psychological perspective<\/a>\n\t<\/h3>\n\n\t\n\t\n\t\n<a href=\"https:\/\/integrativa.pt\/en\/quando-a-vida-esta-ok-mas-tu-nao-estas-um-olhar-da-psicologia\/\" class=\"post-details details-type-link\" aria-label=\"Read more about When life is \u201cokay\u201d but you&#039;re not: a psychological perspective\">Read more...<i class=\"dt-icon-the7-arrow-03\" aria-hidden=\"true\"><\/i><\/a>\n\n<\/div><\/article><article class=\"post post-747 type-post status-publish format-standard has-post-thumbnail hentry category-coaching category-orientacao-vocacional category-psicologia tag-osteopatia-infantil category-10 category-51 category-18 description-off\" data-name=\"Saiba como ajudar o seu filho na hora de escolher o futuro profissional\" data-date=\"2021-02-02T15:48:20+00:00\">\n\n<div class=\"post-thumbnail-wrap\">\n\t<div class=\"post-thumbnail\">\n\t\t\n\t\t\n\t\t<a href=\"https:\/\/integrativa.pt\/en\/saiba-como-ajudar-o-seu-filho-na-hora-de-escolher-o-futuro-profissional\/\" class=\"post-thumbnail-rollover layzr-bg\" ><img decoding=\"async\" class=\"preload-me owl-lazy-load aspect\" src=\"data:image\/svg+xml,%3Csvg%20xmlns%3D&#39;http%3A%2F%2Fwww.w3.org%2F2000%2Fsvg&#39;%20viewBox%3D&#39;0%200%20570%20380&#39;%2F%3E\" data-src=\"https:\/\/integrativa.pt\/wp-content\/uploads\/2020\/10\/index-570x380.jpg\" data-srcset=\"https:\/\/integrativa.pt\/wp-content\/uploads\/2020\/10\/index-570x380.jpg 570w\" loading=\"eager\" style=\"--ratio: 570 \/ 380\" sizes=\"(max-width: 570px) 100vw, 570px\" alt=\"Motivation\" title=\"Motivation\" width=\"570\" height=\"380\"  \/><\/a>\t<\/div>\n<\/div>\n\n\n<div class=\"post-entry-content\">\n\n\t<h3 class=\"entry-title\">\n\t\t<a href=\"https:\/\/integrativa.pt\/en\/saiba-como-ajudar-o-seu-filho-na-hora-de-escolher-o-futuro-profissional\/\" title=\"Find out how to help your child choose their future career\" rel=\"bookmark\">Find out how to help your child choose their future career<\/a>\n\t<\/h3>\n\n\t\n\t\n\t\n<a href=\"https:\/\/integrativa.pt\/en\/saiba-como-ajudar-o-seu-filho-na-hora-de-escolher-o-futuro-profissional\/\" class=\"post-details details-type-link\" aria-label=\"Find out how to help your child choose their future career\">Read more...<i class=\"dt-icon-the7-arrow-03\" aria-hidden=\"true\"><\/i><\/a>\n\n<\/div><\/article><article class=\"post post-2483 type-post status-publish format-standard has-post-thumbnail hentry category-4-pilares-da-saude category-coaching category-fisioterapia category-nutricao category-osteopata-david-brandao category-osteopatia-integrativa category-osteopatia-integrativa-osteopatia category-psicologia tag-fisioterapia tag-osteopatia tag-pilates-clinico category-35 category-10 category-6 category-14 category-33 category-32 category-34 category-18 description-off\" data-name=\"9 Passos para uma Vida mais Saud\u00e1vel\" data-date=\"2023-09-02T13:23:20+00:00\">\n\n<div class=\"post-thumbnail-wrap\">\n\t<div class=\"post-thumbnail\">\n\t\t\n\t\t\n\t\t<a href=\"https:\/\/integrativa.pt\/en\/9-passos-para-uma-vida-mais-saudavel\/\" class=\"post-thumbnail-rollover layzr-bg\" ><img decoding=\"async\" class=\"preload-me owl-lazy-load aspect\" src=\"data:image\/svg+xml,%3Csvg%20xmlns%3D&#39;http%3A%2F%2Fwww.w3.org%2F2000%2Fsvg&#39;%20viewBox%3D&#39;0%200%20768%20512&#39;%2F%3E\" data-src=\"https:\/\/integrativa.pt\/wp-content\/uploads\/2023\/09\/Integrativa-Lisboa-Psiconeuroimunologia-768x512.webp\" data-srcset=\"https:\/\/integrativa.pt\/wp-content\/uploads\/2023\/09\/Integrativa-Lisboa-Psiconeuroimunologia-768x512.webp 768w, https:\/\/integrativa.pt\/wp-content\/uploads\/2023\/09\/Integrativa-Lisboa-Psiconeuroimunologia-1152x768.webp 1152w\" loading=\"eager\" style=\"--ratio: 768 \/ 512\" sizes=\"(max-width: 768px) 100vw, 768px\" alt=\"\" title=\"Integrative Lisbon Psychoneuroimmunology\" width=\"768\" height=\"512\"  \/><\/a>\t<\/div>\n<\/div>\n\n\n<div class=\"post-entry-content\">\n\n\t<h3 class=\"entry-title\">\n\t\t<a href=\"https:\/\/integrativa.pt\/en\/9-passos-para-uma-vida-mais-saudavel\/\" title=\"9 Steps to a Healthier Life\" rel=\"bookmark\">9 Steps to a Healthier Life<\/a>\n\t<\/h3>\n\n\t\n\t\n\t\n<a href=\"https:\/\/integrativa.pt\/en\/9-passos-para-uma-vida-mais-saudavel\/\" class=\"post-details details-type-link\" aria-label=\"Read more about 9 Steps to a Healthier Life\">Read more...<i class=\"dt-icon-the7-arrow-03\" aria-hidden=\"true\"><\/i><\/a>\n\n<\/div><\/article><article class=\"post post-3668 type-post status-publish format-standard has-post-thumbnail hentry category-psicologia tag-fisioterapia tag-osteopatia tag-pilates-clinico category-18 description-off\" data-name=\"A Import\u00e2ncia de uma rotina para o bem-estar emocional\" data-date=\"2025-01-13T10:57:25+00:00\">\n\n<div class=\"post-thumbnail-wrap\">\n\t<div class=\"post-thumbnail\">\n\t\t\n\t\t\n\t\t<a href=\"https:\/\/integrativa.pt\/en\/a-importancia-de-uma-rotina-para-o-bem-estar-emocional\/\" class=\"post-thumbnail-rollover layzr-bg\" ><img decoding=\"async\" class=\"preload-me owl-lazy-load aspect\" src=\"data:image\/svg+xml,%3Csvg%20xmlns%3D&#39;http%3A%2F%2Fwww.w3.org%2F2000%2Fsvg&#39;%20viewBox%3D&#39;0%200%20768%20512&#39;%2F%3E\" data-src=\"https:\/\/integrativa.pt\/wp-content\/uploads\/2025\/01\/Integrativa-2-768x512.webp\" data-srcset=\"https:\/\/integrativa.pt\/wp-content\/uploads\/2025\/01\/Integrativa-2-768x512.webp 768w, https:\/\/integrativa.pt\/wp-content\/uploads\/2025\/01\/Integrativa-2-1152x768.webp 1152w\" loading=\"eager\" style=\"--ratio: 768 \/ 512\" sizes=\"(max-width: 768px) 100vw, 768px\" alt=\"\" title=\"Integrative (2)\" width=\"768\" height=\"512\"  \/><\/a>\t<\/div>\n<\/div>\n\n\n<div class=\"post-entry-content\">\n\n\t<h3 class=\"entry-title\">\n\t\t<a href=\"https:\/\/integrativa.pt\/en\/a-importancia-de-uma-rotina-para-o-bem-estar-emocional\/\" title=\"The importance of a routine for emotional well-being\" rel=\"bookmark\">The importance of a routine for emotional well-being<\/a>\n\t<\/h3>\n\n\t\n\t\n\t\n<a href=\"https:\/\/integrativa.pt\/en\/a-importancia-de-uma-rotina-para-o-bem-estar-emocional\/\" class=\"post-details details-type-link\" aria-label=\"Read more about The importance of a routine for emotional well-being\">Read more...<i class=\"dt-icon-the7-arrow-03\" aria-hidden=\"true\"><\/i><\/a>\n\n<\/div><\/article><\/div><\/div><\/div><\/div><\/div><div class=\"vc_row-full-width vc_clearfix\"><\/div><!-- Row Backgrounds --><div class=\"upb_color\" data-bg-override=\"0\" data-bg-color=\"\" data-fadeout=\"\" data-fadeout-percentage=\"30\" data-parallax-content=\"\" data-parallax-content-sense=\"30\" data-row-effect-mobile-disable=\"true\" data-img-parallax-mobile-disable=\"true\" data-rtl=\"false\"  data-custom-vc-row=\"\"  data-vc=\"8.7.2\"  data-is_old_vc=\"\"  data-theme-support=\"\"   data-overlay=\"false\" data-overlay-color=\"\" data-overlay-pattern=\"\" data-overlay-pattern-opacity=\"\" data-overlay-pattern-size=\"\"    ><\/div>\n<\/div>","protected":false},"excerpt":{"rendered":"<p>Psicologia para Crian\u00e7as e Adolescentes A Psicologia Infantil ajuda no desenvolvimento da crian\u00e7a, desde a inf\u00e2ncia at\u00e9 \u00e0 adolesc\u00eancia, analisando a aquisi\u00e7\u00e3o de habilidades motoras, cognitivas e sociais, e o impacto das experi\u00eancias e intera\u00e7\u00f5es nesse processo. O Psic\u00f3logo ir\u00e1 ajudar a lidar com o comportamento, emo\u00e7\u00f5es, cogni\u00e7\u00e3o e quest\u00f5es relacionadas com o desenvolvimento infantil,&hellip;<\/p>","protected":false},"author":1,"featured_media":0,"parent":3275,"menu_order":5,"comment_status":"closed","ping_status":"closed","template":"","meta":{"inline_featured_image":false,"footnotes":""},"class_list":["post-1533","page","type-page","status-publish","hentry","description-off"],"_links":{"self":[{"href":"https:\/\/integrativa.pt\/en\/wp-json\/wp\/v2\/pages\/1533","targetHints":{"allow":["GET"]}}],"collection":[{"href":"https:\/\/integrativa.pt\/en\/wp-json\/wp\/v2\/pages"}],"about":[{"href":"https:\/\/integrativa.pt\/en\/wp-json\/wp\/v2\/types\/page"}],"author":[{"embeddable":true,"href":"https:\/\/integrativa.pt\/en\/wp-json\/wp\/v2\/users\/1"}],"replies":[{"embeddable":true,"href":"https:\/\/integrativa.pt\/en\/wp-json\/wp\/v2\/comments?post=1533"}],"version-history":[{"count":0,"href":"https:\/\/integrativa.pt\/en\/wp-json\/wp\/v2\/pages\/1533\/revisions"}],"up":[{"embeddable":true,"href":"https:\/\/integrativa.pt\/en\/wp-json\/wp\/v2\/pages\/3275"}],"wp:attachment":[{"href":"https:\/\/integrativa.pt\/en\/wp-json\/wp\/v2\/media?parent=1533"}],"curies":[{"name":"wp","href":"https:\/\/api.w.org\/{rel}","templated":true}]}}