{"id":1952,"date":"2023-02-14T22:21:59","date_gmt":"2023-02-14T22:21:59","guid":{"rendered":"https:\/\/integrativa.pt\/?page_id=1952"},"modified":"2026-04-21T11:20:31","modified_gmt":"2026-04-21T11:20:31","slug":"specialities","status":"publish","type":"page","link":"https:\/\/integrativa.pt\/en\/especialidades\/","title":{"rendered":"Clinical Specialities"},"content":{"rendered":"<div class=\"wpb-content-wrapper\"><div class=\"vc_row wpb_row vc_row-fluid\"><div class=\"wpb_column vc_column_container vc_col-sm-12\"><div class=\"vc_column-inner\"><div class=\"wpb_wrapper\"><div id=\"ultimate-heading-843569f4c876e6997\" class=\"uvc-heading ult-adjust-bottom-margin ultimate-heading-843569f4c876e6997 uvc-217\" data-hspacer=\"no_spacer\"  data-halign=\"left\" style=\"text-align:left\"><div class=\"uvc-heading-spacer no_spacer\" style=\"top\"><\/div><div class=\"uvc-main-heading ult-responsive\"  data-ultimate-target='.uvc-heading.ultimate-heading-843569f4c876e6997 h1'  data-responsive-json-new='{\"font-size\":\"\",\"line-height\":\"desktop:38px;\"}' ><h1 style=\"--font-weight:theme;color:#1b9193;\">Clinical Specialities<\/h1><\/div><div class=\"uvc-sub-heading ult-responsive\"  data-ultimate-target='.uvc-heading.ultimate-heading-843569f4c876e6997 .uvc-sub-heading '  data-responsive-json-new='{\"font-size\":\"\",\"line-height\":\"\"}'  style=\"font-weight:normal;\"><\/p>\n<h4>A global, integrated and personalised approach.<\/h4>\n<p>At Integrativa, the aim is not just to reduce symptoms, but to understand their causes and support each person in building more robust and sustainable health.<\/div><\/div><\/div><\/div><\/div><\/div><div data-vc-full-width=\"true\" data-vc-full-width-temp=\"true\" data-vc-full-width-init=\"false\" class=\"vc_row wpb_row vc_row-fluid vc_custom_1758982351859 vc_row-has-fill vc_column-gap-25 vc_row-o-equal-height vc_row-o-content-top vc_row-flex\"><div class=\"wpb_column vc_column_container vc_col-sm-3 vc_hidden-xs\"><div class=\"vc_column-inner\"><div class=\"wpb_wrapper\">\n\t<div  class=\"wpb_single_image wpb_content_element vc_align_center\">\n\t\t\n\t\t<figure class=\"wpb_wrapper vc_figure\">\n\t\t\t<a href=\"https:\/\/integrativa.pt\/en\/specialities\/osteopathy\/\" target=\"_self\"  class=\"vc_single_image-wrapper vc_box_outline_circle  vc_box_border_grey layzr-bg rollover\"   ><img decoding=\"async\" class=\"lazy-load vc_single_image-img\" src=\"data:image\/svg+xml;charset=utf-8,%3Csvg xmlns%3D'http%3A%2F%2Fwww.w3.org%2F2000%2Fsvg' viewBox%3D'0 0 300 300'%2F%3E\" data-src=\"https:\/\/integrativa.pt\/wp-content\/uploads\/2025\/10\/Fisioterapia-Lisboa-Belem-1-300x300.webp\" width=\"300\" height=\"300\" alt=\"Physiotherapy Lisbon Bel\u00e9m\" title=\"Physiotherapy Lisbon Bel\u00e9m\" loading=\"lazy\"  data-dt-location=\"https:\/\/integrativa.pt\/en\/fisioterapia-lisboa-belem-2\/\" \/><\/a>\n\t\t<\/figure>\n\t<\/div>\n<\/div><\/div><\/div><div class=\"wpb_column vc_column_container vc_col-sm-9 vc_hidden-xs\"><div class=\"vc_column-inner\"><div class=\"wpb_wrapper\"><div id=\"ultimate-heading-755969f4c876e8bf9\" class=\"uvc-heading ult-adjust-bottom-margin ultimate-heading-755969f4c876e8bf9 uvc-6606\" data-hspacer=\"no_spacer\"  data-halign=\"left\" style=\"text-align:left\"><div class=\"uvc-heading-spacer no_spacer\" style=\"top\"><\/div><div class=\"uvc-main-heading ult-responsive\"  data-ultimate-target='.uvc-heading.ultimate-heading-755969f4c876e8bf9 h2'  data-responsive-json-new='{\"font-size\":\"\",\"line-height\":\"desktop:40px;\"}' ><h2 style=\"--font-weight:theme;color:#1b9193;\">Osteopathy<\/h2><\/div><div class=\"uvc-sub-heading ult-responsive\"  data-ultimate-target='.uvc-heading.ultimate-heading-755969f4c876e8bf9 .uvc-sub-heading '  data-responsive-json-new='{\"font-size\":\"\",\"line-height\":\"\"}'  style=\"font-weight:normal;color:#233D7F;\"><span style=\"color: #000000;\">Integrated functional assessment and manual treatment of musculoskeletal, visceral and cranial dysfunctions, with individualised intervention based on clinical assessment and scientific evidence.<\/span><\/p>\n<ul>\n<li><span style=\"color: #000000;\">Osteopathy<\/span><\/li>\n<li><span style=\"color: #000000;\">Paediatric Osteopathy<\/span><\/li>\n<li><span style=\"color: #000000;\">Visceral Osteopathy<\/span><\/li>\n<li><span style=\"color: #000000;\">Cranial Osteopathy<\/span><\/li>\n<\/ul>\n<p><\/div><\/div><\/div><\/div><\/div><\/div><div class=\"vc_row-full-width vc_clearfix\"><\/div><div data-vc-full-width=\"true\" data-vc-full-width-temp=\"true\" data-vc-full-width-init=\"false\" class=\"vc_row wpb_row vc_row-fluid vc_custom_1758982368534 vc_row-has-fill vc_column-gap-25 vc_row-o-equal-height vc_row-o-content-top vc_row-flex\"><div class=\"wpb_column vc_column_container vc_col-sm-3 vc_hidden-lg vc_hidden-md vc_hidden-sm\"><div class=\"vc_column-inner\"><div class=\"wpb_wrapper\">\n\t<div  class=\"wpb_single_image wpb_content_element vc_align_center\">\n\t\t\n\t\t<figure class=\"wpb_wrapper vc_figure\">\n\t\t\t<a href=\"https:\/\/integrativa.pt\/en\/specialities\/osteopathy\/\" target=\"_self\"  class=\"vc_single_image-wrapper vc_box_outline_circle  vc_box_border_grey layzr-bg rollover\"   ><img decoding=\"async\" class=\"lazy-load vc_single_image-img\" src=\"data:image\/svg+xml;charset=utf-8,%3Csvg xmlns%3D'http%3A%2F%2Fwww.w3.org%2F2000%2Fsvg' viewBox%3D'0 0 220 220'%2F%3E\" data-src=\"https:\/\/integrativa.pt\/wp-content\/uploads\/2025\/10\/Fisioterapia-Lisboa-Belem-1-220x220.webp\" width=\"220\" height=\"220\" alt=\"Physiotherapy Lisbon Bel\u00e9m\" title=\"Physiotherapy Lisbon Bel\u00e9m\" loading=\"lazy\"  data-dt-location=\"https:\/\/integrativa.pt\/en\/fisioterapia-lisboa-belem-2\/\" \/><\/a>\n\t\t<\/figure>\n\t<\/div>\n<\/div><\/div><\/div><div class=\"wpb_column vc_column_container vc_col-sm-9 vc_hidden-lg vc_hidden-md vc_hidden-sm\"><div class=\"vc_column-inner\"><div class=\"wpb_wrapper\"><div id=\"ultimate-heading-774169f4c876e947d\" class=\"uvc-heading ult-adjust-bottom-margin ultimate-heading-774169f4c876e947d uvc-5728  uvc-heading-default-font-sizes\" data-hspacer=\"no_spacer\"  data-halign=\"center\" style=\"text-align:center\"><div class=\"uvc-heading-spacer no_spacer\" style=\"top\"><\/div><div class=\"uvc-main-heading ult-responsive\"  data-ultimate-target='.uvc-heading.ultimate-heading-774169f4c876e947d h2'  data-responsive-json-new='{\"font-size\":\"\",\"line-height\":\"\"}' ><h2 style=\"--font-weight:theme;color:#1b9193;\">Osteopathy<\/h2><\/div><div class=\"uvc-sub-heading ult-responsive\"  data-ultimate-target='.uvc-heading.ultimate-heading-774169f4c876e947d .uvc-sub-heading '  data-responsive-json-new='{\"font-size\":\"desktop:20px;\",\"line-height\":\"desktop:35px;\"}'  style=\"font-weight:normal;color:#233D7F;\"><\/p>\n<p style=\"text-align: center;\"><span style=\"color: #003366;\">Osteopathy for adults<\/span><\/p>\n<p style=\"text-align: center;\"><span style=\"color: #003366;\">Paediatric Osteopathy<\/span><\/p>\n<p style=\"text-align: center;\"><span style=\"color: #003366;\">Visceral Osteopathy<\/span><\/p>\n<p style=\"text-align: center;\"><span style=\"color: #003366;\">Cranial Osteopathy<\/span><\/p>\n<p><\/div><\/div><\/div><\/div><\/div><\/div><div class=\"vc_row-full-width vc_clearfix\"><\/div><div data-vc-full-width=\"true\" data-vc-full-width-temp=\"true\" data-vc-full-width-init=\"false\" class=\"vc_row wpb_row vc_row-fluid vc_custom_1758982407233 vc_column-gap-25 vc_row-o-equal-height vc_row-o-content-top vc_row-flex\"><div class=\"wpb_column vc_column_container vc_col-sm-3 vc_hidden-xs\"><div class=\"vc_column-inner\"><div class=\"wpb_wrapper\">\n\t<div  class=\"wpb_single_image wpb_content_element vc_align_center\">\n\t\t\n\t\t<figure class=\"wpb_wrapper vc_figure\">\n\t\t\t<a href=\"https:\/\/integrativa.pt\/en\/specialities\/physiotherapy\/\" target=\"_self\"  class=\"vc_single_image-wrapper vc_box_outline_circle  vc_box_border_grey layzr-bg rollover\"   ><img decoding=\"async\" class=\"lazy-load vc_single_image-img\" src=\"data:image\/svg+xml;charset=utf-8,%3Csvg xmlns%3D'http%3A%2F%2Fwww.w3.org%2F2000%2Fsvg' viewBox%3D'0 0 300 300'%2F%3E\" data-src=\"https:\/\/integrativa.pt\/wp-content\/uploads\/2025\/10\/Fisioterapia-Lisboa-Belem-Osteopata-300x300.webp\" width=\"300\" height=\"300\" alt=\"Physiotherapy Lisbon Bel\u00e9m Osteopath\" title=\"Physiotherapy Lisbon Bel\u00e9m Osteopath\" loading=\"lazy\"  data-dt-location=\"https:\/\/integrativa.pt\/en\/fisioterapia-lisboa-belem-osteopata\/\" \/><\/a>\n\t\t<\/figure>\n\t<\/div>\n<\/div><\/div><\/div><div class=\"wpb_column vc_column_container vc_col-sm-9 vc_hidden-xs\"><div class=\"vc_column-inner\"><div class=\"wpb_wrapper\"><div id=\"ultimate-heading-472769f4c876ea229\" class=\"uvc-heading ult-adjust-bottom-margin ultimate-heading-472769f4c876ea229 uvc-8727  uvc-heading-default-font-sizes\" data-hspacer=\"no_spacer\"  data-halign=\"left\" style=\"text-align:left\"><div class=\"uvc-heading-spacer no_spacer\" style=\"top\"><\/div><div class=\"uvc-main-heading ult-responsive\"  data-ultimate-target='.uvc-heading.ultimate-heading-472769f4c876ea229 h2'  data-responsive-json-new='{\"font-size\":\"\",\"line-height\":\"\"}' ><h2 style=\"--font-weight:theme;color:#1b9193;margin-bottom:15px;\">Physiotherapy<\/h2><\/div><div class=\"uvc-sub-heading ult-responsive\"  data-ultimate-target='.uvc-heading.ultimate-heading-472769f4c876ea229 .uvc-sub-heading '  data-responsive-json-new='{\"font-size\":\"\",\"line-height\":\"\"}'  style=\"font-weight:normal;\"><span style=\"color: #000000;\">Pain treatment, post-injury rehabilitation and prevention, with individualised plans and ongoing clinical follow-up. Indicated for functional recovery, sports injuries and musculoskeletal conditions.<\/span><\/p>\n<ul>\n<li><span style=\"color: #000000;\">Advanced and Specialized Physiotherapy<\/span><\/li>\n<li><span style=\"color: #000000;\">Specialized Physiotherapy for TMJ (Temporomandibular Joint) Disorders<\/span><\/li>\n<li><span style=\"color: #000000;\">Specialized Physiotherapy for Facial Paralysis<\/span><\/li>\n<li><span style=\"color: #000000;\">Sports Physiotherapy<\/span><\/li>\n<li><span style=\"color: #000000;\">Specialized Women\u2019s Health Physiotherapy<\/span>\n<ul>\n<li><span style=\"color: #000000;\">Pelvic \/ Urogynecological Physiotherapy<\/span><\/li>\n<li><span style=\"color: #000000;\">Physiotherapy for Breast Cancer<\/span><\/li>\n<\/ul>\n<\/li>\n<li><span style=\"color: #000000;\">Neurological Physiotherapy<\/span><\/li>\n<\/ul>\n<p><\/div><\/div><\/div><\/div><\/div><\/div><div class=\"vc_row-full-width vc_clearfix\"><\/div><div data-vc-full-width=\"true\" data-vc-full-width-temp=\"true\" data-vc-full-width-init=\"false\" class=\"vc_row wpb_row vc_row-fluid vc_custom_1758982418835 vc_row-has-fill vc_column-gap-25 vc_row-o-equal-height vc_row-o-content-top vc_row-flex\"><div class=\"wpb_column vc_column_container vc_col-sm-3 vc_hidden-lg vc_hidden-md vc_hidden-sm\"><div class=\"vc_column-inner\"><div class=\"wpb_wrapper\">\n\t<div  class=\"wpb_single_image wpb_content_element vc_align_center\">\n\t\t\n\t\t<figure class=\"wpb_wrapper vc_figure\">\n\t\t\t<a href=\"https:\/\/integrativa.pt\/en\/specialities\/physiotherapy\/\" target=\"_self\"  class=\"vc_single_image-wrapper vc_box_outline_circle  vc_box_border_grey layzr-bg rollover\"   ><img decoding=\"async\" class=\"lazy-load vc_single_image-img\" src=\"data:image\/svg+xml;charset=utf-8,%3Csvg xmlns%3D'http%3A%2F%2Fwww.w3.org%2F2000%2Fsvg' viewBox%3D'0 0 220 220'%2F%3E\" data-src=\"https:\/\/integrativa.pt\/wp-content\/uploads\/2025\/10\/Fisioterapia-Lisboa-Belem-Osteopata-220x220.webp\" width=\"220\" height=\"220\" alt=\"Physiotherapy Lisbon Bel\u00e9m Osteopath\" title=\"Physiotherapy Lisbon Bel\u00e9m Osteopath\" loading=\"lazy\"  data-dt-location=\"https:\/\/integrativa.pt\/en\/fisioterapia-lisboa-belem-osteopata\/\" \/><\/a>\n\t\t<\/figure>\n\t<\/div>\n<\/div><\/div><\/div><div class=\"wpb_column vc_column_container vc_col-sm-9 vc_hidden-lg vc_hidden-md vc_hidden-sm\"><div class=\"vc_column-inner\"><div class=\"wpb_wrapper\"><div id=\"ultimate-heading-979669f4c876eaa2c\" class=\"uvc-heading ult-adjust-bottom-margin ultimate-heading-979669f4c876eaa2c uvc-9078  uvc-heading-default-font-sizes\" data-hspacer=\"no_spacer\"  data-halign=\"center\" style=\"text-align:center\"><div class=\"uvc-heading-spacer no_spacer\" style=\"top\"><\/div><div class=\"uvc-main-heading ult-responsive\"  data-ultimate-target='.uvc-heading.ultimate-heading-979669f4c876eaa2c h2'  data-responsive-json-new='{\"font-size\":\"\",\"line-height\":\"\"}' ><h2 style=\"--font-weight:theme;color:#1b9193;\">Physiotherapy<\/h2><\/div><div class=\"uvc-sub-heading ult-responsive\"  data-ultimate-target='.uvc-heading.ultimate-heading-979669f4c876eaa2c .uvc-sub-heading '  data-responsive-json-new='{\"font-size\":\"desktop:20px;\",\"line-height\":\"desktop:30px;\"}'  style=\"font-weight:normal;color:#233D7F;\"><\/p>\n<p style=\"text-align: center;\"><span style=\"color: #003366;\">Advanced and Specialised<\/span><\/p>\n<p style=\"text-align: center;\"><span style=\"color: #003366;\">Specialised in TMJ (temporomandibular joint)<\/span><\/p>\n<p style=\"text-align: center;\"><span style=\"color: #003366;\">Specialising in Facial Paralysis<\/span><\/p>\n<p style=\"text-align: center;\"><span style=\"color: #003366;\">Sports<\/span><\/p>\n<p style=\"text-align: center;\"><span style=\"color: #003366;\">Specialising in women's health<\/span><\/p>\n<p style=\"text-align: center;\"><span style=\"color: #003366;\">Specialising in Neurology<\/span><\/p>\n<p><\/div><\/div><\/div><\/div><\/div><\/div><div class=\"vc_row-full-width vc_clearfix\"><\/div><div data-vc-full-width=\"true\" data-vc-full-width-temp=\"true\" data-vc-full-width-init=\"false\" class=\"vc_row wpb_row vc_row-fluid vc_custom_1758982425458 vc_row-has-fill vc_column-gap-25 vc_row-o-equal-height vc_row-o-content-top vc_row-flex\"><div class=\"wpb_column vc_column_container vc_col-sm-3 vc_hidden-xs\"><div class=\"vc_column-inner\"><div class=\"wpb_wrapper\">\n\t<div  class=\"wpb_single_image wpb_content_element vc_align_center\">\n\t\t\n\t\t<figure class=\"wpb_wrapper vc_figure\">\n\t\t\t<a href=\"https:\/\/integrativa.pt\/en\/specialities\/clinical-pilates-and-reformer\/\" target=\"_self\"  class=\"vc_single_image-wrapper vc_box_outline_circle  vc_box_border_grey layzr-bg rollover\"   ><img decoding=\"async\" class=\"lazy-load vc_single_image-img\" src=\"data:image\/svg+xml;charset=utf-8,%3Csvg xmlns%3D'http%3A%2F%2Fwww.w3.org%2F2000%2Fsvg' viewBox%3D'0 0 300 300'%2F%3E\" data-src=\"https:\/\/integrativa.pt\/wp-content\/uploads\/2025\/10\/Pilates-Clinico-Belem-Lisboa-Restelo-3-300x300.webp\" width=\"300\" height=\"300\" alt=\"Pilates Clinic Bel\u00e9m Lisboa Restelo (3)\" title=\"Pilates Clinic Bel\u00e9m Lisboa Restelo (3)\" loading=\"lazy\"  data-dt-location=\"https:\/\/integrativa.pt\/en\/pilates-clinico-belem-lisboa-restelo-3\/\" \/><\/a>\n\t\t<\/figure>\n\t<\/div>\n<\/div><\/div><\/div><div class=\"wpb_column vc_column_container vc_col-sm-9 vc_hidden-xs\"><div class=\"vc_column-inner\"><div class=\"wpb_wrapper\"><div id=\"ultimate-heading-760469f4c876eb704\" class=\"uvc-heading ult-adjust-bottom-margin ultimate-heading-760469f4c876eb704 uvc-2426  uvc-heading-default-font-sizes\" data-hspacer=\"no_spacer\"  data-halign=\"left\" style=\"text-align:left\"><div class=\"uvc-heading-spacer no_spacer\" style=\"top\"><\/div><div class=\"uvc-main-heading ult-responsive\"  data-ultimate-target='.uvc-heading.ultimate-heading-760469f4c876eb704 h2'  data-responsive-json-new='{\"font-size\":\"\",\"line-height\":\"\"}' ><h2 style=\"--font-weight:theme;color:#1b9193;margin-bottom:15px;\">Clinical Pilates and Reformer<\/h2><\/div><div class=\"uvc-sub-heading ult-responsive\"  data-ultimate-target='.uvc-heading.ultimate-heading-760469f4c876eb704 .uvc-sub-heading '  data-responsive-json-new='{\"font-size\":\"\",\"line-height\":\"\"}'  style=\"font-weight:normal;\"><span style=\"color: #000000;\">Therapeutic exercise guided by health professionals, focused on posture, mobility, strength and movement control. Ideal for injury prevention, rehabilitation and improving quality of life.<\/span><\/p>\n<ul>\n<li><span style=\"color: #000000;\">Clinical Pilates and Reformer<\/span><\/li>\n<li><span style=\"color: #000000;\">Pilates Reformer<\/span><\/li>\n<li><span style=\"color: #000000;\">Runners Pilates<\/span><\/li>\n<li><span style=\"color: #000000;\">Pilates for Athletes<\/span><\/li>\n<li><span style=\"color: #000000;\">Pre and Postnatal Pilates<\/span><\/li>\n<li style=\"list-style-type: none;\"><\/li>\n<\/ul>\n<p>&nbsp;<\/p>\n<p><\/div><\/div><\/div><\/div><\/div><\/div><div class=\"vc_row-full-width vc_clearfix\"><\/div><div data-vc-full-width=\"true\" data-vc-full-width-temp=\"true\" data-vc-full-width-init=\"false\" class=\"vc_row wpb_row vc_row-fluid vc_custom_1758982425458 vc_row-has-fill vc_column-gap-25 vc_row-o-equal-height vc_row-o-content-top vc_row-flex\"><div class=\"wpb_column vc_column_container vc_col-sm-3 vc_hidden-lg vc_hidden-md vc_hidden-sm\"><div class=\"vc_column-inner\"><div class=\"wpb_wrapper\">\n\t<div  class=\"wpb_single_image wpb_content_element vc_align_center\">\n\t\t\n\t\t<figure class=\"wpb_wrapper vc_figure\">\n\t\t\t<a href=\"https:\/\/integrativa.pt\/en\/specialities\/clinical-pilates-and-reformer\/\" target=\"_self\"  class=\"vc_single_image-wrapper vc_box_outline_circle  vc_box_border_grey layzr-bg rollover\"   ><img decoding=\"async\" class=\"lazy-load vc_single_image-img\" src=\"data:image\/svg+xml;charset=utf-8,%3Csvg xmlns%3D'http%3A%2F%2Fwww.w3.org%2F2000%2Fsvg' viewBox%3D'0 0 300 300'%2F%3E\" data-src=\"https:\/\/integrativa.pt\/wp-content\/uploads\/2025\/10\/Pilates-Clinico-Belem-Lisboa-Restelo-3-300x300.webp\" width=\"300\" height=\"300\" alt=\"Pilates Clinic Bel\u00e9m Lisboa Restelo (3)\" title=\"Pilates Clinic Bel\u00e9m Lisboa Restelo (3)\" loading=\"lazy\"  data-dt-location=\"https:\/\/integrativa.pt\/en\/pilates-clinico-belem-lisboa-restelo-3\/\" \/><\/a>\n\t\t<\/figure>\n\t<\/div>\n<\/div><\/div><\/div><div class=\"wpb_column vc_column_container vc_col-sm-9 vc_hidden-lg vc_hidden-md vc_hidden-sm\"><div class=\"vc_column-inner\"><div class=\"wpb_wrapper\"><div id=\"ultimate-heading-587469f4c876ebec2\" class=\"uvc-heading ult-adjust-bottom-margin ultimate-heading-587469f4c876ebec2 uvc-28  uvc-heading-default-font-sizes\" data-hspacer=\"no_spacer\"  data-halign=\"left\" style=\"text-align:left\"><div class=\"uvc-heading-spacer no_spacer\" style=\"top\"><\/div><div class=\"uvc-main-heading ult-responsive\"  data-ultimate-target='.uvc-heading.ultimate-heading-587469f4c876ebec2 h2'  data-responsive-json-new='{\"font-size\":\"\",\"line-height\":\"\"}' ><h2 style=\"--font-weight:theme;color:#1b9193;margin-bottom:15px;\">Clinical Pilates and Reformer<\/h2><\/div><div class=\"uvc-sub-heading ult-responsive\"  data-ultimate-target='.uvc-heading.ultimate-heading-587469f4c876ebec2 .uvc-sub-heading '  data-responsive-json-new='{\"font-size\":\"\",\"line-height\":\"\"}'  style=\"font-weight:normal;\"><\/p>\n<p style=\"text-align: center;\"><span style=\"color: #003366;\">Clinical Pilates and Reformer<\/span><\/p>\n<p style=\"text-align: center;\"><span style=\"color: #003366;\">Pilates Reformer<\/span><\/p>\n<p style=\"text-align: center;\"><span style=\"color: #003366;\">Runners Pilates<\/span><\/p>\n<p style=\"text-align: center;\"><span style=\"color: #003366;\">Pilates for Athletes<\/span><\/p>\n<p style=\"text-align: center;\"><span style=\"color: #003366;\">Pre and Postnatal Pilates<\/span><\/p>\n<p>&nbsp;<\/p>\n<p><\/div><\/div><\/div><\/div><\/div><\/div><div class=\"vc_row-full-width vc_clearfix\"><\/div><div data-vc-full-width=\"true\" data-vc-full-width-temp=\"true\" data-vc-full-width-init=\"false\" class=\"vc_row wpb_row vc_row-fluid vc_custom_1758982435360 vc_column-gap-25 vc_row-o-equal-height vc_row-o-content-top vc_row-flex\"><div class=\"wpb_column vc_column_container vc_col-sm-3 vc_hidden-xs\"><div class=\"vc_column-inner\"><div class=\"wpb_wrapper\">\n\t<div  class=\"wpb_single_image wpb_content_element vc_align_center\">\n\t\t\n\t\t<figure class=\"wpb_wrapper vc_figure\">\n\t\t\t<a href=\"https:\/\/integrativa.pt\/en\/specialities\/psychology\/\" target=\"_self\"  class=\"vc_single_image-wrapper vc_box_outline_circle  vc_box_border_grey layzr-bg rollover\"   ><img decoding=\"async\" class=\"lazy-load vc_single_image-img\" src=\"data:image\/svg+xml;charset=utf-8,%3Csvg xmlns%3D'http%3A%2F%2Fwww.w3.org%2F2000%2Fsvg' viewBox%3D'0 0 350 350'%2F%3E\" data-src=\"https:\/\/integrativa.pt\/wp-content\/uploads\/2020\/05\/Clinical-psychology-scaled-350x350.jpg\" width=\"350\" height=\"350\" alt=\"Psychologist\" title=\"Psychology\" loading=\"lazy\"  data-dt-location=\"https:\/\/integrativa.pt\/en\/home\/psicologia-integrativa\/\" \/><\/a>\n\t\t<\/figure>\n\t<\/div>\n<\/div><\/div><\/div><div class=\"wpb_column vc_column_container vc_col-sm-9 vc_hidden-xs\"><div class=\"vc_column-inner\"><div class=\"wpb_wrapper\"><div id=\"ultimate-heading-233969f4c876ed206\" class=\"uvc-heading ult-adjust-bottom-margin ultimate-heading-233969f4c876ed206 uvc-1640  uvc-heading-default-font-sizes\" data-hspacer=\"no_spacer\"  data-halign=\"left\" style=\"text-align:left\"><div class=\"uvc-heading-spacer no_spacer\" style=\"top\"><\/div><div class=\"uvc-main-heading ult-responsive\"  data-ultimate-target='.uvc-heading.ultimate-heading-233969f4c876ed206 h2'  data-responsive-json-new='{\"font-size\":\"\",\"line-height\":\"\"}' ><h2 style=\"--font-weight:theme;color:#1b9193;margin-bottom:15px;\">Psychology<\/h2><\/div><div class=\"uvc-sub-heading ult-responsive\"  data-ultimate-target='.uvc-heading.ultimate-heading-233969f4c876ed206 .uvc-sub-heading '  data-responsive-json-new='{\"font-size\":\"desktop:15px;\",\"line-height\":\"\"}'  style=\"font-weight:normal;\"><span style=\"color: #000000;\">Individual counselling focused on mental health, emotional management and personal development. Support for anxiety, stress, depression and processes of adaptation to change or illness.<\/span><\/p>\n<ul>\n<li><span style=\"color: #000000;\">Psychology for adults<\/span><\/li>\n<li><span style=\"color: #000000;\">Psychology for children and adolescents<\/span><\/li>\n<li><span style=\"color: #000000;\">Vocational and career counselling<\/span><\/li>\n<li><span style=\"color: #000000;\">Personal and Professional Coaching<\/span><\/li>\n<li><span style=\"color: #000000;\">Sports Psychology<\/span><\/li>\n<\/ul>\n<p><\/div><\/div><\/div><\/div><\/div><\/div><div class=\"vc_row-full-width vc_clearfix\"><\/div><div data-vc-full-width=\"true\" data-vc-full-width-temp=\"true\" data-vc-full-width-init=\"false\" class=\"vc_row wpb_row vc_row-fluid vc_custom_1758982440449 vc_row-has-fill vc_column-gap-25 vc_row-o-equal-height vc_row-o-content-top vc_row-flex\"><div class=\"wpb_column vc_column_container vc_col-sm-3 vc_hidden-lg vc_hidden-md vc_hidden-sm\"><div class=\"vc_column-inner\"><div class=\"wpb_wrapper\">\n\t<div  class=\"wpb_single_image wpb_content_element vc_align_center\">\n\t\t\n\t\t<figure class=\"wpb_wrapper vc_figure\">\n\t\t\t<a href=\"https:\/\/integrativa.pt\/en\/specialities\/psychology\/\" target=\"_self\"  class=\"vc_single_image-wrapper vc_box_outline_circle  vc_box_border_grey layzr-bg rollover\"   ><img decoding=\"async\" class=\"lazy-load vc_single_image-img\" src=\"data:image\/svg+xml;charset=utf-8,%3Csvg xmlns%3D'http%3A%2F%2Fwww.w3.org%2F2000%2Fsvg' viewBox%3D'0 0 220 220'%2F%3E\" data-src=\"https:\/\/integrativa.pt\/wp-content\/uploads\/2020\/05\/Clinical-psychology-scaled-220x220.jpg\" width=\"220\" height=\"220\" alt=\"Psychologist\" title=\"Psychology\" loading=\"lazy\"  data-dt-location=\"https:\/\/integrativa.pt\/en\/home\/psicologia-integrativa\/\" \/><\/a>\n\t\t<\/figure>\n\t<\/div>\n<\/div><\/div><\/div><div class=\"wpb_column vc_column_container vc_col-sm-9 vc_hidden-lg vc_hidden-md vc_hidden-sm\"><div class=\"vc_column-inner\"><div class=\"wpb_wrapper\"><div id=\"ultimate-heading-149669f4c876eda26\" class=\"uvc-heading ult-adjust-bottom-margin ultimate-heading-149669f4c876eda26 uvc-4284  uvc-heading-default-font-sizes\" data-hspacer=\"no_spacer\"  data-halign=\"center\" style=\"text-align:center\"><div class=\"uvc-heading-spacer no_spacer\" style=\"top\"><\/div><div class=\"uvc-main-heading ult-responsive\"  data-ultimate-target='.uvc-heading.ultimate-heading-149669f4c876eda26 h2'  data-responsive-json-new='{\"font-size\":\"\",\"line-height\":\"\"}' ><h2 style=\"--font-weight:theme;color:#1b9193;\">Psychology<\/h2><\/div><div class=\"uvc-sub-heading ult-responsive\"  data-ultimate-target='.uvc-heading.ultimate-heading-149669f4c876eda26 .uvc-sub-heading '  data-responsive-json-new='{\"font-size\":\"desktop:20px;\",\"line-height\":\"desktop:30px;\"}'  style=\"font-weight:normal;color:#233D7F;\"><\/p>\n<p style=\"text-align: center;\">Advanced and Specialised<\/p>\n<p style=\"text-align: center;\">Psychology for adults<\/p>\n<p style=\"text-align: center;\">Psychology for children and adolescents<\/p>\n<p style=\"text-align: center;\">Vocational and career counselling<\/p>\n<p style=\"text-align: center;\">Personal and Professional Coaching<\/p>\n<p style=\"text-align: center;\">Sports Psychology<\/p>\n<p><\/div><\/div><\/div><\/div><\/div><\/div><div class=\"vc_row-full-width vc_clearfix\"><\/div><div data-vc-full-width=\"true\" data-vc-full-width-temp=\"true\" data-vc-full-width-init=\"false\" class=\"vc_row wpb_row vc_row-fluid vc_custom_1758982425458 vc_row-has-fill vc_column-gap-25 vc_row-o-equal-height vc_row-o-content-top vc_row-flex\"><div class=\"wpb_column vc_column_container vc_col-sm-3 vc_hidden-xs\"><div class=\"vc_column-inner\"><div class=\"wpb_wrapper\">\n\t<div  class=\"wpb_single_image wpb_content_element vc_align_center\">\n\t\t\n\t\t<figure class=\"wpb_wrapper vc_figure\">\n\t\t\t<a href=\"https:\/\/integrativa.pt\/en\/specialities\/clinical-and-functional-nutrition\/\" target=\"_self\"  class=\"vc_single_image-wrapper vc_box_outline_circle  vc_box_border_grey layzr-bg rollover\"   ><img decoding=\"async\" class=\"lazy-load vc_single_image-img\" src=\"data:image\/svg+xml;charset=utf-8,%3Csvg xmlns%3D'http%3A%2F%2Fwww.w3.org%2F2000%2Fsvg' viewBox%3D'0 0 300 300'%2F%3E\" data-src=\"https:\/\/integrativa.pt\/wp-content\/uploads\/2025\/03\/PALEO-300x300.webp\" width=\"300\" height=\"300\" alt=\"PALEO\" title=\"PALEO\" loading=\"lazy\"  data-dt-location=\"https:\/\/integrativa.pt\/en\/?attachment_id=3726\" \/><\/a>\n\t\t<\/figure>\n\t<\/div>\n<\/div><\/div><\/div><div class=\"wpb_column vc_column_container vc_col-sm-9 vc_hidden-xs\"><div class=\"vc_column-inner\"><div class=\"wpb_wrapper\"><div id=\"ultimate-heading-323269f4c876eec4b\" class=\"uvc-heading ult-adjust-bottom-margin ultimate-heading-323269f4c876eec4b uvc-9957  uvc-heading-default-font-sizes\" data-hspacer=\"no_spacer\"  data-halign=\"left\" style=\"text-align:left\"><div class=\"uvc-heading-spacer no_spacer\" style=\"top\"><\/div><div class=\"uvc-main-heading ult-responsive\"  data-ultimate-target='.uvc-heading.ultimate-heading-323269f4c876eec4b h2'  data-responsive-json-new='{\"font-size\":\"\",\"line-height\":\"\"}' ><h2 style=\"--font-weight:theme;color:#1b9193;margin-bottom:15px;\">Clinical and Functional Nutrition<\/h2><\/div><div class=\"uvc-sub-heading ult-responsive\"  data-ultimate-target='.uvc-heading.ultimate-heading-323269f4c876eec4b .uvc-sub-heading '  data-responsive-json-new='{\"font-size\":\"\",\"line-height\":\"\"}'  style=\"font-weight:normal;\"><span style=\"color: #000000;\">Personalised nutritional consultation aimed at promoting health, weight management and optimising physical performance. Diet plans tailored to objectives, lifestyle and clinical needs.<\/span><\/p>\n<ul>\n<li><span style=\"color: #000000;\">Nutrition specialising in Digestive Health<\/span><\/li>\n<li><span style=\"color: #000000;\">Nutrition specialising in oncology<\/span><\/li>\n<\/ul>\n<p><\/div><\/div><\/div><\/div><\/div><\/div><div class=\"vc_row-full-width vc_clearfix\"><\/div><div data-vc-full-width=\"true\" data-vc-full-width-temp=\"true\" data-vc-full-width-init=\"false\" class=\"vc_row wpb_row vc_row-fluid vc_custom_1758982429933 vc_row-has-fill vc_column-gap-25 vc_row-o-equal-height vc_row-o-content-top vc_row-flex\"><div class=\"wpb_column vc_column_container vc_col-sm-3 vc_hidden-lg vc_hidden-md vc_hidden-sm\"><div class=\"vc_column-inner\"><div class=\"wpb_wrapper\">\n\t<div  class=\"wpb_single_image wpb_content_element vc_align_center\">\n\t\t\n\t\t<figure class=\"wpb_wrapper vc_figure\">\n\t\t\t<a href=\"https:\/\/integrativa.pt\/en\/specialities\/clinical-and-functional-nutrition\/\" target=\"_self\"  class=\"vc_single_image-wrapper vc_box_outline_circle  vc_box_border_grey layzr-bg rollover\"   ><img decoding=\"async\" class=\"lazy-load vc_single_image-img\" src=\"data:image\/svg+xml;charset=utf-8,%3Csvg xmlns%3D'http%3A%2F%2Fwww.w3.org%2F2000%2Fsvg' viewBox%3D'0 0 300 300'%2F%3E\" data-src=\"https:\/\/integrativa.pt\/wp-content\/uploads\/2025\/03\/PALEO-300x300.webp\" width=\"300\" height=\"300\" alt=\"PALEO\" title=\"PALEO\" loading=\"lazy\"  data-dt-location=\"https:\/\/integrativa.pt\/en\/?attachment_id=3726\" \/><\/a>\n\t\t<\/figure>\n\t<\/div>\n<\/div><\/div><\/div><div class=\"wpb_column vc_column_container vc_col-sm-9 vc_hidden-lg vc_hidden-md vc_hidden-sm\"><div class=\"vc_column-inner\"><div class=\"wpb_wrapper\"><div id=\"ultimate-heading-624569f4c876ef429\" class=\"uvc-heading ult-adjust-bottom-margin ultimate-heading-624569f4c876ef429 uvc-8666  uvc-heading-default-font-sizes\" data-hspacer=\"no_spacer\"  data-halign=\"left\" style=\"text-align:left\"><div class=\"uvc-heading-spacer no_spacer\" style=\"top\"><\/div><div class=\"uvc-main-heading ult-responsive\"  data-ultimate-target='.uvc-heading.ultimate-heading-624569f4c876ef429 h2'  data-responsive-json-new='{\"font-size\":\"\",\"line-height\":\"\"}' ><h2 style=\"--font-weight:theme;color:#1b9193;margin-bottom:15px;\">Clinical and Functional Nutrition<\/h2><\/div><div class=\"uvc-sub-heading ult-responsive\"  data-ultimate-target='.uvc-heading.ultimate-heading-624569f4c876ef429 .uvc-sub-heading '  data-responsive-json-new='{\"font-size\":\"\",\"line-height\":\"\"}'  style=\"font-weight:normal;\"><\/p>\n<p style=\"text-align: center;\"><span style=\"color: #000000;\">Nutrition specialising in Digestive Health<\/span><\/p>\n<p style=\"text-align: center;\"><span style=\"color: #000000;\">Nutrition specialising in oncology<\/span><\/p>\n<p>&nbsp;<\/p>\n<p><\/div><\/div><\/div><\/div><\/div><\/div><div class=\"vc_row-full-width vc_clearfix\"><\/div><div data-vc-full-width=\"true\" data-vc-full-width-temp=\"true\" data-vc-full-width-init=\"false\" class=\"vc_row wpb_row vc_row-fluid vc_custom_1676413110397 vc_column-gap-25 vc_row-o-equal-height vc_row-o-content-top vc_row-flex\"><div class=\"wpb_column vc_column_container vc_col-sm-12\"><div class=\"vc_column-inner\"><div class=\"wpb_wrapper\"><div class=\"vc_btn3-container vc_btn3-center\" ><a onmouseleave=\"this.style.borderColor='#233d7f'; this.style.backgroundColor='transparent'; this.style.color='#233d7f'\" onmouseenter=\"this.style.borderColor='#1b9193'; this.style.backgroundColor='#1b9193'; this.style.color='#ffffff';\" style=\"border-color:#233d7f; color:#233d7f;\" class=\"vc_general vc_btn3 vc_btn3-size-md vc_btn3-shape-round vc_btn3-style-outline-custom\" href=\"https:\/\/integrativa.pt\/en\/integrative-team\/\" title=\"Integrativa Team\">Meet Our Integrative Team<\/a><\/div><\/div><\/div><\/div><\/div><div class=\"vc_row-full-width vc_clearfix\"><\/div><div data-vc-full-width=\"true\" data-vc-full-width-temp=\"true\" data-vc-full-width-init=\"false\" class=\"vc_row wpb_row vc_row-fluid vc_custom_1676413110397 vc_column-gap-25 vc_row-o-equal-height vc_row-o-content-top vc_row-flex\"><div class=\"wpb_column vc_column_container vc_col-sm-12\"><div class=\"vc_column-inner\"><div class=\"wpb_wrapper\"><div class=\"vc_separator wpb_content_element vc_separator_align_center vc_sep_width_100 vc_sep_pos_align_center wpb_content_element vc_separator-has-text\" ><span class=\"vc_sep_holder vc_sep_holder_l\"><span style=\"border-color:#233d7f;\" class=\"vc_sep_line\"><\/span><\/span><div class=\"vc_icon_element vc_icon_element-outer vc_do_icon vc_icon_element-align-left\"><div class=\"vc_icon_element-inner vc_icon_element-color-custom vc_icon_element-size-md vc_icon_element-style- vc_icon_element-background-color-grey\" ><span class=\"vc_icon_element-icon far fa-calendar-alt\" style=\"color:#1b9193 !important\"><\/span><\/div><\/div><h4>Appointment Scheduling<\/h4><span class=\"vc_sep_holder vc_sep_holder_r\"><span style=\"border-color:#233d7f;\" class=\"vc_sep_line\"><\/span><\/span>\n<\/div><div id=\"ultimate-heading-912869f4c876f034f\" class=\"uvc-heading ult-adjust-bottom-margin ultimate-heading-912869f4c876f034f uvc-1908  uvc-heading-default-font-sizes\" data-hspacer=\"no_spacer\"  data-halign=\"center\" style=\"text-align:center\"><div class=\"uvc-heading-spacer no_spacer\" style=\"top\"><\/div><div class=\"uvc-sub-heading ult-responsive\"  data-ultimate-target='.uvc-heading.ultimate-heading-912869f4c876f034f .uvc-sub-heading '  data-responsive-json-new='{\"font-size\":\"\",\"line-height\":\"\"}'  style=\"font-weight:normal;\"><\/p>\n<p style=\"text-align: center;\">Appointments booked through the website are subject to confirmation by Integrativa.<\/p>\n<p><\/div><\/div>\n<div class=\"wpcf7 no-js\" id=\"wpcf7-f135-o1\" lang=\"pt-PT\" dir=\"ltr\" data-wpcf7-id=\"135\">\n<div class=\"screen-reader-response\"><p role=\"status\" aria-live=\"polite\" aria-atomic=\"true\"><\/p> <ul><\/ul><\/div>\n<form action=\"\/en\/wp-json\/wp\/v2\/pages\/1952#wpcf7-f135-o1\" method=\"post\" class=\"wpcf7-form init\" aria-label=\"Formul\u00e1rio de contacto\" novalidate=\"novalidate\" data-status=\"init\" data-trp-original-action=\"\/en\/wp-json\/wp\/v2\/pages\/1952#wpcf7-f135-o1\">\n<fieldset class=\"hidden-fields-container\"><input type=\"hidden\" name=\"_wpcf7\" value=\"135\" \/><input type=\"hidden\" name=\"_wpcf7_version\" value=\"6.1.5\" \/><input type=\"hidden\" name=\"_wpcf7_locale\" value=\"pt_PT\" \/><input type=\"hidden\" name=\"_wpcf7_unit_tag\" value=\"wpcf7-f135-o1\" \/><input type=\"hidden\" name=\"_wpcf7_container_post\" value=\"0\" \/><input type=\"hidden\" name=\"_wpcf7_posted_data_hash\" value=\"\" \/>\n<\/fieldset>\n<p><label> Name*<br \/>\n<span class=\"wpcf7-form-control-wrap\" data-name=\"your-name\"><input size=\"40\" maxlength=\"400\" class=\"wpcf7-form-control wpcf7-text wpcf7-validates-as-required\" aria-required=\"true\" aria-invalid=\"false\" value=\"\" type=\"text\" name=\"your-name\" \/><\/span> <\/label>\n<\/p>\n<div class=\"frm-email\">\n\t<p><label> Email*<br \/>\n<span class=\"wpcf7-form-control-wrap\" data-name=\"your-email\"><input size=\"40\" maxlength=\"400\" class=\"wpcf7-form-control wpcf7-email wpcf7-validates-as-required wpcf7-text wpcf7-validates-as-email\" aria-required=\"true\" aria-invalid=\"false\" value=\"\" type=\"email\" name=\"your-email\" \/><\/span> <\/label>\n\t<\/p>\n<\/div>\n<div class=\"frm-tel\">\n\t<p><label> Contact<br \/>\n<span class=\"wpcf7-form-control-wrap\" data-name=\"tel-886\"><input size=\"40\" maxlength=\"400\" class=\"wpcf7-form-control wpcf7-tel wpcf7-validates-as-required wpcf7-text wpcf7-validates-as-tel\" aria-required=\"true\" aria-invalid=\"false\" value=\"+351\" type=\"tel\" name=\"tel-886\" \/><\/span> <\/label>\n\t<\/p>\n<\/div>\n<p><label> Clinical Speciality<br \/>\n<span class=\"wpcf7-form-control-wrap\" data-name=\"menu-971\"><select class=\"wpcf7-form-control wpcf7-select wpcf7-validates-as-required\" aria-required=\"true\" aria-invalid=\"false\" name=\"menu-971\"><option value=\"Osteopatia\">Osteopathy<\/option><option value=\"Osteopatia Infantil\">Children's Osteopathy<\/option><option value=\"Fisioterapia\">Physiotherapy<\/option><option value=\"Pilates cl\u00ednico\">Clinical Pilates<\/option><option value=\"Psicologia\">Psychology<\/option><\/select><\/span> <\/label>\n<\/p>\n<div class=\"frm-date\">\n\t<p><label> Day<br \/>\n<span class=\"wpcf7-form-control-wrap\" data-name=\"date-15\"><input class=\"wpcf7-form-control wpcf7-date wpcf7-validates-as-required wpcf7-validates-as-date\" aria-required=\"true\" aria-invalid=\"false\" placeholder=\"01\/01\/2020\" value=\"\" type=\"date\" name=\"date-15\" \/><\/span> <\/label>\n\t<\/p>\n<\/div>\n<div class=\"frm-number\">\n\t<p><label> Hour<br \/>\n<span class=\"wpcf7-form-control-wrap\" data-name=\"number-53\"><input class=\"wpcf7-form-control wpcf7-number wpcf7-validates-as-number\" aria-invalid=\"false\" placeholder=\"10:00\" value=\"\" type=\"number\" name=\"number-53\" \/><\/span> <\/label>\n\t<\/p>\n<\/div>\n<p><label> Notes<br \/>\n<span class=\"wpcf7-form-control-wrap\" data-name=\"your-message\"><textarea cols=\"20\" rows=\"2\" maxlength=\"2000\" class=\"wpcf7-form-control wpcf7-textarea\" aria-invalid=\"false\" name=\"your-message\"><\/textarea><\/span> <\/label>\n<\/p>\n<p><span class=\"wpcf7-form-control-wrap\" data-name=\"acceptance-411\"><span class=\"wpcf7-form-control wpcf7-acceptance optional\"><span class=\"wpcf7-list-item\"><label><input type=\"checkbox\" name=\"acceptance-411\" value=\"1\" aria-invalid=\"false\" \/><span class=\"wpcf7-list-item-label\">By submitting this form, you consent to the storage and processing of your data by this website.<\/span><\/label><\/span><\/span><\/span>\n<\/p>\n<p><input class=\"wpcf7-form-control wpcf7-submit has-spinner\" type=\"submit\" value=\"Submit Appointment Request\" \/>\n<\/p><div class=\"wpcf7-response-output\" aria-hidden=\"true\"><\/div>\n<input type=\"hidden\" name=\"trp-form-language\" value=\"en\"\/><\/form>\n<\/div>\n<\/div><\/div><\/div><\/div><div class=\"vc_row-full-width vc_clearfix\"><\/div>\n<\/div>","protected":false},"excerpt":{"rendered":"<p>Especialidades Cl\u00ednicas Uma abordagem global, integrativa e personalizada. Na Integrativa, o objetivo n\u00e3o \u00e9 apenas reduzir sintomas, \u00e9 compreender as suas causas e acompanhar cada pessoa na constru\u00e7\u00e3o de uma sa\u00fade mais s\u00f3lida e sustent\u00e1vel. OsteopatiaAvalia\u00e7\u00e3o funcional integrada e tratamento manual das disfun\u00e7\u00f5es m\u00fasculo-esquel\u00e9ticas, viscerais e cranianas, com interven\u00e7\u00e3o individualizada baseada na avalia\u00e7\u00e3o cl\u00ednica e&hellip;<\/p>","protected":false},"author":1,"featured_media":0,"parent":0,"menu_order":0,"comment_status":"closed","ping_status":"closed","template":"","meta":{"inline_featured_image":false,"footnotes":""},"class_list":["post-1952","page","type-page","status-publish","hentry","description-off"],"_links":{"self":[{"href":"https:\/\/integrativa.pt\/en\/wp-json\/wp\/v2\/pages\/1952","targetHints":{"allow":["GET"]}}],"collection":[{"href":"https:\/\/integrativa.pt\/en\/wp-json\/wp\/v2\/pages"}],"about":[{"href":"https:\/\/integrativa.pt\/en\/wp-json\/wp\/v2\/types\/page"}],"author":[{"embeddable":true,"href":"https:\/\/integrativa.pt\/en\/wp-json\/wp\/v2\/users\/1"}],"replies":[{"embeddable":true,"href":"https:\/\/integrativa.pt\/en\/wp-json\/wp\/v2\/comments?post=1952"}],"version-history":[{"count":0,"href":"https:\/\/integrativa.pt\/en\/wp-json\/wp\/v2\/pages\/1952\/revisions"}],"wp:attachment":[{"href":"https:\/\/integrativa.pt\/en\/wp-json\/wp\/v2\/media?parent=1952"}],"curies":[{"name":"wp","href":"https:\/\/api.w.org\/{rel}","templated":true}]}}