{"id":2570,"date":"2023-11-14T14:54:48","date_gmt":"2023-11-14T14:54:48","guid":{"rendered":"https:\/\/integrativa.pt\/?page_id=2570"},"modified":"2025-10-22T18:37:54","modified_gmt":"2025-10-22T18:37:54","slug":"musculoskeletal-physiotherapy","status":"publish","type":"page","link":"https:\/\/integrativa.pt\/en\/especialidades\/fisioterapia\/fisioterapia-musculo-esqueletica\/","title":{"rendered":"Musculoskeletal Physiotherapy"},"content":{"rendered":"<div class=\"wpb-content-wrapper\"><div data-vc-full-width=\"true\" data-vc-full-width-temp=\"true\" data-vc-full-width-init=\"false\" class=\"vc_row wpb_row vc_row-fluid vc_column-gap-25 vc_rtl-columns-reverse vc_row-o-equal-height vc_row-o-content-top vc_row-flex\"><div class=\"wpb_column vc_column_container vc_col-sm-6\"><div class=\"vc_column-inner\"><div class=\"wpb_wrapper\"><div id=\"ultimate-heading-761269f4169f22d02\" class=\"uvc-heading ult-adjust-bottom-margin ultimate-heading-761269f4169f22d02 uvc-987  uvc-heading-default-font-sizes\" data-hspacer=\"no_spacer\"  data-halign=\"left\" style=\"text-align:left\"><div class=\"uvc-heading-spacer no_spacer\" style=\"top\"><\/div><div class=\"uvc-main-heading ult-responsive\"  data-ultimate-target='.uvc-heading.ultimate-heading-761269f4169f22d02 h1'  data-responsive-json-new='{\"font-size\":\"\",\"line-height\":\"\"}' ><h1 style=\"--font-weight:theme;color:#1b9193;\">Physiotherapy<\/h1><\/div><div class=\"uvc-sub-heading ult-responsive\"  data-ultimate-target='.uvc-heading.ultimate-heading-761269f4169f22d02 .uvc-sub-heading '  data-responsive-json-new='{\"font-size\":\"\",\"line-height\":\"\"}'  style=\"font-weight:normal;\"><\/p>\n<h2>Musculoskeletal<\/h2>\n<p><\/div><\/div><div id=\"ultimate-heading-390969f4169f22deb\" class=\"uvc-heading ult-adjust-bottom-margin ultimate-heading-390969f4169f22deb uvc-5588  uvc-heading-default-font-sizes\" data-hspacer=\"no_spacer\"  data-halign=\"left\" style=\"text-align:left\"><div class=\"uvc-heading-spacer no_spacer\" style=\"top\"><\/div><div class=\"uvc-sub-heading ult-responsive\"  data-ultimate-target='.uvc-heading.ultimate-heading-390969f4169f22deb .uvc-sub-heading '  data-responsive-json-new='{\"font-size\":\"\",\"line-height\":\"\"}'  style=\"font-weight:normal;\"><\/p>\n<h4>Rediscover movement, relieve pain and regain well-being<\/h4>\n<p>Musculoskeletal Physiotherapy at Integrativa is dedicated to the assessment, treatment and rehabilitation of dysfunctions of the neuromuscular and articular system, including muscles, ligaments, joints and tendons.<br data-start=\"1320\" data-end=\"1323\" \/>Our aim is simple: to relieve pain, restore movement and recover bodily function, so that you can return to your activities with safety and quality of life.<\/p>\n<p>At Integrativa, we develop personalised rehabilitation plans adapted to your condition and goals.<br data-start=\"1790\" data-end=\"1793\" \/>Our team uses evidence-based techniques and advanced manual approaches to ensure an effective and lasting recovery.<br data-start=\"1948\" data-end=\"1951\" \/>We know that each body is unique, which is why our support is always individualised, respecting each person's pace and needs.<\/p>\n<p data-start=\"1197\" data-end=\"1221\"><strong data-start=\"1201\" data-end=\"1221\">Areas of Practice<\/strong><\/p>\n<ul data-start=\"1222\" data-end=\"1502\">\n<li data-start=\"1222\" data-end=\"1312\">\n<p data-start=\"1224\" data-end=\"1312\">Spinal column: low back pain, neck pain, herniated discs and postural changes.<\/p>\n<\/li>\n<li data-start=\"1313\" data-end=\"1404\">\n<p data-start=\"1315\" data-end=\"1404\">Lower limb: hip, knee and foot injuries, sprains and post-surgery rehabilitation.<\/p>\n<\/li>\n<li data-start=\"1405\" data-end=\"1502\">\n<p data-start=\"1407\" data-end=\"1502\">Upper limb: shoulder, elbow or hand pain, tendonitis and carpal tunnel syndrome.<\/p>\n<\/li>\n<\/ul>\n<h5>Rediscover movement, relieve pain and regain well-being safely and effectively.<\/h5>\n<p>Book your Musculoskeletal Physiotherapy session at Integrativa.<\/div><\/div><\/div><\/div><\/div><div class=\"wpb_column vc_column_container vc_col-sm-6\"><div class=\"vc_column-inner\"><div class=\"wpb_wrapper\">\n\t<div  class=\"wpb_single_image wpb_content_element vc_align_center  vc_custom_1760032918666\">\n\t\t\n\t\t<figure class=\"wpb_wrapper vc_figure\">\n\t\t\t<div class=\"vc_single_image-wrapper vc_box_rounded  vc_box_border_grey\"><img loading=\"lazy\" decoding=\"async\" width=\"1536\" height=\"1024\" src=\"https:\/\/integrativa.pt\/wp-content\/uploads\/2025\/10\/Fisioterapia-Belem-Lisboa-2.webp\" class=\"vc_single_image-img attachment-full\" alt=\"\" title=\"Physiotherapy Bel\u00e9m Lisbon\" srcset=\"https:\/\/integrativa.pt\/wp-content\/uploads\/2025\/10\/Fisioterapia-Belem-Lisboa-2.webp 1536w, https:\/\/integrativa.pt\/wp-content\/uploads\/2025\/10\/Fisioterapia-Belem-Lisboa-2-300x200.webp 300w, https:\/\/integrativa.pt\/wp-content\/uploads\/2025\/10\/Fisioterapia-Belem-Lisboa-2-1024x683.webp 1024w, https:\/\/integrativa.pt\/wp-content\/uploads\/2025\/10\/Fisioterapia-Belem-Lisboa-2-768x512.webp 768w\" sizes=\"auto, (max-width: 1536px) 100vw, 1536px\"  data-dt-location=\"https:\/\/integrativa.pt\/en\/fisioterapia-belem-lisboa-3\/\" \/><\/div>\n\t\t<\/figure>\n\t<\/div>\n<div class=\"hr-thin style-double hr-left\" style=\"width: 25%;border-color: #1b9193;border-top-width: 6px;\"><\/div><div  class=\"vc_do_toggle vc_toggle vc_toggle_default vc_toggle_color_default  vc_toggle_size_md vc_custom_1761157794336\"><div class=\"vc_toggle_title\"><h4>Why choose Integrativa?<\/h4><i class=\"vc_toggle_icon\"><\/i><\/div><div class=\"vc_toggle_content\"><ul>\n<li>\n<p data-start=\"486\" data-end=\"714\"><strong data-start=\"486\" data-end=\"517\">Individualised sessions:<\/strong> Each session is totally personalised, tailored to the needs and goals of each patient, in a private office. We guarantee the therapist's undivided attention throughout the treatment process.<\/p>\n<\/li>\n<li>\n<p data-start=\"486\" data-end=\"714\"><strong data-start=\"716\" data-end=\"748\">Personalised service:<\/strong>We value the relationship of trust between therapist and patient. We take the time to understand your concerns and offer close, attentive and humane care.<\/p>\n<\/li>\n<li>\n<p data-start=\"486\" data-end=\"714\"><strong data-start=\"927\" data-end=\"951\">Focus on Quality:<\/strong>We prioritise clinical excellence, using advanced techniques based on scientific evidence to ensure safe and lasting results.<\/p>\n<\/li>\n<li>\n<p data-start=\"1111\" data-end=\"1281\"><strong data-start=\"1111\" data-end=\"1138\">Comfortable environment:<\/strong>We have private, quiet offices designed to promote physical and emotional well-being during each session. Your comfort and serenity are our priority.<\/p>\n<\/li>\n<\/ul>\n<\/div><\/div><\/div><\/div><\/div><\/div><div class=\"vc_row-full-width vc_clearfix\"><\/div><div data-vc-full-width=\"true\" data-vc-full-width-temp=\"true\" data-vc-full-width-init=\"false\" class=\"vc_row wpb_row vc_row-fluid vc_column-gap-25 vc_rtl-columns-reverse vc_row-o-equal-height vc_row-o-content-top vc_row-flex\"><div class=\"wpb_column vc_column_container vc_col-sm-12\"><div class=\"vc_column-inner\"><div class=\"wpb_wrapper\"><div id=\"ultimate-heading-59469f4169f25404\" class=\"uvc-heading ult-adjust-bottom-margin ultimate-heading-59469f4169f25404 uvc-4233  uvc-heading-default-font-sizes\" data-hspacer=\"no_spacer\"  data-halign=\"center\" style=\"text-align:center\"><div class=\"uvc-heading-spacer no_spacer\" style=\"top\"><\/div><div class=\"uvc-main-heading ult-responsive\"  data-ultimate-target='.uvc-heading.ultimate-heading-59469f4169f25404 h3'  data-responsive-json-new='{\"font-size\":\"\",\"line-height\":\"\"}' ><h3 style=\"--font-weight:theme;color:#1B9193;\">Areas of Practice<\/h3><\/div><\/div><\/div><\/div><\/div><div class=\"wpb_column vc_column_container vc_col-sm-1\/5\"><div class=\"vc_column-inner\"><div class=\"wpb_wrapper\"><\/div><\/div><\/div><div class=\"wpb_column vc_column_container vc_col-sm-1\/5\"><div class=\"vc_column-inner\"><div class=\"wpb_wrapper\"><div id=\"ultimate-heading-357769f4169f25787\" class=\"uvc-heading ult-adjust-bottom-margin ultimate-heading-357769f4169f25787 uvc-4298  uvc-heading-default-font-sizes\" data-hspacer=\"no_spacer\"  data-halign=\"center\" style=\"text-align:center\"><div class=\"uvc-heading-spacer no_spacer\" style=\"top\"><\/div><div class=\"uvc-main-heading ult-responsive\"  data-ultimate-target='.uvc-heading.ultimate-heading-357769f4169f25787 h5'  data-responsive-json-new='{\"font-size\":\"\",\"line-height\":\"\"}' ><h5 style=\"--font-weight:theme;margin-bottom:35px;\">Spine<\/h5><\/div><\/div>\n\t<div  class=\"wpb_single_image wpb_content_element vc_align_center\">\n\t\t\n\t\t<figure class=\"wpb_wrapper vc_figure\">\n\t\t\t<div class=\"vc_single_image-wrapper vc_box_border_circle  vc_box_border_grey\"><img decoding=\"async\" class=\"vc_single_image-img\" src=\"https:\/\/integrativa.pt\/wp-content\/uploads\/2023\/11\/Diapositivo1-120x120.jpg\" width=\"120\" height=\"120\" alt=\"Slide1\" title=\"Slide1\" loading=\"lazy\"  data-dt-location=\"https:\/\/integrativa.pt\/en\/especialidades\/fisioterapia\/fisioterapia-musculo-esqueletica\/diapositivo1\/\" \/><\/div>\n\t\t<\/figure>\n\t<\/div>\n<div  class=\"vc_do_toggle vc_toggle vc_toggle_round vc_toggle_color_grey  vc_toggle_size_md vc_custom_1761156253454\"><div class=\"vc_toggle_title\"><h4><\/h4><i class=\"vc_toggle_icon\"><\/i><\/div><div class=\"vc_toggle_content\"><ul>\n<li>Lumbago (lower back pain)<\/li>\n<li>Cervicalgia (neck pain)<\/li>\n<li>Lumbar or cervical disc herniation, disc protrusion, sciatic pain<\/li>\n<li>Torticollis<\/li>\n<li>Cervical Whiplash<\/li>\n<li>Cervico-brachial neuralgia (sciatic pain in the arm)<\/li>\n<li>Osteophytes (\u201cparrot beaks\u201d)<\/li>\n<li>Pyramidal Syndrome<\/li>\n<li>Coccygodynia (pain in the coccyx)<\/li>\n<li>Intercostal neuralgia<\/li>\n<li>Among others.<\/li>\n<\/ul>\n<\/div><\/div><\/div><\/div><\/div><div class=\"wpb_column vc_column_container vc_col-sm-1\/5\"><div class=\"vc_column-inner\"><div class=\"wpb_wrapper\"><div id=\"ultimate-heading-216369f4169f26517\" class=\"uvc-heading ult-adjust-bottom-margin ultimate-heading-216369f4169f26517 uvc-8780  uvc-heading-default-font-sizes\" data-hspacer=\"no_spacer\"  data-halign=\"center\" style=\"text-align:center\"><div class=\"uvc-heading-spacer no_spacer\" style=\"top\"><\/div><div class=\"uvc-main-heading ult-responsive\"  data-ultimate-target='.uvc-heading.ultimate-heading-216369f4169f26517 h5'  data-responsive-json-new='{\"font-size\":\"\",\"line-height\":\"\"}' ><h5 style=\"--font-weight:theme;margin-bottom:35px;\">Hip, Knee and Foot Injuries<\/h5><\/div><\/div>\n\t<div  class=\"wpb_single_image wpb_content_element vc_align_center\">\n\t\t\n\t\t<figure class=\"wpb_wrapper vc_figure\">\n\t\t\t<div class=\"vc_single_image-wrapper vc_box_border_circle  vc_box_border_grey\"><img decoding=\"async\" class=\"vc_single_image-img\" src=\"https:\/\/integrativa.pt\/wp-content\/uploads\/2023\/11\/Perna-120x120.jpg\" width=\"120\" height=\"120\" alt=\"Leg\" title=\"Leg\" loading=\"lazy\"  data-dt-location=\"https:\/\/integrativa.pt\/en\/especialidades\/fisioterapia\/fisioterapia-musculo-esqueletica\/perna\/\" \/><\/div>\n\t\t<\/figure>\n\t<\/div>\n<div  class=\"vc_do_toggle vc_toggle vc_toggle_round vc_toggle_color_grey  vc_toggle_size_md vc_custom_1761156288946\"><div class=\"vc_toggle_title\"><h4><\/h4><i class=\"vc_toggle_icon\"><\/i><\/div><div class=\"vc_toggle_content\"><ul>\n<li>Coxarthrosis (hip arthrosis)<\/li>\n<li>Trochanteric bursitis<\/li>\n<li>Gonarthrosis (Knee Arthrosis)<\/li>\n<li>Morton's neuroma<\/li>\n<li>Ankle or knee sprain<\/li>\n<li>Chondromalacia patellae<\/li>\n<li>Sever Syndrome<\/li>\n<li>Recovery after knee or hip replacement<\/li>\n<li>Deviation of the kneecap<\/li>\n<li>Heel spur<\/li>\n<li>Plantar fasciitis<\/li>\n<li>Achilles or rotator tendon tendinopathy<\/li>\n<li>Goose paw tendonitis or pes anserine tendinitis<\/li>\n<li>Among others.<\/li>\n<\/ul>\n<\/div><\/div><\/div><\/div><\/div><div class=\"wpb_column vc_column_container vc_col-sm-1\/5\"><div class=\"vc_column-inner\"><div class=\"wpb_wrapper\"><div id=\"ultimate-heading-512969f4169f27242\" class=\"uvc-heading ult-adjust-bottom-margin ultimate-heading-512969f4169f27242 uvc-7004  uvc-heading-default-font-sizes\" data-hspacer=\"no_spacer\"  data-halign=\"center\" style=\"text-align:center\"><div class=\"uvc-heading-spacer no_spacer\" style=\"top\"><\/div><div class=\"uvc-main-heading ult-responsive\"  data-ultimate-target='.uvc-heading.ultimate-heading-512969f4169f27242 h5'  data-responsive-json-new='{\"font-size\":\"\",\"line-height\":\"\"}' ><h5 style=\"--font-weight:theme;margin-bottom:35px;\">Shoulder, elbow and hand injuries<\/h5><\/div><\/div>\n\t<div  class=\"wpb_single_image wpb_content_element vc_align_center\">\n\t\t\n\t\t<figure class=\"wpb_wrapper vc_figure\">\n\t\t\t<div class=\"vc_single_image-wrapper vc_box_border_circle  vc_box_border_grey\"><img decoding=\"async\" class=\"vc_single_image-img\" src=\"https:\/\/integrativa.pt\/wp-content\/uploads\/2023\/11\/Braco-120x120.jpg\" width=\"120\" height=\"120\" alt=\"Arm\" title=\"Arm\" loading=\"lazy\"  data-dt-location=\"https:\/\/integrativa.pt\/en\/especialidades\/fisioterapia\/fisioterapia-musculo-esqueletica\/braco\/\" \/><\/div>\n\t\t<\/figure>\n\t<\/div>\n<div  class=\"vc_do_toggle vc_toggle vc_toggle_round vc_toggle_color_grey  vc_toggle_size_md vc_custom_1761156297172\"><div class=\"vc_toggle_title\"><h4><\/h4><i class=\"vc_toggle_icon\"><\/i><\/div><div class=\"vc_toggle_content\"><ul>\n<li>Tendonitis in the wrist, shoulder or hand<\/li>\n<li>Epicondylitis (\u201ctennis elbow\u201d)<\/li>\n<li>Epitrochleitis (\u201cgolfer's elbow\u201d)<\/li>\n<li>Recovery after fractures<\/li>\n<li>Rehabilitation after shoulder surgery<\/li>\n<li>Subacromial conflict<\/li>\n<li>Shoulder dislocation<\/li>\n<li>Adhesive capsulitis (\u201cfrozen shoulder\u201d)<\/li>\n<li>Dupuytren's contracture<\/li>\n<li>Carpal Tunnel Syndrome<\/li>\n<li>Among others.<\/li>\n<\/ul>\n<\/div><\/div><\/div><\/div><\/div><div class=\"wpb_column vc_column_container vc_col-sm-1\/5\"><div class=\"vc_column-inner\"><div class=\"wpb_wrapper\"><\/div><\/div><\/div><\/div><div class=\"vc_row-full-width vc_clearfix\"><\/div><div data-vc-full-width=\"true\" data-vc-full-width-temp=\"true\" data-vc-full-width-init=\"false\" class=\"vc_row wpb_row vc_row-fluid vc_custom_1673684019203 vc_column-gap-25 vc_row-o-equal-height vc_row-o-content-top vc_row-flex\"><div class=\"wpb_column vc_column_container vc_col-sm-12\"><div class=\"vc_column-inner\"><div class=\"wpb_wrapper\"><div class=\"vc_separator wpb_content_element vc_separator_align_center vc_sep_width_100 vc_sep_pos_align_center vc_custom_1676836486174 wpb_content_element vc_separator-has-text\" ><span class=\"vc_sep_holder vc_sep_holder_l\"><span style=\"border-color:#1b9193;\" class=\"vc_sep_line\"><\/span><\/span><h4>Blog Articles<\/h4><span class=\"vc_sep_holder vc_sep_holder_r\"><span style=\"border-color:#1b9193;\" class=\"vc_sep_line\"><\/span><\/span>\n<\/div><style type=\"text\/css\" data-type=\"the7_shortcodes-inline-css\">.blog-carousel-shortcode.blog-carousel-shortcode-id-8335f81eccfce6a2879ba09591ea2935.dividers-on.classic-layout-list article {\n  padding-top: 0;\n}\n.blog-carousel-shortcode.blog-carousel-shortcode-id-8335f81eccfce6a2879ba09591ea2935.dividers-on.classic-layout-list article:first-of-type {\n  margin-top: 0;\n  padding-top: 0;\n}\n.blog-carousel-shortcode.blog-carousel-shortcode-id-8335f81eccfce6a2879ba09591ea2935.classic-layout-list.mode-list .post-entry-content {\n  width: calc(100% - );\n}\n.blog-carousel-shortcode.blog-carousel-shortcode-id-8335f81eccfce6a2879ba09591ea2935.classic-layout-list.mode-list .no-img .post-entry-content {\n  width: 100%;\n}\n.blog-carousel-shortcode.blog-carousel-shortcode-id-8335f81eccfce6a2879ba09591ea2935 .filter-bg-decoration .filter-categories a.act {\n  color: #fff;\n}\n.blog-carousel-shortcode.blog-carousel-shortcode-id-8335f81eccfce6a2879ba09591ea2935:not(.mode-masonry) article:first-of-type,\n.blog-carousel-shortcode.blog-carousel-shortcode-id-8335f81eccfce6a2879ba09591ea2935:not(.mode-masonry) article.visible.first:not(.product) {\n  margin-top: 0;\n}\n.blog-carousel-shortcode.blog-carousel-shortcode-id-8335f81eccfce6a2879ba09591ea2935.dividers-on:not(.mode-masonry) article {\n  margin-top: 0;\n}\n.blog-carousel-shortcode.blog-carousel-shortcode-id-8335f81eccfce6a2879ba09591ea2935.dividers-on:not(.mode-masonry) article:first-of-type,\n.blog-carousel-shortcode.blog-carousel-shortcode-id-8335f81eccfce6a2879ba09591ea2935.dividers-on:not(.mode-masonry) article.visible.first:not(.product) {\n  margin-top: 0;\n  padding-top: 0;\n}\n.blog-carousel-shortcode.blog-carousel-shortcode-id-8335f81eccfce6a2879ba09591ea2935 .post-thumbnail-wrap {\n  padding: 0px 0px 0px 0px;\n}\n.blog-carousel-shortcode.blog-carousel-shortcode-id-8335f81eccfce6a2879ba09591ea2935.enable-bg-rollover .post-thumbnail-rollover:after {\n  background: -webkit-linear-gradient();\n  background: linear-gradient();\n}\n.blog-carousel-shortcode.blog-carousel-shortcode-id-8335f81eccfce6a2879ba09591ea2935 .gallery-zoom-ico {\n  width: 44px;\n  height: 44px;\n  line-height: 44px;\n  border-radius: 100px;\n  margin: -22px 0 0 -22px;\n  border-width: 0px;\n  color: #ffffff;\n  background: none;\n}\n.bottom-overlap-layout-list.blog-carousel-shortcode.blog-carousel-shortcode-id-8335f81eccfce6a2879ba09591ea2935 .gallery-zoom-ico {\n  margin-top: -72px;\n}\n.gradient-overlay-layout-list.blog-carousel-shortcode.blog-carousel-shortcode-id-8335f81eccfce6a2879ba09591ea2935 .gallery-zoom-ico,\n.content-rollover-layout-list.blog-carousel-shortcode.blog-carousel-shortcode-id-8335f81eccfce6a2879ba09591ea2935 .gallery-zoom-ico {\n  margin: 0 0 10px;\n}\n.content-align-center.gradient-overlay-layout-list.blog-carousel-shortcode.blog-carousel-shortcode-id-8335f81eccfce6a2879ba09591ea2935 .gallery-zoom-ico,\n.content-align-center.content-rollover-layout-list.blog-carousel-shortcode.blog-carousel-shortcode-id-8335f81eccfce6a2879ba09591ea2935 .gallery-zoom-ico {\n  margin: 0 auto 10px;\n}\n.dt-icon-bg-on.blog-carousel-shortcode.blog-carousel-shortcode-id-8335f81eccfce6a2879ba09591ea2935 .gallery-zoom-ico {\n  background: rgba(255,255,255,0.3);\n  box-shadow: none;\n}\n.blog-carousel-shortcode.blog-carousel-shortcode-id-8335f81eccfce6a2879ba09591ea2935 .gallery-zoom-ico > span,\n.blog-carousel-shortcode.blog-carousel-shortcode-id-8335f81eccfce6a2879ba09591ea2935 .gallery-zoom-ico:before {\n  font-size: 32px;\n  line-height: 44px;\n}\n.blog-carousel-shortcode.blog-carousel-shortcode-id-8335f81eccfce6a2879ba09591ea2935 .gallery-zoom-ico > span,\n.blog-carousel-shortcode.blog-carousel-shortcode-id-8335f81eccfce6a2879ba09591ea2935 .gallery-zoom-ico:before {\n  color: #ffffff;\n  background: none;\n}\n.blog-carousel-shortcode.blog-carousel-shortcode-id-8335f81eccfce6a2879ba09591ea2935 .entry-title,\n.blog-carousel-shortcode.blog-carousel-shortcode-id-8335f81eccfce6a2879ba09591ea2935.owl-carousel .entry-title {\n  margin-bottom: 5px;\n}\n.blog-carousel-shortcode.blog-carousel-shortcode-id-8335f81eccfce6a2879ba09591ea2935 .entry-meta {\n  margin-bottom: 15px;\n}\n.blog-carousel-shortcode.blog-carousel-shortcode-id-8335f81eccfce6a2879ba09591ea2935 .portfolio-categories {\n  margin-bottom: 15px;\n}\n.blog-carousel-shortcode.blog-carousel-shortcode-id-8335f81eccfce6a2879ba09591ea2935 .entry-excerpt {\n  margin-bottom: 5px;\n}\n.blog-carousel-shortcode.blog-carousel-shortcode-id-8335f81eccfce6a2879ba09591ea2935:not(.centered-layout-list) .post-entry-content {\n  padding: 15px 20px 20px 20px;\n}\n.blog-carousel-shortcode.blog-carousel-shortcode-id-8335f81eccfce6a2879ba09591ea2935:not(.centered-layout-list):not(.content-bg-on):not(.mode-list) .no-img .post-entry-content {\n  padding: 0;\n}\n@media screen and (max-width: ) {\n  .blog-carousel-shortcode.blog-carousel-shortcode-id-8335f81eccfce6a2879ba09591ea2935 article {\n    -ms-flex-flow: column nowrap;\n    flex-flow: column nowrap;\n    margin-top: 20px;\n  }\n  .blog-carousel-shortcode.blog-carousel-shortcode-id-8335f81eccfce6a2879ba09591ea2935.dividers-on article {\n    border: none;\n  }\n  .blog-carousel-shortcode.blog-carousel-shortcode-id-8335f81eccfce6a2879ba09591ea2935.content-bg-on.centered-layout-list article {\n    padding: 0;\n  }\n  .blog-carousel-shortcode.blog-carousel-shortcode-id-8335f81eccfce6a2879ba09591ea2935.blog-shortcode.dividers-on article,\n  .blog-carousel-shortcode.blog-carousel-shortcode-id-8335f81eccfce6a2879ba09591ea2935.dividers-on.classic-layout-list article {\n    margin-top: 20px;\n    padding: 0;\n  }\n  .blog-carousel-shortcode.blog-carousel-shortcode-id-8335f81eccfce6a2879ba09591ea2935.blog-shortcode.dividers-on article:first-of-type,\n  .blog-carousel-shortcode.blog-carousel-shortcode-id-8335f81eccfce6a2879ba09591ea2935.dividers-on.classic-layout-list article:first-of-type {\n    padding: 0;\n  }\n  #page .blog-carousel-shortcode.blog-carousel-shortcode-id-8335f81eccfce6a2879ba09591ea2935 .post-thumbnail-wrap,\n  #page .blog-carousel-shortcode.blog-carousel-shortcode-id-8335f81eccfce6a2879ba09591ea2935 .post-entry-content {\n    width: 100%;\n    margin: 0;\n    top: 0;\n  }\n  #page .blog-carousel-shortcode.blog-carousel-shortcode-id-8335f81eccfce6a2879ba09591ea2935 .post-thumbnail-wrap {\n    padding: 0;\n  }\n  #page .blog-carousel-shortcode.blog-carousel-shortcode-id-8335f81eccfce6a2879ba09591ea2935 .post-entry-content:after {\n    display: none;\n  }\n  #page .blog-carousel-shortcode.blog-carousel-shortcode-id-8335f81eccfce6a2879ba09591ea2935 .project-even .post-thumbnail-wrap,\n  #page .blog-carousel-shortcode.blog-carousel-shortcode-id-8335f81eccfce6a2879ba09591ea2935.centered-layout-list .post-thumbnail-wrap {\n    -ms-flex-order: 0;\n    order: 0;\n  }\n  #page .blog-carousel-shortcode.blog-carousel-shortcode-id-8335f81eccfce6a2879ba09591ea2935.centered-layout-list .post-entry-title-content {\n    -ms-flex-order: 1;\n    order: 1;\n    width: 100%;\n    padding: 20px 20px 0;\n  }\n  #page .blog-carousel-shortcode.blog-carousel-shortcode-id-8335f81eccfce6a2879ba09591ea2935.centered-layout-list .post-entry-content {\n    -ms-flex-order: 2;\n    order: 2;\n    padding-top: 0;\n  }\n  #page .blog-carousel-shortcode.blog-carousel-shortcode-id-8335f81eccfce6a2879ba09591ea2935 .fancy-categories {\n    top: 10px;\n    left: 10px;\n    bottom: auto;\n    right: auto;\n  }\n  #page .blog-carousel-shortcode.blog-carousel-shortcode-id-8335f81eccfce6a2879ba09591ea2935 .fancy-date a {\n    top: 10px;\n    right: 10px;\n    left: auto;\n    bottom: auto;\n  }\n  #page .blog-carousel-shortcode.blog-carousel-shortcode-id-8335f81eccfce6a2879ba09591ea2935 .post-entry-content {\n    padding: 20px;\n  }\n  #page .blog-carousel-shortcode.blog-carousel-shortcode-id-8335f81eccfce6a2879ba09591ea2935 .entry-title {\n    margin: 3px 0 5px;\n    font-size: 20px;\n    line-height: 26px;\n  }\n  #page .blog-carousel-shortcode.blog-carousel-shortcode-id-8335f81eccfce6a2879ba09591ea2935 .entry-meta {\n    margin: 5px 0 5px;\n  }\n  #page .blog-carousel-shortcode.blog-carousel-shortcode-id-8335f81eccfce6a2879ba09591ea2935 .entry-excerpt {\n    margin: 15px 0 0;\n  }\n  #page .blog-carousel-shortcode.blog-carousel-shortcode-id-8335f81eccfce6a2879ba09591ea2935 .post-details {\n    margin: 5px 0 10px;\n  }\n  #page .blog-carousel-shortcode.blog-carousel-shortcode-id-8335f81eccfce6a2879ba09591ea2935 .post-details.details-type-link {\n    margin-bottom: 2px;\n  }\n}\n.blog-carousel-shortcode.blog-carousel-shortcode-id-8335f81eccfce6a2879ba09591ea2935.owl-carousel .owl-nav div {\n  width: 36px;\n  height: 36px;\n  border-radius: 500px;\n}\n.dt-arrow-border-on.blog-carousel-shortcode.blog-carousel-shortcode-id-8335f81eccfce6a2879ba09591ea2935.owl-carousel .owl-nav div:not(:hover):before {\n  border-width: 0px;\n}\n.dt-arrow-hover-border-on.blog-carousel-shortcode.blog-carousel-shortcode-id-8335f81eccfce6a2879ba09591ea2935.owl-carousel .owl-nav div:hover:after {\n  border-width: 0px;\n}\n.blog-carousel-shortcode.blog-carousel-shortcode-id-8335f81eccfce6a2879ba09591ea2935.owl-carousel .owl-nav div.owl-prev {\n  top: 50%;\n  transform: translateY(calc(-50% + 0px));\n  left: -43px;\n}\n@media all and (-ms-high-contrast: none) {\n  .blog-carousel-shortcode.blog-carousel-shortcode-id-8335f81eccfce6a2879ba09591ea2935.owl-carousel .owl-nav div.owl-prev {\n    transform: translateY(-50%);\n    margin-top: 0px;\n  }\n}\n.blog-carousel-shortcode.blog-carousel-shortcode-id-8335f81eccfce6a2879ba09591ea2935.owl-carousel .owl-nav div.owl-prev i {\n  padding: 0px 0px 0px 0px;\n}\n.blog-carousel-shortcode.blog-carousel-shortcode-id-8335f81eccfce6a2879ba09591ea2935.owl-carousel .owl-nav div.owl-next {\n  top: 50%;\n  transform: translateY(calc(-50% + 0px));\n  right: -43px;\n}\n@media all and (-ms-high-contrast: none) {\n  .blog-carousel-shortcode.blog-carousel-shortcode-id-8335f81eccfce6a2879ba09591ea2935.owl-carousel .owl-nav div.owl-next {\n    transform: translateY(-50%);\n    margin-top: 0px;\n  }\n}\n.blog-carousel-shortcode.blog-carousel-shortcode-id-8335f81eccfce6a2879ba09591ea2935.owl-carousel .owl-nav div.owl-next i {\n  padding: 0px 0px 0px 0px;\n}\n.blog-carousel-shortcode.blog-carousel-shortcode-id-8335f81eccfce6a2879ba09591ea2935.owl-carousel .owl-nav i {\n  font-size: 18px;\n}\n.blog-carousel-shortcode.blog-carousel-shortcode-id-8335f81eccfce6a2879ba09591ea2935.owl-carousel .owl-nav div:not(:hover) i,\n.blog-carousel-shortcode.blog-carousel-shortcode-id-8335f81eccfce6a2879ba09591ea2935.owl-carousel .owl-nav div:not(:hover) i:before {\n  color: #ffffff;\n  background: none;\n}\n.blog-carousel-shortcode.blog-carousel-shortcode-id-8335f81eccfce6a2879ba09591ea2935.owl-carousel .owl-nav div:hover i,\n.blog-carousel-shortcode.blog-carousel-shortcode-id-8335f81eccfce6a2879ba09591ea2935.owl-carousel .owl-nav div:hover i:before {\n  color: rgba(255,255,255,0.75);\n  background: none;\n}\n.blog-carousel-shortcode.blog-carousel-shortcode-id-8335f81eccfce6a2879ba09591ea2935 .owl-dots {\n  top: calc(100% + 20px);\n  left: 50%;\n  transform: translateX(calc(-50% + 0px));\n}\n@media all and (-ms-high-contrast: none) {\n  .blog-carousel-shortcode.blog-carousel-shortcode-id-8335f81eccfce6a2879ba09591ea2935 .owl-dots {\n    transform: translateX(-50%);\n    margin-left: 0px;\n  }\n}\n.blog-carousel-shortcode.blog-carousel-shortcode-id-8335f81eccfce6a2879ba09591ea2935 .owl-dot {\n  width: 10px;\n  height: 10px;\n  margin: 0 8px;\n}\n@media screen and (max-width: 778px) {\n  .blog-carousel-shortcode.blog-carousel-shortcode-id-8335f81eccfce6a2879ba09591ea2935.hide-arrows .owl-nav a {\n    display: none;\n  }\n}\n@media screen and (max-width: 778px) {\n  .blog-carousel-shortcode.blog-carousel-shortcode-id-8335f81eccfce6a2879ba09591ea2935.reposition-arrows .owl-nav .owl-prev {\n    top: 50%;\n    transform: translateY(calc(-50% + 0px));\n    left: 10px;\n  }\n  .blog-carousel-shortcode.blog-carousel-shortcode-id-8335f81eccfce6a2879ba09591ea2935.reposition-arrows .owl-nav .owl-next {\n    top: 50%;\n    transform: translateY(calc(-50% + 0px));\n    right: 10px;\n  }\n}\n@media screen and (max-width: 778px) and all and (-ms-high-contrast: none) {\n  .blog-carousel-shortcode.blog-carousel-shortcode-id-8335f81eccfce6a2879ba09591ea2935.reposition-arrows .owl-nav .owl-prev {\n    transform: translateY(-50%);\n    margin-top: 0px;\n  }\n}\n@media screen and (max-width: 778px) and all and (-ms-high-contrast: none) {\n  .blog-carousel-shortcode.blog-carousel-shortcode-id-8335f81eccfce6a2879ba09591ea2935.reposition-arrows .owl-nav .owl-next {\n    transform: translateY(-50%);\n    margin-top: 0px;\n  }\n}<\/style><div class=\"owl-carousel blog-carousel-shortcode dt-owl-carousel-call blog-carousel-shortcode-id-8335f81eccfce6a2879ba09591ea2935 classic-layout-list scale-img dt-icon-bg-off dt-arrow-border-on dt-arrow-hover-border-on meta-info-off bullets-small-dot-stroke reposition-arrows arrows-bg-on disable-arrows-hover-bg arrows-hover-bg-on\" data-scroll-mode=\"1\" data-col-num=\"3\" data-wide-col-num=\"4\" data-laptop-col=\"3\" data-h-tablet-columns-num=\"3\" data-v-tablet-columns-num=\"2\" data-phone-columns-num=\"1\" data-auto-height=\"true\" data-col-gap=\"30\" data-stage-padding=\"0\" data-speed=\"600\" data-autoplay=\"false\" data-autoplay_speed=\"6000\" data-arrows=\"true\" data-bullet=\"false\" data-next-icon=\"icon-ar-017-r\" data-prev-icon=\"icon-ar-017-l\"><article class=\"post post-3043 type-post status-publish format-standard has-post-thumbnail hentry category-atm category-dores-de-cabeca category-fisioterapia category-osteopata-david-brandao category-osteopatia-craniana tag-fisioterapia tag-osteopatia tag-pilates-clinico category-41 category-52 category-6 category-33 category-42 description-off\" data-name=\"Disfun\u00e7\u00e3o Temporomandibular (ATM): h\u00e1bitos saud\u00e1veis que complementam o tratamento em Fisioterapia\" data-date=\"2024-02-12T15:14:30+00:00\">\n\n<div class=\"post-thumbnail-wrap\">\n\t<div class=\"post-thumbnail\">\n\t\t\n\t\t\n\t\t<a href=\"https:\/\/integrativa.pt\/en\/disfuncao-temporomandibular-habitos-saudaveis-que-complementam-o-tratamento-em-fisioterapia\/\" class=\"post-thumbnail-rollover layzr-bg\" ><img fetchpriority=\"high\" decoding=\"async\" class=\"preload-me owl-lazy-load aspect\" src=\"data:image\/svg+xml,%3Csvg%20xmlns%3D&#39;http%3A%2F%2Fwww.w3.org%2F2000%2Fsvg&#39;%20viewBox%3D&#39;0%200%20768%20512&#39;%2F%3E\" data-src=\"https:\/\/integrativa.pt\/wp-content\/uploads\/2025\/10\/ATM-Integrativa-Fisioterapia-Osteopatia-3-768x512.webp\" data-srcset=\"https:\/\/integrativa.pt\/wp-content\/uploads\/2025\/10\/ATM-Integrativa-Fisioterapia-Osteopatia-3-768x512.webp 768w, https:\/\/integrativa.pt\/wp-content\/uploads\/2025\/10\/ATM-Integrativa-Fisioterapia-Osteopatia-3-1152x768.webp 1152w\" loading=\"eager\" style=\"--ratio: 768 \/ 512\" sizes=\"(max-width: 768px) 100vw, 768px\" alt=\"\" title=\"Integrative ATM Physiotherapy Osteopathy\" width=\"768\" height=\"512\"  \/><\/a>\t<\/div>\n<\/div>\n\n\n<div class=\"post-entry-content\">\n\n\t<h3 class=\"entry-title\">\n\t\t<a href=\"https:\/\/integrativa.pt\/en\/disfuncao-temporomandibular-habitos-saudaveis-que-complementam-o-tratamento-em-fisioterapia\/\" title=\"Temporomandibular dysfunction (TMJ): healthy habits that complement physiotherapy treatment\" rel=\"bookmark\">Temporomandibular dysfunction (TMJ): healthy habits that complement physiotherapy treatment<\/a>\n\t<\/h3>\n\n\t\n\t\n\t\n<a href=\"https:\/\/integrativa.pt\/en\/disfuncao-temporomandibular-habitos-saudaveis-que-complementam-o-tratamento-em-fisioterapia\/\" class=\"post-details details-type-link\" aria-label=\"Read more about Temporomandibular dysfunction (TMJ): healthy habits that complement physiotherapy treatment\">Read more...<i class=\"dt-icon-the7-arrow-03\" aria-hidden=\"true\"><\/i><\/a>\n\n<\/div><\/article><article class=\"post post-277 type-post status-publish format-standard has-post-thumbnail hentry category-fisioterapia tag-fisioterapeuta tag-fisioterapia category-6 description-off\" data-name=\"Quando procurar um Fisioterapeuta? Avalia\u00e7\u00e3o, preven\u00e7\u00e3o e movimento\" data-date=\"2020-09-21T19:02:37+00:00\">\n\n<div class=\"post-thumbnail-wrap\">\n\t<div class=\"post-thumbnail\">\n\t\t\n\t\t\n\t\t<a href=\"https:\/\/integrativa.pt\/en\/quando-procurar-um-fisioterapeuta-avaliacao-prevencao-e-movimento\/\" class=\"post-thumbnail-rollover layzr-bg\" ><img decoding=\"async\" class=\"preload-me owl-lazy-load aspect\" src=\"data:image\/svg+xml,%3Csvg%20xmlns%3D&#39;http%3A%2F%2Fwww.w3.org%2F2000%2Fsvg&#39;%20viewBox%3D&#39;0%200%20768%20512&#39;%2F%3E\" data-src=\"https:\/\/integrativa.pt\/wp-content\/uploads\/2025\/10\/Fisioterapia-Lisboa-2-768x512.webp\" data-srcset=\"https:\/\/integrativa.pt\/wp-content\/uploads\/2025\/10\/Fisioterapia-Lisboa-2-768x512.webp 768w, https:\/\/integrativa.pt\/wp-content\/uploads\/2025\/10\/Fisioterapia-Lisboa-2-1152x768.webp 1152w\" loading=\"eager\" style=\"--ratio: 768 \/ 512\" sizes=\"(max-width: 768px) 100vw, 768px\" alt=\"\" title=\"Physiotherapy Lisbon\" width=\"768\" height=\"512\"  \/><\/a>\t<\/div>\n<\/div>\n\n\n<div class=\"post-entry-content\">\n\n\t<h3 class=\"entry-title\">\n\t\t<a href=\"https:\/\/integrativa.pt\/en\/quando-procurar-um-fisioterapeuta-avaliacao-prevencao-e-movimento\/\" title=\"When to see a physiotherapist? Assessment, prevention and movement\" rel=\"bookmark\">When to see a physiotherapist? Assessment, prevention and movement<\/a>\n\t<\/h3>\n\n\t\n\t\n\t\n<a href=\"https:\/\/integrativa.pt\/en\/quando-procurar-um-fisioterapeuta-avaliacao-prevencao-e-movimento\/\" class=\"post-details details-type-link\" aria-label=\"Read more about Quando procurar um Fisioterapeuta? Avalia\u00e7\u00e3o, preven\u00e7\u00e3o e movimento\">Read more...<i class=\"dt-icon-the7-arrow-03\" aria-hidden=\"true\"><\/i><\/a>\n\n<\/div><\/article><article class=\"post post-3673 type-post status-publish format-standard has-post-thumbnail hentry category-fisioterapia category-fisioterapia-em-paralisia-facial tag-fisioterapia tag-osteopatia tag-pilates-clinico category-6 category-39 description-off\" data-name=\"Paralisia de Bell (Paralisia Facial Perif\u00e9rica): o contributo da fisioterapia especializada\" data-date=\"2025-01-15T11:13:49+00:00\">\n\n<div class=\"post-thumbnail-wrap\">\n\t<div class=\"post-thumbnail\">\n\t\t\n\t\t\n\t\t<a href=\"https:\/\/integrativa.pt\/en\/paralisia-de-bell-paralisia-facial-periferica-o-contributo-da-fisioterapia-especializada\/\" class=\"post-thumbnail-rollover layzr-bg\" ><img decoding=\"async\" class=\"preload-me owl-lazy-load aspect\" src=\"data:image\/svg+xml,%3Csvg%20xmlns%3D&#39;http%3A%2F%2Fwww.w3.org%2F2000%2Fsvg&#39;%20viewBox%3D&#39;0%200%20768%20512&#39;%2F%3E\" data-src=\"https:\/\/integrativa.pt\/wp-content\/uploads\/2026\/02\/Fisioterapia-Paralisia-Facial-Belem-Lisboa-768x512.avif\" data-srcset=\"https:\/\/integrativa.pt\/wp-content\/uploads\/2026\/02\/Fisioterapia-Paralisia-Facial-Belem-Lisboa-768x512.avif 768w, https:\/\/integrativa.pt\/wp-content\/uploads\/2026\/02\/Fisioterapia-Paralisia-Facial-Belem-Lisboa-1152x768.avif 1152w\" loading=\"eager\" style=\"--ratio: 768 \/ 512\" sizes=\"(max-width: 768px) 100vw, 768px\" alt=\"\" title=\"Physiotherapy Facial Palsy Belem Lisbon\" width=\"768\" height=\"512\"  \/><\/a>\t<\/div>\n<\/div>\n\n\n<div class=\"post-entry-content\">\n\n\t<h3 class=\"entry-title\">\n\t\t<a href=\"https:\/\/integrativa.pt\/en\/paralisia-de-bell-paralisia-facial-periferica-o-contributo-da-fisioterapia-especializada\/\" title=\"Bell&#039;s Palsy (Peripheral Facial Palsy): the contribution of specialised physiotherapy\" rel=\"bookmark\">Bell's Palsy (Peripheral Facial Palsy): the contribution of specialised physiotherapy<\/a>\n\t<\/h3>\n\n\t\n\t\n\t\n<a href=\"https:\/\/integrativa.pt\/en\/paralisia-de-bell-paralisia-facial-periferica-o-contributo-da-fisioterapia-especializada\/\" class=\"post-details details-type-link\" aria-label=\"Read more about Bell&#039;s Palsy (Peripheral Facial Paralysis): the contribution of specialised physiotherapy\">Read more...<i class=\"dt-icon-the7-arrow-03\" aria-hidden=\"true\"><\/i><\/a>\n\n<\/div><\/article><article class=\"post post-3688 type-post status-publish format-standard has-post-thumbnail hentry category-fisioterapia category-fisioterapia-em-paralisia-facial tag-fisioterapia tag-osteopatia tag-pilates-clinico category-6 category-39 description-off\" data-name=\"O meu filho tem uma paralisia facial: e agora? Os conselhos da fisioterapia\" data-date=\"2025-01-22T21:19:14+00:00\">\n\n<div class=\"post-thumbnail-wrap\">\n\t<div class=\"post-thumbnail\">\n\t\t\n\t\t\n\t\t<a href=\"https:\/\/integrativa.pt\/en\/o-meu-filho-tem-uma-paralisia-facial-e-agora-os-conselhos-da-fisioterapia\/\" class=\"post-thumbnail-rollover layzr-bg\" ><img decoding=\"async\" class=\"preload-me owl-lazy-load aspect\" src=\"data:image\/svg+xml,%3Csvg%20xmlns%3D&#39;http%3A%2F%2Fwww.w3.org%2F2000%2Fsvg&#39;%20viewBox%3D&#39;0%200%20768%20512&#39;%2F%3E\" data-src=\"https:\/\/integrativa.pt\/wp-content\/uploads\/2025\/01\/Paralisia-facial-em-criancas-Fisioterapia-768x512.avif\" data-srcset=\"https:\/\/integrativa.pt\/wp-content\/uploads\/2025\/01\/Paralisia-facial-em-criancas-Fisioterapia-768x512.avif 768w, https:\/\/integrativa.pt\/wp-content\/uploads\/2025\/01\/Paralisia-facial-em-criancas-Fisioterapia-1152x768.avif 1152w\" loading=\"eager\" style=\"--ratio: 768 \/ 512\" sizes=\"(max-width: 768px) 100vw, 768px\" alt=\"\" title=\"Facial paralysis in children Physiotherapy\" width=\"768\" height=\"512\"  \/><\/a>\t<\/div>\n<\/div>\n\n\n<div class=\"post-entry-content\">\n\n\t<h3 class=\"entry-title\">\n\t\t<a href=\"https:\/\/integrativa.pt\/en\/o-meu-filho-tem-uma-paralisia-facial-e-agora-os-conselhos-da-fisioterapia\/\" title=\"My child has facial paralysis: what now? Physiotherapy advice\" rel=\"bookmark\">My child has facial paralysis: what now? Physiotherapy advice<\/a>\n\t<\/h3>\n\n\t\n\t\n\t\n<a href=\"https:\/\/integrativa.pt\/en\/o-meu-filho-tem-uma-paralisia-facial-e-agora-os-conselhos-da-fisioterapia\/\" class=\"post-details details-type-link\" aria-label=\"Read more about My son has facial paralysis: what now? Physiotherapy advice\">Read more...<i class=\"dt-icon-the7-arrow-03\" aria-hidden=\"true\"><\/i><\/a>\n\n<\/div><\/article><article class=\"post post-2443 type-post status-publish format-standard has-post-thumbnail hentry category-fisioterapia category-fisioterapia-em-paralisia-facial tag-fisioterapia tag-osteopatia tag-pilates-clinico category-6 category-39 description-off\" data-name=\"Paralisia facial e autocuidado: estrat\u00e9gias integrativas para apoiar o equil\u00edbrio f\u00edsico e emocional\" data-date=\"2023-07-25T10:54:26+00:00\">\n\n<div class=\"post-thumbnail-wrap\">\n\t<div class=\"post-thumbnail\">\n\t\t\n\t\t\n\t\t<a href=\"https:\/\/integrativa.pt\/en\/paralisia-facial-e-autocuidado-estrategias-integrativas-para-apoiar-o-equilibrio-fisico-e-emocional\/\" class=\"post-thumbnail-rollover layzr-bg\" ><img decoding=\"async\" class=\"preload-me owl-lazy-load aspect\" src=\"data:image\/svg+xml,%3Csvg%20xmlns%3D&#39;http%3A%2F%2Fwww.w3.org%2F2000%2Fsvg&#39;%20viewBox%3D&#39;0%200%20768%20512&#39;%2F%3E\" data-src=\"https:\/\/integrativa.pt\/wp-content\/uploads\/2026\/02\/Fisioterapia-Paralisia-Facial-Belem-Lisboa-1-768x512.avif\" data-srcset=\"https:\/\/integrativa.pt\/wp-content\/uploads\/2026\/02\/Fisioterapia-Paralisia-Facial-Belem-Lisboa-1-768x512.avif 768w, https:\/\/integrativa.pt\/wp-content\/uploads\/2026\/02\/Fisioterapia-Paralisia-Facial-Belem-Lisboa-1-1152x768.avif 1152w\" loading=\"eager\" style=\"--ratio: 768 \/ 512\" sizes=\"(max-width: 768px) 100vw, 768px\" alt=\"\" title=\"Physiotherapy Facial Palsy Belem Lisbon\" width=\"768\" height=\"512\"  \/><\/a>\t<\/div>\n<\/div>\n\n\n<div class=\"post-entry-content\">\n\n\t<h3 class=\"entry-title\">\n\t\t<a href=\"https:\/\/integrativa.pt\/en\/paralisia-facial-e-autocuidado-estrategias-integrativas-para-apoiar-o-equilibrio-fisico-e-emocional\/\" title=\"Facial paralysis and self-care: integrative strategies to support physical and emotional balance\" rel=\"bookmark\">Facial paralysis and self-care: integrative strategies to support physical and emotional balance<\/a>\n\t<\/h3>\n\n\t\n\t\n\t\n<a href=\"https:\/\/integrativa.pt\/en\/paralisia-facial-e-autocuidado-estrategias-integrativas-para-apoiar-o-equilibrio-fisico-e-emocional\/\" class=\"post-details details-type-link\" aria-label=\"Read more about Facial Paralysis and Self-Care: Integrative Strategies to Support Physical and Emotional Balance\">Read more...<i class=\"dt-icon-the7-arrow-03\" aria-hidden=\"true\"><\/i><\/a>\n\n<\/div><\/article><article class=\"post post-2483 type-post status-publish format-standard has-post-thumbnail hentry category-4-pilares-da-saude category-coaching category-fisioterapia category-nutricao category-osteopata-david-brandao category-osteopatia-integrativa category-osteopatia-integrativa-osteopatia category-psicologia tag-fisioterapia tag-osteopatia tag-pilates-clinico category-35 category-10 category-6 category-14 category-33 category-32 category-34 category-18 description-off\" data-name=\"9 Passos para uma Vida mais Saud\u00e1vel\" data-date=\"2023-09-02T13:23:20+00:00\">\n\n<div class=\"post-thumbnail-wrap\">\n\t<div class=\"post-thumbnail\">\n\t\t\n\t\t\n\t\t<a href=\"https:\/\/integrativa.pt\/en\/9-passos-para-uma-vida-mais-saudavel\/\" class=\"post-thumbnail-rollover layzr-bg\" ><img decoding=\"async\" class=\"preload-me owl-lazy-load aspect\" src=\"data:image\/svg+xml,%3Csvg%20xmlns%3D&#39;http%3A%2F%2Fwww.w3.org%2F2000%2Fsvg&#39;%20viewBox%3D&#39;0%200%20768%20512&#39;%2F%3E\" data-src=\"https:\/\/integrativa.pt\/wp-content\/uploads\/2023\/09\/Integrativa-Lisboa-Psiconeuroimunologia-768x512.webp\" data-srcset=\"https:\/\/integrativa.pt\/wp-content\/uploads\/2023\/09\/Integrativa-Lisboa-Psiconeuroimunologia-768x512.webp 768w, https:\/\/integrativa.pt\/wp-content\/uploads\/2023\/09\/Integrativa-Lisboa-Psiconeuroimunologia-1152x768.webp 1152w\" loading=\"eager\" style=\"--ratio: 768 \/ 512\" sizes=\"(max-width: 768px) 100vw, 768px\" alt=\"\" title=\"Integrative Lisbon Psychoneuroimmunology\" width=\"768\" height=\"512\"  \/><\/a>\t<\/div>\n<\/div>\n\n\n<div class=\"post-entry-content\">\n\n\t<h3 class=\"entry-title\">\n\t\t<a href=\"https:\/\/integrativa.pt\/en\/9-passos-para-uma-vida-mais-saudavel\/\" title=\"9 Steps to a Healthier Life\" rel=\"bookmark\">9 Steps to a Healthier Life<\/a>\n\t<\/h3>\n\n\t\n\t\n\t\n<a href=\"https:\/\/integrativa.pt\/en\/9-passos-para-uma-vida-mais-saudavel\/\" class=\"post-details details-type-link\" aria-label=\"Read more about 9 Steps to a Healthier Life\">Read more...<i class=\"dt-icon-the7-arrow-03\" aria-hidden=\"true\"><\/i><\/a>\n\n<\/div><\/article><\/div><\/div><\/div><\/div><\/div><div class=\"vc_row-full-width vc_clearfix\"><\/div><!-- Row Backgrounds --><div class=\"upb_color\" data-bg-override=\"0\" data-bg-color=\"\" data-fadeout=\"\" data-fadeout-percentage=\"30\" data-parallax-content=\"\" data-parallax-content-sense=\"30\" data-row-effect-mobile-disable=\"true\" data-img-parallax-mobile-disable=\"true\" data-rtl=\"false\"  data-custom-vc-row=\"\"  data-vc=\"8.7.2\"  data-is_old_vc=\"\"  data-theme-support=\"\"   data-overlay=\"false\" data-overlay-color=\"\" data-overlay-pattern=\"\" data-overlay-pattern-opacity=\"\" data-overlay-pattern-size=\"\"    ><\/div>\n<\/div>","protected":false},"excerpt":{"rendered":"<p>Fisioterapia M\u00fasculo-esquel\u00e9tica Redescubra o movimento, alivie a dor e recupere o bem-estar A Fisioterapia M\u00fasculo-esquel\u00e9tica na Integrativa dedica-se \u00e0 avalia\u00e7\u00e3o, tratamento e reabilita\u00e7\u00e3o de disfun\u00e7\u00f5es do sistema neuromuscular e articular, incluindo m\u00fasculos, ligamentos, articula\u00e7\u00f5es e tend\u00f5es.O nosso objetivo \u00e9 simples: aliviar a dor, restaurar o movimento e recuperar a fun\u00e7\u00e3o corporal, para que possa regressar&hellip;<\/p>","protected":false},"author":1,"featured_media":0,"parent":575,"menu_order":1,"comment_status":"closed","ping_status":"closed","template":"","meta":{"inline_featured_image":false,"footnotes":""},"class_list":["post-2570","page","type-page","status-publish","hentry","description-off"],"_links":{"self":[{"href":"https:\/\/integrativa.pt\/en\/wp-json\/wp\/v2\/pages\/2570","targetHints":{"allow":["GET"]}}],"collection":[{"href":"https:\/\/integrativa.pt\/en\/wp-json\/wp\/v2\/pages"}],"about":[{"href":"https:\/\/integrativa.pt\/en\/wp-json\/wp\/v2\/types\/page"}],"author":[{"embeddable":true,"href":"https:\/\/integrativa.pt\/en\/wp-json\/wp\/v2\/users\/1"}],"replies":[{"embeddable":true,"href":"https:\/\/integrativa.pt\/en\/wp-json\/wp\/v2\/comments?post=2570"}],"version-history":[{"count":0,"href":"https:\/\/integrativa.pt\/en\/wp-json\/wp\/v2\/pages\/2570\/revisions"}],"up":[{"embeddable":true,"href":"https:\/\/integrativa.pt\/en\/wp-json\/wp\/v2\/pages\/575"}],"wp:attachment":[{"href":"https:\/\/integrativa.pt\/en\/wp-json\/wp\/v2\/media?parent=2570"}],"curies":[{"name":"wp","href":"https:\/\/api.w.org\/{rel}","templated":true}]}}